{"id":959,"date":"2017-01-19T13:25:17","date_gmt":"2017-01-19T12:25:17","guid":{"rendered":"http:\/\/salutmental.info\/?page_id=959\/"},"modified":"2024-03-14T10:39:48","modified_gmt":"2024-03-14T09:39:48","slug":"el-trastorn-bipolar","status":"publish","type":"page","link":"https:\/\/salutmental.info\/es\/trastorns-mentals\/el-trastorn-bipolar\/","title":{"rendered":"Trastorno bipolar"},"content":{"rendered":"<p>[et_pb_section fb_built=\u00bb1&#8243; fullwidth=\u00bbon\u00bb custom_padding_last_edited=\u00bbon|desktop\u00bb admin_label=\u00bbSecci\u00f3 men\u00fa CASTELL\u00c0\u00bb _builder_version=\u00bb4.24.2&#8243; background_color=\u00bb#d7282e\u00bb custom_padding_tablet=\u00bb50px|0|50px|0&#8243; custom_padding_phone=\u00bb\u00bb transparent_background=\u00bboff\u00bb padding_mobile=\u00bboff\u00bb global_colors_info=\u00bb{}\u00bb theme_builder_area=\u00bbpost_content\u00bb][et_pb_fullwidth_menu menu_id=\u00bb11&#8243; submenu_direction=\u00bbdownwards\u00bb fullwidth_menu=\u00bboff\u00bb logo=\u00bbhttps:\/\/salutmental.info\/wp-content\/uploads\/2024\/02\/logo_aj_negatiu-200.png\u00bb admin_label=\u00bbMen\u00fa CASTELL\u00c0\u00bb _builder_version=\u00bb4.24.2&#8243; background_color=\u00bb#d7282e\u00bb text_orientation=\u00bbright\u00bb background_layout=\u00bbdark\u00bb global_colors_info=\u00bb{}\u00bb theme_builder_area=\u00bbpost_content\u00bb]&nbsp;<br \/>\n[\/et_pb_fullwidth_menu][\/et_pb_section][et_pb_section fb_built=\u00bb1&#8243; custom_padding_last_edited=\u00bbon|desktop\u00bb admin_label=\u00bbsection\u00bb _builder_version=\u00bb4.16&#8243; background_color=\u00bb#0c71c3&#8243; custom_padding_tablet=\u00bb50px|0|50px|0&#8243; transparent_background=\u00bboff\u00bb padding_mobile=\u00bboff\u00bb make_fullwidth=\u00bboff\u00bb use_custom_width=\u00bboff\u00bb width_unit=\u00bbon\u00bb global_colors_info=\u00bb{}\u00bb custom_padding_phone=\u00bb50px|0|50px|0&#8243;][et_pb_row admin_label=\u00bbFila\u00bb _builder_version=\u00bb4.16&#8243; background_size=\u00bbinitial\u00bb background_position=\u00bbtop_left\u00bb background_repeat=\u00bbrepeat\u00bb global_colors_info=\u00bb{}\u00bb][et_pb_column type=\u00bb4_4&#8243; _builder_version=\u00bb4.16&#8243; custom_padding=\u00bb|||\u00bb global_colors_info=\u00bb{}\u00bb custom_padding__hover=\u00bb|||\u00bb][et_pb_post_title meta=\u00bboff\u00bb featured_image=\u00bboff\u00bb text_color=\u00bblight\u00bb admin_label=\u00bbT\u00edtulo de publicaci\u00f3n\u00bb _builder_version=\u00bb4.16&#8243; title_all_caps=\u00bboff\u00bb background_color=\u00bbrgba(255,255,255,0)\u00bb parallax=\u00bbon\u00bb parallax_method=\u00bboff\u00bb parallax_effect=\u00bbon\u00bb module_bg_color=\u00bbrgba(255,255,255,0)\u00bb use_border_color=\u00bboff\u00bb border_color=\u00bb#ffffff\u00bb border_style=\u00bbsolid\u00bb global_colors_info=\u00bb{}\u00bb] [\/et_pb_post_title][\/et_pb_column][\/et_pb_row][et_pb_row admin_label=\u00bbrow\u00bb _builder_version=\u00bb4.16&#8243; background_size=\u00bbinitial\u00bb background_position=\u00bbtop_left\u00bb background_repeat=\u00bbrepeat\u00bb global_colors_info=\u00bb{}\u00bb column_structure=\u00bb1_2,1_2&#8243;][et_pb_column type=\u00bb1_2&#8243; _builder_version=\u00bb4.16&#8243; custom_padding=\u00bb|||\u00bb global_colors_info=\u00bb{}\u00bb custom_padding__hover=\u00bb|||\u00bb][et_pb_accordion admin_label=\u00bbAcorde\u00f3n\u00bb _builder_version=\u00bb4.16&#8243; use_border_color=\u00bboff\u00bb border_color=\u00bb#ffffff\u00bb border_style=\u00bbsolid\u00bb global_colors_info=\u00bb{}\u00bb][et_pb_accordion_item title=\u00bbQU\u00c9 ES\u00bb _builder_version=\u00bb4.16&#8243; global_colors_info=\u00bb{}\u00bb open=\u00bbon\u00bb]Se llama trastorno bipolar las alteraciones graves y extremas del estado de \u00e1nimo y del humor. La persona pasa de la euforia a un des\u00e1nimo extremo o al rev\u00e9s. Durante un tiempo se siente muy euf\u00f3rica y en otros momentos entra bruscamente en un des\u00e1nimo profundo.<\/p>\n<p>Estos cambios de humor pueden afectar el pensamiento, los sentimientos, la salud f\u00edsica, el equilibrio emocional, la conducta y el funcionamiento del d\u00eda a d\u00eda. Tambi\u00e9n pueden verse afectadas las relaciones, tanto con la familia como con amigas y amigos.<\/p>\n<p>Todo el mundo tenemos subidas y bajadas de \u00e1nimo y es normal que pase (m\u00e1s a\u00fan cuando hay cambios hormonales como en la adolescencia y durante el ciclo menstrual). En el trastorno bipolar estos cambios son mucho m\u00e1s intensos y extremos.<br \/>\n[\/et_pb_accordion_item][et_pb_accordion_item title=\u00bbC\u00d3MO ME PUEDO SENTIR\u00bb _builder_version=\u00bb4.16&#8243; global_colors_info=\u00bb{}\u00bb open=\u00bboff\u00bb]Sentimos que no podemos controlar el estado de \u00e1nimo. Ni es pereza ni es falta de responsabilidad; es una incapacidad.<\/p>\n<h2>Durante la fase man\u00edaca<\/h2>\n<ul>\n<li><strong>Hiperenerg\u00eda<\/strong>: se tiene la sensaci\u00f3n de poder hacer cualquier cosa, con una excitaci\u00f3n y una euforia desmesurada. Se pierde el control social (inhibici\u00f3n) normal y esto puede llevar a la persona a actuar de manera muy extravagante o pasada de vueltas (gastar mucho dinero, hacer bromas que est\u00e1n fuera de lugar &#8230;).<\/li>\n<li><strong>Cambios en los h\u00e1bitos<\/strong> normales: se reduce la necesidad de dormir o descansar, se saltan comidas o se est\u00e1 todo el d\u00eda comiendo, se descuida la higiene personal &#8230;<\/li>\n<li><strong>Pensamiento y habla m\u00e1s r\u00e1pida<\/strong>: la cabeza va a mil por hora y las ideas desbordan. Esto hace que se hable muy r\u00e1pido y se cambie constantemente de tema sin darse cuenta.<\/li>\n<li><strong>Falta de conciencia de las propias capacidades y l\u00edmites<\/strong>: no se corresponde la percepci\u00f3n que tiene la persona con la realidad. Cuesta ver las consecuencias de lo que se hace y se dice.<\/li>\n<li><strong>Irritabilidad<\/strong>: la persona puede enfadarse y molestarse con las otras personas, sobre todo cuando se rechazan sus ideas.<\/li>\n<li><strong>Planes o creencias irreales<\/strong>: se piensa que se tiene unas capacidades especiales cuando no es as\u00ed realmente, como sobrevalorarse o un optimismo excesivo.<\/li>\n<\/ul>\n<h2>Durante la fase depresiva<\/h2>\n<ul>\n<li><strong>Hiperdes\u00e1nimo<\/strong>: se tiene una sensaci\u00f3n de una gran desesperanza y oscuridad. Se piensa que nada saldr\u00e1 bien.<\/li>\n<li><strong>Pasividad<\/strong>: se tiene una sensaci\u00f3n de cansancio y fatiga que conlleva \u00fanicamente tener ganas de pasarse horas y horas en la cama o en el sof\u00e1.<\/li>\n<li><strong>Desmotivaci\u00f3n<\/strong>: se pierde el inter\u00e9s. Aquellas actividades o cosas que antes motivaban ahora ya no se ven como estimulantes o divertidas.<\/li>\n<\/ul>\n<p>[\/et_pb_accordion_item][\/et_pb_accordion][\/et_pb_column][et_pb_column type=\u00bb1_2&#8243; _builder_version=\u00bb4.16&#8243; custom_padding=\u00bb|||\u00bb global_colors_info=\u00bb{}\u00bb custom_padding__hover=\u00bb|||\u00bb][et_pb_accordion admin_label=\u00bbAcorde\u00f3n\u00bb _builder_version=\u00bb4.16&#8243; use_border_color=\u00bboff\u00bb border_color=\u00bb#ffffff\u00bb border_style=\u00bbsolid\u00bb global_colors_info=\u00bb{}\u00bb][et_pb_accordion_item title=\u00bbC\u00d3MO SE PRESENTA\u00bb _builder_version=\u00bb4.16&#8243; global_colors_info=\u00bb{}\u00bb open=\u00bbon\u00bb]<span id=\"result_box\" class=\"\" lang=\"es\" tabindex=\"-1\">El trastorno provoca estados que se van repitiendo y alternando. El estado de \u00e1nimo oscila entre dos extremos:<\/span><\/p>\n<ul>\n<li><span id=\"result_box\" class=\"\" lang=\"es\" tabindex=\"-1\"><strong>Estado man\u00edaco<\/strong> (subida): exaltaci\u00f3n del \u00e1nimo que va acompa\u00f1ado de un aumento exagerado de la vitalidad y de la actividad. Suele durar entre dos semanas y cuatro meses.<\/span><\/li>\n<li><span id=\"result_box\" class=\"\" lang=\"es\" tabindex=\"-1\"><strong>Estado depresivo<\/strong> (bajada): es una ca\u00edda del estado de \u00e1nimo, que conlleva una p\u00e9rdida o descenso pronunciado de la energ\u00eda vital y de la actividad. Puede durar m\u00e1s que el estado man\u00edaco.<\/span><\/li>\n<\/ul>\n<p><span id=\"result_box\" class=\"\" lang=\"es\" tabindex=\"-1\">Cuando la persona est\u00e1 en la etapa euf\u00f3rica<span class=\"\">, se siente<\/span> capaz de hacer todo lo que se le pasa por la cabeza (como si pudiera con todo). Pero de repente cae en una depresi\u00f3n; se siente cada vez m\u00e1s <span class=\"\">desanimada<\/span>, siendo que se hunde, y le entra una sensaci\u00f3n de desesperanza intensa.<\/span><br \/>\n[\/et_pb_accordion_item][et_pb_accordion_item title=\u00bbQU\u00c9 PUEDO HACER\u00bb _builder_version=\u00bb4.16&#8243; global_colors_info=\u00bb{}\u00bb open=\u00bboff\u00bb]Cuando una persona tiene tres s\u00edntomas o m\u00e1s de los descritos en C\u00d3MO ME PUEDO SENTIR, tiene que recibir el asesoramiento de una o un profesional en salud mental.<\/p>\n<p>Aunque la persona que tiene un trastorno bipolar no sea capaz de comprender o explicar lo que le est\u00e1 pasando, estos cambios de humor s\u00ed son visibles y claros para las personas de su alrededor. Estas pueden apoyarle y orientarle para que busque una atenci\u00f3n especializada.<br \/>\n[\/et_pb_accordion_item][\/et_pb_accordion][\/et_pb_column][\/et_pb_row][et_pb_row admin_label=\u00bbFila\u00bb _builder_version=\u00bb4.16&#8243; background_size=\u00bbinitial\u00bb background_position=\u00bbtop_left\u00bb background_repeat=\u00bbrepeat\u00bb global_colors_info=\u00bb{}\u00bb column_structure=\u00bb1_2,1_2&#8243;][et_pb_column type=\u00bb1_2&#8243; _builder_version=\u00bb4.16&#8243; custom_padding=\u00bb|||\u00bb global_colors_info=\u00bb{}\u00bb custom_padding__hover=\u00bb|||\u00bb][\/et_pb_column][et_pb_column type=\u00bb1_2&#8243; _builder_version=\u00bb4.16&#8243; custom_padding=\u00bb|||\u00bb global_colors_info=\u00bb{}\u00bb custom_padding__hover=\u00bb|||\u00bb][et_pb_text admin_label=\u00bbTexto\u00bb _builder_version=\u00bb4.16&#8243; background_size=\u00bbinitial\u00bb background_position=\u00bbtop_left\u00bb background_repeat=\u00bbrepeat\u00bb text_orientation=\u00bbleft\u00bb background_layout=\u00bbdark\u00bb use_border_color=\u00bboff\u00bb border_color=\u00bb#ffffff\u00bb border_style=\u00bbsolid\u00bb global_colors_info=\u00bb{}\u00bb]<\/p>\n<p style=\"text-align: right;\">Informaci\u00f3 extreta del web http:\/\/espaijove.net amb la seva autoritzaci\u00f3.<\/p>\n<p>[\/et_pb_text][\/et_pb_column][\/et_pb_row][\/et_pb_section][et_pb_section fb_built=\u00bb1&#8243; admin_label=\u00bbSecci\u00f3 PIE P\u00c1GINA castellano\u00bb _builder_version=\u00bb4.24.2&#8243; _module_preset=\u00bbdefault\u00bb background_color=\u00bb#000000&#8243; global_colors_info=\u00bb{}\u00bb theme_builder_area=\u00bbpost_content\u00bb][et_pb_row column_structure=\u00bb1_3,1_3,1_3&#8243; _builder_version=\u00bb4.24.2&#8243; _module_preset=\u00bbdefault\u00bb global_colors_info=\u00bb{}\u00bb theme_builder_area=\u00bbpost_content\u00bb][et_pb_column type=\u00bb1_3&#8243; _builder_version=\u00bb4.24.2&#8243; _module_preset=\u00bbdefault\u00bb global_colors_info=\u00bb{}\u00bb theme_builder_area=\u00bbpost_content\u00bb][et_pb_text _builder_version=\u00bb4.24.2&#8243; _module_preset=\u00bbdefault\u00bb global_colors_info=\u00bb{}\u00bb theme_builder_area=\u00bbpost_content\u00bb]<\/p>\n<div class=\"et_pb_module et_pb_text et_pb_text_8  et_pb_text_align_justified et_pb_bg_layout_light\">\n<div class=\"et_pb_text_inner\">\n<h3 style=\"color: #ffffff;\">Acceso r\u00e1pido<\/h3>\n<p><a style=\"color: #ffffff;\" href=\"https:\/\/salutmental.info\/el-web-i-nosaltres\/contactar\/\">Contacto<\/a><br \/>\n<a style=\"color: #ffffff;\" href=\"https:\/\/www.gramenet.cat\/seu-electronica\/informacio-sobre-la-seu\/avis-legal\/\" target=\"_blank\" rel=\"noopener\" data-insuit-uuid=\"353acac9-b95d-41db-890e-0fe22e36e2f4\">Aviso legal<\/a><br \/>\n<a style=\"color: #ffffff;\" title=\"Protecci\u00f3 de dades\" href=\"https:\/\/www.gramenet.cat\/seu-electronica\/proteccio-de-dades\/\" target=\"_blank\" rel=\"noopener\" data-insuit-uuid=\"f42a28cb-669d-4f92-abed-89a78fb31d26\">Pol\u00edtica de protecci\u00f3n de datos<\/a><br \/>\n<a style=\"color: #ffffff;\" href=\"https:\/\/www.gramenet.cat\/seu-electronica\/accessibilitat\/\" data-insuit-uuid=\"d825170a-0959-415e-bc12-d7ce6a9bb8a2\">Accesibilidad<\/a><\/p>\n<\/div>\n<\/div>\n<div class=\"et_pb_module et_pb_text et_pb_text_9  et_pb_text_align_justified et_pb_bg_layout_light\">\n<div class=\"et_pb_text_inner\"><a style=\"color: #ffffff;\" href=\"https:\/\/salutmental.info\/\">Catal\u00e0<\/a>\u00a0<a tyle=\"color: red\"  href=\"https:\/\/salutmental.info\/es\/\">Castellano<\/a><\/div>\n<\/div>\n<p>[\/et_pb_text][\/et_pb_column][et_pb_column type=\u00bb1_3&#8243; _builder_version=\u00bb4.24.2&#8243; _module_preset=\u00bbdefault\u00bb global_colors_info=\u00bb{}\u00bb theme_builder_area=\u00bbpost_content\u00bb][et_pb_text admin_label=\u00bbTexto e-Redes sociales\u00bb _builder_version=\u00bb4.24.2&#8243; _module_preset=\u00bbdefault\u00bb global_colors_info=\u00bb{}\u00bb theme_builder_area=\u00bbpost_content\u00bb]<\/p>\n<h3 style=\"color: #ffffff;\">e-Redes sociales<\/h3>\n<p><a style=\"color: #ffffff;\" title=\"@scgramenet\" href=\"http:\/\/twitter.com\/scgramenet\" target=\"_blank\" rel=\"noopener\" data-insuit-uuid=\"b3e0d28b-dc44-4f86-8346-4e0365352a49\">Twitter\u00ae<\/a><br \/>\n<a style=\"color: #ffffff;\" title=\"Pasi\u00f3n por Santako\" href=\"https:\/\/www.facebook.com\/PasionPorSantako\/\" target=\"_blank\" rel=\"noopener\" data-insuit-uuid=\"d7d32cfb-104d-49e1-ae1d-661bf056d52f\">Facebook\u00ae<\/a><br \/>\n<a style=\"color: #ffffff;\" href=\"http:\/\/www.slideshare.net\/scgramenet\" target=\"_blank\" rel=\"noopener\" data-insuit-uuid=\"bddc3bcb-dbbc-4022-91ad-8426d5697366\">SlideShare\u00ae<\/a><br \/>\n<a style=\"color: #ffffff;\" href=\"https:\/\/www.youtube.com\/channel\/UC07JH7VJ6nw9OBnxScovrCA\" target=\"_blank\" rel=\"noopener\" data-insuit-uuid=\"77d03fce-5840-489b-9fcd-25a0abf9b0f8\">YouTube\u00ae<\/a><br \/>\n<a style=\"color: #ffffff;\" href=\"https:\/\/www.instagram.com\/pla_salut_gramenet\/\" target=\"_blank\" rel=\"noopener\" data-insuit-uuid=\"f82bba6b-dc9a-4033-9fe9-9c44fe0c6a34\">Instagram\u00ae<\/a><\/p>\n<p>[\/et_pb_text][\/et_pb_column][et_pb_column type=\u00bb1_3&#8243; _builder_version=\u00bb4.24.2&#8243; _module_preset=\u00bbdefault\u00bb global_colors_info=\u00bb{}\u00bb theme_builder_area=\u00bbpost_content\u00bb][et_pb_text admin_label=\u00bbTexto adre\u00e7a Ajuntament\u00bb _builder_version=\u00bb4.24.2&#8243; _module_preset=\u00bbdefault\u00bb global_colors_info=\u00bb{}\u00bb theme_builder_area=\u00bbpost_content\u00bb]<\/p>\n<p style=\"color: #ffffff; text-align: right;\">Ajuntament de Santa Coloma de Gramenet<br \/>Pla\u00e7a de la Vila, 1 &#8211; 08921 Santa Coloma de Gramenet &#8211; Barcelona<br \/>Tel.: 93 462 40 00<br \/>NIF: P0824500C<\/p>\n<p>[\/et_pb_text][\/et_pb_column][\/et_pb_row][\/et_pb_section]<\/p>\n","protected":false},"excerpt":{"rendered":"<p>&nbsp; Se llama trastorno bipolar las alteraciones graves y extremas del estado de \u00e1nimo y del humor. La persona pasa de la euforia a un des\u00e1nimo extremo o al rev\u00e9s. Durante un tiempo se siente muy euf\u00f3rica y en otros momentos entra bruscamente en un des\u00e1nimo profundo. Estos cambios de humor pueden afectar el pensamiento, [&hellip;]<\/p>\n","protected":false},"author":1,"featured_media":0,"parent":920,"menu_order":0,"comment_status":"closed","ping_status":"closed","template":"page-template-blank.php","meta":{"_et_pb_use_builder":"on","_et_pb_old_content":"","_et_gb_content_width":"","footnotes":""},"class_list":["post-959","page","type-page","status-publish","hentry"],"_links":{"self":[{"href":"https:\/\/salutmental.info\/es\/wp-json\/wp\/v2\/pages\/959","targetHints":{"allow":["GET"]}}],"collection":[{"href":"https:\/\/salutmental.info\/es\/wp-json\/wp\/v2\/pages"}],"about":[{"href":"https:\/\/salutmental.info\/es\/wp-json\/wp\/v2\/types\/page"}],"author":[{"embeddable":true,"href":"https:\/\/salutmental.info\/es\/wp-json\/wp\/v2\/users\/1"}],"replies":[{"embeddable":true,"href":"https:\/\/salutmental.info\/es\/wp-json\/wp\/v2\/comments?post=959"}],"version-history":[{"count":4,"href":"https:\/\/salutmental.info\/es\/wp-json\/wp\/v2\/pages\/959\/revisions"}],"predecessor-version":[{"id":6734,"href":"https:\/\/salutmental.info\/es\/wp-json\/wp\/v2\/pages\/959\/revisions\/6734"}],"up":[{"embeddable":true,"href":"https:\/\/salutmental.info\/es\/wp-json\/wp\/v2\/pages\/920"}],"wp:attachment":[{"href":"https:\/\/salutmental.info\/es\/wp-json\/wp\/v2\/media?parent=959"}],"curies":[{"name":"wp","href":"https:\/\/api.w.org\/{rel}","templated":true}]}}