{"id":957,"date":"2017-01-19T15:00:40","date_gmt":"2017-01-19T14:00:40","guid":{"rendered":"http:\/\/salutmental.info\/?page_id=957\/"},"modified":"2024-03-14T10:21:23","modified_gmt":"2024-03-14T09:21:23","slug":"les-psicosis","status":"publish","type":"page","link":"https:\/\/salutmental.info\/es\/trastorns-mentals\/les-psicosis\/","title":{"rendered":"La psicosis"},"content":{"rendered":"<p>[et_pb_section fb_built=\u00bb1&#8243; fullwidth=\u00bbon\u00bb custom_padding_last_edited=\u00bbon|desktop\u00bb admin_label=\u00bbSecci\u00f3 men\u00fa CASTELL\u00c0\u00bb _builder_version=\u00bb4.24.2&#8243; background_color=\u00bb#d7282e\u00bb custom_padding_tablet=\u00bb50px|0|50px|0&#8243; custom_padding_phone=\u00bb\u00bb transparent_background=\u00bboff\u00bb padding_mobile=\u00bboff\u00bb global_colors_info=\u00bb{}\u00bb theme_builder_area=\u00bbpost_content\u00bb][et_pb_fullwidth_menu menu_id=\u00bb11&#8243; submenu_direction=\u00bbdownwards\u00bb fullwidth_menu=\u00bboff\u00bb logo=\u00bbhttps:\/\/salutmental.info\/wp-content\/uploads\/2024\/02\/logo_aj_negatiu-200.png\u00bb admin_label=\u00bbMen\u00fa CASTELL\u00c0\u00bb _builder_version=\u00bb4.24.2&#8243; background_color=\u00bb#d7282e\u00bb text_orientation=\u00bbright\u00bb background_layout=\u00bbdark\u00bb global_colors_info=\u00bb{}\u00bb theme_builder_area=\u00bbpost_content\u00bb]&nbsp;<br \/>\n[\/et_pb_fullwidth_menu][\/et_pb_section][et_pb_section fb_built=\u00bb1&#8243; custom_padding_last_edited=\u00bbon|desktop\u00bb admin_label=\u00bbsection\u00bb _builder_version=\u00bb4.16&#8243; background_color=\u00bb#0c71c3&#8243; custom_padding_tablet=\u00bb50px|0|50px|0&#8243; transparent_background=\u00bboff\u00bb padding_mobile=\u00bboff\u00bb make_fullwidth=\u00bboff\u00bb use_custom_width=\u00bboff\u00bb width_unit=\u00bbon\u00bb global_colors_info=\u00bb{}\u00bb custom_padding_phone=\u00bb50px|0|50px|0&#8243;][et_pb_row admin_label=\u00bbFila\u00bb _builder_version=\u00bb4.16&#8243; background_size=\u00bbinitial\u00bb background_position=\u00bbtop_left\u00bb background_repeat=\u00bbrepeat\u00bb global_colors_info=\u00bb{}\u00bb][et_pb_column type=\u00bb4_4&#8243; _builder_version=\u00bb4.16&#8243; custom_padding=\u00bb|||\u00bb global_colors_info=\u00bb{}\u00bb custom_padding__hover=\u00bb|||\u00bb][et_pb_post_title meta=\u00bboff\u00bb featured_image=\u00bboff\u00bb text_color=\u00bblight\u00bb admin_label=\u00bbT\u00edtulo de publicaci\u00f3n\u00bb _builder_version=\u00bb4.16&#8243; title_all_caps=\u00bboff\u00bb background_color=\u00bbrgba(255,255,255,0)\u00bb parallax=\u00bbon\u00bb parallax_method=\u00bboff\u00bb parallax_effect=\u00bbon\u00bb module_bg_color=\u00bbrgba(255,255,255,0)\u00bb use_border_color=\u00bboff\u00bb border_color=\u00bb#ffffff\u00bb border_style=\u00bbsolid\u00bb global_colors_info=\u00bb{}\u00bb] [\/et_pb_post_title][\/et_pb_column][\/et_pb_row][et_pb_row admin_label=\u00bbrow\u00bb _builder_version=\u00bb4.16&#8243; background_size=\u00bbinitial\u00bb background_position=\u00bbtop_left\u00bb background_repeat=\u00bbrepeat\u00bb global_colors_info=\u00bb{}\u00bb column_structure=\u00bb1_2,1_2&#8243;][et_pb_column type=\u00bb1_2&#8243; _builder_version=\u00bb4.16&#8243; custom_padding=\u00bb|||\u00bb global_colors_info=\u00bb{}\u00bb custom_padding__hover=\u00bb|||\u00bb][et_pb_accordion admin_label=\u00bbAcorde\u00f3n\u00bb _builder_version=\u00bb4.16&#8243; use_border_color=\u00bboff\u00bb border_color=\u00bb#ffffff\u00bb border_style=\u00bbsolid\u00bb global_colors_info=\u00bb{}\u00bb][et_pb_accordion_item title=\u00bbQU\u00c9 ES\u00bb _builder_version=\u00bb4.16&#8243; global_colors_info=\u00bb{}\u00bb open=\u00bbon\u00bb]<span id=\"result_box\" class=\"\" lang=\"es\" tabindex=\"-1\">La palabra psicosis se utiliza generalmente para describir un conjunto de s\u00edntomas o alteraciones mentales y emocionales, que afectan a la percepci\u00f3n, la conducta y el contacto con la realidad.<\/span><\/p>\n<p>La psicosis afecta de manera severa la vida del que la padece y puede alterar, en mayor o menor grado, diversas \u00e1reas tales como: las relaciones sociales, el trabajo, los estudios o el cuidado personal (higiene, h\u00e1bitos alimenticios, descanso .. .).<br \/>\n[\/et_pb_accordion_item][et_pb_accordion_item title=\u00bbC\u00d3MO ME PUEDO SENTIR\u00bb _builder_version=\u00bb4.16&#8243; global_colors_info=\u00bb{}\u00bb open=\u00bboff\u00bb]Se experimentan sensaciones que ni son conocidas ni habituales, de extra\u00f1eza, confusi\u00f3n, desorientaci\u00f3n, nerviosismo, angustia o irritaci\u00f3n. Y se tiene la sensaci\u00f3n de no ser la misma persona que antes.<\/p>\n<p>Se tienen alucinaciones; se pueden escuchar, ver, oler, percibir un sabor o tocar cosas que las otras personas no ven ni oyen.<\/p>\n<p>Tenemos la sensaci\u00f3n de no poder pensar con claridad; cuesta concentrarse para estudiar o trabajar, y cuesta escuchar o hablar con otros.<\/p>\n<p>A veces nos podemos sentir muy euf\u00f3ricos y vernos capaces de hacer cosas muy importantes, casi heroicas y que s\u00f3lo algunas personas pueden hacer. Se tiene la creencia de tener capacidades o poderes especiales que las dem\u00e1s personas no tienen. Estas ideas que no se basan en la realidad, son los delirios.<\/p>\n<p>Podemos sentir un grado elevado de apat\u00eda (no tener ganas de hacer nada) y abandonar el cuidado personal (higiene, h\u00e1bitos alimenticios, sue\u00f1o, etc.), que no es pereza porque no tiene que ver con la fuerza de voluntad. O, justamente en el otro extremo, sentir euforia y hacer una actividad desenfrenada.<\/p>\n<p>Quiz\u00e1s tenemos un bloqueo emocional, y perdemos la capacidad de experimentar emociones apropiadas a una situaci\u00f3n. Esto nos provoca cambios de humor bruscos, sentirnos exageradamente excitados\/as o caer en un des\u00e1nimo extremo.<\/p>\n<p>En ocasiones nos aislamos de otras personas. Es como si perdi\u00e9ramos la capacidad de relacionarnos o tuvi\u00e9ramos miedo a hacerlo.<br \/>\n[\/et_pb_accordion_item][et_pb_accordion_item title=\u00bbUNA PERSONA CON UNA PSICOSIS&#8230;??\u00bb _builder_version=\u00bb4.16&#8243; global_colors_info=\u00bb{}\u00bb open=\u00bboff\u00bb]<\/p>\n<h2>\u00bfEs por las drogas?<\/h2>\n<p style=\"padding-left: 30px;\">Algunas psicosis agudas (intensas) est\u00e1n inducidas por el consumo de drogas. Los s\u00edntomas suelen aparecer r\u00e1pidamente y pueden durar desde horas hasta d\u00edas. En este estado es com\u00fan sufrir alucinaciones visuales, desorientaci\u00f3n y problemas de memoria.<br \/>\nEn personas que presentan vulnerabilidad para padecer una enfermedad psic\u00f3tica, suconsumo puede desencadenarla. Entre las drogas que la pueden provocar se encuentran el cannabis, la coca\u00edna, el MDMA (\u00e9xtasis) o las anfetaminas.<\/p>\n<h2>\u00bfLa psicosis se puede hacer persistente?<\/h2>\n<p style=\"padding-left: 30px;\">Aunque hay episodios puntuales, los trastornos psic\u00f3ticos pueden hacerse persistentes y presentarse en forma de esquizofrenia o de trastorno bipolar.<\/p>\n<p>[\/et_pb_accordion_item][\/et_pb_accordion][\/et_pb_column][et_pb_column type=\u00bb1_2&#8243; _builder_version=\u00bb4.16&#8243; custom_padding=\u00bb|||\u00bb global_colors_info=\u00bb{}\u00bb custom_padding__hover=\u00bb|||\u00bb][et_pb_accordion admin_label=\u00bbAcorde\u00f3n\u00bb _builder_version=\u00bb4.16&#8243; use_border_color=\u00bboff\u00bb border_color=\u00bb#ffffff\u00bb border_style=\u00bbsolid\u00bb global_colors_info=\u00bb{}\u00bb][et_pb_accordion_item title=\u00bbC\u00d3MO SE PRESENTA\u00bb _builder_version=\u00bb4.16&#8243; global_colors_info=\u00bb{}\u00bb open=\u00bbon\u00bb]Los trastornos psic\u00f3ticos suelen presentar en estadios:<\/p>\n<h2>1r estadio<\/h2>\n<p style=\"padding-left: 30px;\">Los primeros s\u00edntomas aparecen de forma sutil y ambigua. Puede haber alteraciones en: la rutina diaria, el descanso (no se puede dormir o se duerme de forma radical, arbitraria e incoherente), en las relaciones sociales, en la capacidad de concentraci\u00f3n que disminuye, y otras sensaciones extra\u00f1as y dif\u00edciles de explicar.<\/p>\n<h2>2\u00ba estadio<\/h2>\n<p style=\"padding-left: 30px;\">Aparece el episodio agudo (intenso) del trastorno. Se observan s\u00edntomas claros de alteraci\u00f3n en la percepci\u00f3n de la realidad, en forma de: alucinaciones, delirios, desorientaci\u00f3n o alteraciones de los afectos.<\/p>\n<h2>3\u00ba estadio<\/h2>\n<p style=\"padding-left: 30px;\">Aunque el que el grado de recuperaci\u00f3n var\u00eda seg\u00fan la persona, con un tratamiento adecuado la persona se puede recuperar de un primer episodio.<\/p>\n<p>[\/et_pb_accordion_item][et_pb_accordion_item title=\u00bbQU\u00c9 PUEDO HACER\u00bb _builder_version=\u00bb4.16&#8243; global_colors_info=\u00bb{}\u00bb open=\u00bboff\u00bb]<span id=\"result_box\" class=\"\" lang=\"es\" tabindex=\"-1\">Cuando el trastorno psic\u00f3tico aparece en la adolescencia, puede parecer que sus s\u00edntomas no son por la enfermedad sino por la etapa en la que se est\u00e1 (como si lo provocara esa edad). Por ello, en algunos casos, no se act\u00faa ante las primeras se\u00f1ales y pasan desapercibidas durante un a\u00f1o o m\u00e1s, antes de hacer un tratamiento.<\/span><\/p>\n<p><span class=\"\">Las personas que tienen<\/span> un trastorno psic\u00f3tico no siempre son capaces de entender qu\u00e9 est\u00e1 pasando o, a pesar de saberlo, prefieren no hablar del tema. Muchas tienen miedo a que se les cuelgue <span class=\"\">la etiqueta de \u00ab<\/span>loca\u00bb o \u00abloco\u00bb y la mayor\u00eda no buscan ayuda.<\/p>\n<p>Por ello es necesario que la familia, amigos o <span class=\"\">amigas,<\/span> o profesionales, puedan detectar los s\u00edntomas de la enfermedad y tratar de buscar la mejor ayuda y tratamiento.<br \/>\n[\/et_pb_accordion_item][\/et_pb_accordion][\/et_pb_column][\/et_pb_row][et_pb_row admin_label=\u00bbFila\u00bb _builder_version=\u00bb4.16&#8243; background_size=\u00bbinitial\u00bb background_position=\u00bbtop_left\u00bb background_repeat=\u00bbrepeat\u00bb global_colors_info=\u00bb{}\u00bb column_structure=\u00bb1_2,1_2&#8243;][et_pb_column type=\u00bb1_2&#8243; _builder_version=\u00bb4.16&#8243; custom_padding=\u00bb|||\u00bb global_colors_info=\u00bb{}\u00bb custom_padding__hover=\u00bb|||\u00bb][\/et_pb_column][et_pb_column type=\u00bb1_2&#8243; _builder_version=\u00bb4.16&#8243; custom_padding=\u00bb|||\u00bb global_colors_info=\u00bb{}\u00bb custom_padding__hover=\u00bb|||\u00bb][et_pb_text admin_label=\u00bbTexto\u00bb _builder_version=\u00bb4.16&#8243; background_size=\u00bbinitial\u00bb background_position=\u00bbtop_left\u00bb background_repeat=\u00bbrepeat\u00bb text_orientation=\u00bbleft\u00bb background_layout=\u00bbdark\u00bb use_border_color=\u00bboff\u00bb border_color=\u00bb#ffffff\u00bb border_style=\u00bbsolid\u00bb global_colors_info=\u00bb{}\u00bb]<\/p>\n<p style=\"text-align: right;\">Informaci\u00f3 extreta del web http:\/\/espaijove.net amb la seva autoritzaci\u00f3.<\/p>\n<p>[\/et_pb_text][\/et_pb_column][\/et_pb_row][\/et_pb_section][et_pb_section fb_built=\u00bb1&#8243; admin_label=\u00bbSecci\u00f3 PIE P\u00c1GINA castellano\u00bb _builder_version=\u00bb4.24.2&#8243; _module_preset=\u00bbdefault\u00bb background_color=\u00bb#000000&#8243; global_colors_info=\u00bb{}\u00bb theme_builder_area=\u00bbpost_content\u00bb][et_pb_row column_structure=\u00bb1_3,1_3,1_3&#8243; _builder_version=\u00bb4.24.2&#8243; _module_preset=\u00bbdefault\u00bb global_colors_info=\u00bb{}\u00bb theme_builder_area=\u00bbpost_content\u00bb][et_pb_column type=\u00bb1_3&#8243; _builder_version=\u00bb4.24.2&#8243; _module_preset=\u00bbdefault\u00bb global_colors_info=\u00bb{}\u00bb theme_builder_area=\u00bbpost_content\u00bb][et_pb_text _builder_version=\u00bb4.24.2&#8243; _module_preset=\u00bbdefault\u00bb global_colors_info=\u00bb{}\u00bb theme_builder_area=\u00bbpost_content\u00bb]<\/p>\n<div class=\"et_pb_module et_pb_text et_pb_text_8  et_pb_text_align_justified et_pb_bg_layout_light\">\n<div class=\"et_pb_text_inner\">\n<h3 style=\"color: #ffffff;\">Acceso r\u00e1pido<\/h3>\n<p><a style=\"color: #ffffff;\" href=\"https:\/\/salutmental.info\/el-web-i-nosaltres\/contactar\/\">Contacto<\/a><br \/>\n<a style=\"color: #ffffff;\" href=\"https:\/\/www.gramenet.cat\/seu-electronica\/informacio-sobre-la-seu\/avis-legal\/\" target=\"_blank\" rel=\"noopener\" data-insuit-uuid=\"353acac9-b95d-41db-890e-0fe22e36e2f4\">Aviso legal<\/a><br \/>\n<a style=\"color: #ffffff;\" title=\"Protecci\u00f3 de dades\" href=\"https:\/\/www.gramenet.cat\/seu-electronica\/proteccio-de-dades\/\" target=\"_blank\" rel=\"noopener\" data-insuit-uuid=\"f42a28cb-669d-4f92-abed-89a78fb31d26\">Pol\u00edtica de protecci\u00f3n de datos<\/a><br \/>\n<a style=\"color: #ffffff;\" href=\"https:\/\/www.gramenet.cat\/seu-electronica\/accessibilitat\/\" data-insuit-uuid=\"d825170a-0959-415e-bc12-d7ce6a9bb8a2\">Accesibilidad<\/a><\/p>\n<\/div>\n<\/div>\n<div class=\"et_pb_module et_pb_text et_pb_text_9  et_pb_text_align_justified et_pb_bg_layout_light\">\n<div class=\"et_pb_text_inner\"><a style=\"color: #ffffff;\" href=\"https:\/\/salutmental.info\/\">Catal\u00e0<\/a>\u00a0<a tyle=\"color: red\"  href=\"https:\/\/salutmental.info\/es\/\">Castellano<\/a><\/div>\n<\/div>\n<p>[\/et_pb_text][\/et_pb_column][et_pb_column type=\u00bb1_3&#8243; _builder_version=\u00bb4.24.2&#8243; _module_preset=\u00bbdefault\u00bb global_colors_info=\u00bb{}\u00bb theme_builder_area=\u00bbpost_content\u00bb][et_pb_text admin_label=\u00bbTexto e-Redes sociales\u00bb _builder_version=\u00bb4.24.2&#8243; _module_preset=\u00bbdefault\u00bb global_colors_info=\u00bb{}\u00bb theme_builder_area=\u00bbpost_content\u00bb]<\/p>\n<h3 style=\"color: #ffffff;\">e-Redes sociales<\/h3>\n<p><a style=\"color: #ffffff;\" title=\"@scgramenet\" href=\"http:\/\/twitter.com\/scgramenet\" target=\"_blank\" rel=\"noopener\" data-insuit-uuid=\"b3e0d28b-dc44-4f86-8346-4e0365352a49\">Twitter\u00ae<\/a><br \/>\n<a style=\"color: #ffffff;\" title=\"Pasi\u00f3n por Santako\" href=\"https:\/\/www.facebook.com\/PasionPorSantako\/\" target=\"_blank\" rel=\"noopener\" data-insuit-uuid=\"d7d32cfb-104d-49e1-ae1d-661bf056d52f\">Facebook\u00ae<\/a><br \/>\n<a style=\"color: #ffffff;\" href=\"http:\/\/www.slideshare.net\/scgramenet\" target=\"_blank\" rel=\"noopener\" data-insuit-uuid=\"bddc3bcb-dbbc-4022-91ad-8426d5697366\">SlideShare\u00ae<\/a><br \/>\n<a style=\"color: #ffffff;\" href=\"https:\/\/www.youtube.com\/channel\/UC07JH7VJ6nw9OBnxScovrCA\" target=\"_blank\" rel=\"noopener\" data-insuit-uuid=\"77d03fce-5840-489b-9fcd-25a0abf9b0f8\">YouTube\u00ae<\/a><br \/>\n<a style=\"color: #ffffff;\" href=\"https:\/\/www.instagram.com\/pla_salut_gramenet\/\" target=\"_blank\" rel=\"noopener\" data-insuit-uuid=\"f82bba6b-dc9a-4033-9fe9-9c44fe0c6a34\">Instagram\u00ae<\/a><\/p>\n<p>[\/et_pb_text][\/et_pb_column][et_pb_column type=\u00bb1_3&#8243; _builder_version=\u00bb4.24.2&#8243; _module_preset=\u00bbdefault\u00bb global_colors_info=\u00bb{}\u00bb theme_builder_area=\u00bbpost_content\u00bb][et_pb_text admin_label=\u00bbTexto adre\u00e7a Ajuntament\u00bb _builder_version=\u00bb4.24.2&#8243; _module_preset=\u00bbdefault\u00bb global_colors_info=\u00bb{}\u00bb theme_builder_area=\u00bbpost_content\u00bb]<\/p>\n<p style=\"color: #ffffff; text-align: right;\">Ajuntament de Santa Coloma de Gramenet<br \/>Pla\u00e7a de la Vila, 1 &#8211; 08921 Santa Coloma de Gramenet &#8211; Barcelona<br \/>Tel.: 93 462 40 00<br \/>NIF: P0824500C<\/p>\n<p>[\/et_pb_text][\/et_pb_column][\/et_pb_row][\/et_pb_section]<\/p>\n","protected":false},"excerpt":{"rendered":"<p>&nbsp; La palabra psicosis se utiliza generalmente para describir un conjunto de s\u00edntomas o alteraciones mentales y emocionales, que afectan a la percepci\u00f3n, la conducta y el contacto con la realidad. La psicosis afecta de manera severa la vida del que la padece y puede alterar, en mayor o menor grado, diversas \u00e1reas tales como: [&hellip;]<\/p>\n","protected":false},"author":1,"featured_media":0,"parent":920,"menu_order":0,"comment_status":"closed","ping_status":"closed","template":"page-template-blank.php","meta":{"_et_pb_use_builder":"on","_et_pb_old_content":"","_et_gb_content_width":"","footnotes":""},"class_list":["post-957","page","type-page","status-publish","hentry"],"_links":{"self":[{"href":"https:\/\/salutmental.info\/es\/wp-json\/wp\/v2\/pages\/957","targetHints":{"allow":["GET"]}}],"collection":[{"href":"https:\/\/salutmental.info\/es\/wp-json\/wp\/v2\/pages"}],"about":[{"href":"https:\/\/salutmental.info\/es\/wp-json\/wp\/v2\/types\/page"}],"author":[{"embeddable":true,"href":"https:\/\/salutmental.info\/es\/wp-json\/wp\/v2\/users\/1"}],"replies":[{"embeddable":true,"href":"https:\/\/salutmental.info\/es\/wp-json\/wp\/v2\/comments?post=957"}],"version-history":[{"count":6,"href":"https:\/\/salutmental.info\/es\/wp-json\/wp\/v2\/pages\/957\/revisions"}],"predecessor-version":[{"id":6695,"href":"https:\/\/salutmental.info\/es\/wp-json\/wp\/v2\/pages\/957\/revisions\/6695"}],"up":[{"embeddable":true,"href":"https:\/\/salutmental.info\/es\/wp-json\/wp\/v2\/pages\/920"}],"wp:attachment":[{"href":"https:\/\/salutmental.info\/es\/wp-json\/wp\/v2\/media?parent=957"}],"curies":[{"name":"wp","href":"https:\/\/api.w.org\/{rel}","templated":true}]}}