{"id":938,"date":"2017-01-18T09:15:47","date_gmt":"2017-01-18T08:15:47","guid":{"rendered":"http:\/\/salutmental.info\/?page_id=938\/"},"modified":"2024-03-14T10:21:37","modified_gmt":"2024-03-14T09:21:37","slug":"els-trastorns-de-la-conducta-alimentaria","status":"publish","type":"page","link":"https:\/\/salutmental.info\/es\/trastorns-mentals\/els-trastorns-de-la-conducta-alimentaria\/","title":{"rendered":"Los trastornos de la conducta alimentaria"},"content":{"rendered":"<p>[et_pb_section fb_built=\u00bb1&#8243; fullwidth=\u00bbon\u00bb custom_padding_last_edited=\u00bbon|desktop\u00bb admin_label=\u00bbSecci\u00f3 men\u00fa CASTELL\u00c0\u00bb _builder_version=\u00bb4.24.2&#8243; background_color=\u00bb#d7282e\u00bb custom_padding_tablet=\u00bb50px|0|50px|0&#8243; custom_padding_phone=\u00bb\u00bb transparent_background=\u00bboff\u00bb padding_mobile=\u00bboff\u00bb global_colors_info=\u00bb{}\u00bb theme_builder_area=\u00bbpost_content\u00bb][et_pb_fullwidth_menu menu_id=\u00bb11&#8243; submenu_direction=\u00bbdownwards\u00bb fullwidth_menu=\u00bboff\u00bb logo=\u00bbhttps:\/\/salutmental.info\/wp-content\/uploads\/2024\/02\/logo_aj_negatiu-200.png\u00bb admin_label=\u00bbMen\u00fa CASTELL\u00c0\u00bb _builder_version=\u00bb4.24.2&#8243; background_color=\u00bb#d7282e\u00bb text_orientation=\u00bbright\u00bb background_layout=\u00bbdark\u00bb global_colors_info=\u00bb{}\u00bb theme_builder_area=\u00bbpost_content\u00bb]&nbsp;<br \/>\n[\/et_pb_fullwidth_menu][\/et_pb_section][et_pb_section fb_built=\u00bb1&#8243; custom_padding_last_edited=\u00bbon|desktop\u00bb admin_label=\u00bbsection\u00bb _builder_version=\u00bb4.16&#8243; background_color=\u00bb#0c71c3&#8243; custom_padding_tablet=\u00bb50px|0|50px|0&#8243; custom_padding_phone=\u00bb\u00bb transparent_background=\u00bboff\u00bb padding_mobile=\u00bboff\u00bb make_fullwidth=\u00bboff\u00bb use_custom_width=\u00bboff\u00bb width_unit=\u00bbon\u00bb global_colors_info=\u00bb{}\u00bb][et_pb_row admin_label=\u00bbFila\u00bb _builder_version=\u00bb4.16&#8243; background_size=\u00bbinitial\u00bb background_position=\u00bbtop_left\u00bb background_repeat=\u00bbrepeat\u00bb global_colors_info=\u00bb{}\u00bb][et_pb_column type=\u00bb4_4&#8243; _builder_version=\u00bb4.16&#8243; custom_padding=\u00bb|||\u00bb global_colors_info=\u00bb{}\u00bb custom_padding__hover=\u00bb|||\u00bb][et_pb_post_title meta=\u00bboff\u00bb featured_image=\u00bboff\u00bb text_color=\u00bblight\u00bb admin_label=\u00bbT\u00edtulo de publicaci\u00f3n\u00bb _builder_version=\u00bb4.16&#8243; title_all_caps=\u00bboff\u00bb background_color=\u00bbrgba(255,255,255,0)\u00bb parallax=\u00bbon\u00bb parallax_effect=\u00bbon\u00bb module_bg_color=\u00bbrgba(255,255,255,0)\u00bb use_border_color=\u00bboff\u00bb border_color=\u00bb#ffffff\u00bb border_style=\u00bbsolid\u00bb global_colors_info=\u00bb{}\u00bb][\/et_pb_post_title][\/et_pb_column][\/et_pb_row][et_pb_row admin_label=\u00bbrow\u00bb _builder_version=\u00bb4.16&#8243; background_size=\u00bbinitial\u00bb background_position=\u00bbtop_left\u00bb background_repeat=\u00bbrepeat\u00bb global_colors_info=\u00bb{}\u00bb column_structure=\u00bb1_2,1_2&#8243;][et_pb_column type=\u00bb1_2&#8243; _builder_version=\u00bb4.16&#8243; custom_padding=\u00bb|||\u00bb global_colors_info=\u00bb{}\u00bb custom_padding__hover=\u00bb|||\u00bb][et_pb_accordion admin_label=\u00bbAcorde\u00f3n\u00bb _builder_version=\u00bb4.16&#8243; use_border_color=\u00bboff\u00bb global_colors_info=\u00bb{}\u00bb][et_pb_accordion_item title=\u00bbQU\u00c9 ES\u00bb _builder_version=\u00bb4.16&#8243; global_colors_info=\u00bb{}\u00bb open=\u00bbon\u00bb] <span id=\"result_box\" class=\"\" lang=\"es\" tabindex=\"-1\">Los trastornos alimentarios son alteraciones en los h\u00e1bitos alimentarios que generan problemas de salud que pueden llegar a ser muy graves.<\/span><\/p>\n<p>&nbsp;<\/p>\n<p>Es <strong>anorexia nerviosa<\/strong> cuando una persona lucha para perder peso hasta el punto de llegar a poner en peligro su salud por no comer e, incluso, la vida. Aunque su peso sea inferior al adecuado y saludable, a menudo siendo satisfacci\u00f3n controlando la necesidad de comer y as\u00ed perder peso.<\/p>\n<p>Es <strong>bulimia nerviosa<\/strong> cuando la persona tiene momentos en los que come mucho y de una manera descontrolada, y tambi\u00e9n otros en los que tiene un sentimiento de culpabilidad y quiere compensar estos excesos y mantener su peso a raya. Entonces busca f\u00f3rmulas como provocarse el v\u00f3mito, usar laxantes y diur\u00e9ticos, o hacer ejercicio f\u00edsico en exceso.<br \/>\n[\/et_pb_accordion_item][et_pb_accordion_item title=\u00bbC\u00d3MO ME PUEDO SENTIR\u00bb _builder_version=\u00bb3.0.100&#8243; global_colors_info=\u00bb{}\u00bb open=\u00bboff\u00bb]La mayor\u00eda de personas nos valoramos en funci\u00f3n de los logros que conseguimos en diferentes \u00e1reas: relaciones sociales, trabajo, estudios, deporte, etc. En cambio, si tenemos alg\u00fan trastorno alimentario nuestra valoraci\u00f3n girar\u00e1 alrededor de la est\u00e9tica, de la figura y el peso, y de la capacidad para controlarlos.<\/p>\n<p>&nbsp;<\/p>\n<p><strong>F\u00edsicamente<\/strong><\/p>\n<ul>\n<li>Las personas de alrededor pueden observar una p\u00e9rdida de peso excesiva que no es el resultado de ninguna enfermedad f\u00edsica sino de su voluntad.<\/li>\n<\/ul>\n<p><strong>Psicol\u00f3gicamente<\/strong>:<\/p>\n<ul>\n<li>La persona no se gusta a s\u00ed misma: se ve gorda y con un exceso de grasa \u00abintolerable\u00bb. Puede despreciar su propio aspecto f\u00edsico.<\/li>\n<li>Se tiene mucho miedo a ganar peso o la comida.<\/li>\n<\/ul>\n<p>Entonces, y ante estos sentimientos:<\/p>\n<ul>\n<li>Se eliminan comidas o alimentos que antes gustaban.<\/li>\n<li>Se practica demasiado ejercicio f\u00edsico y con constancia.<\/li>\n<li>Se evita comer en compa\u00f1\u00eda.<\/li>\n<li>Se analizan las etiquetas de la comida o se calculan las calor\u00edas, de manera obsesiva.<\/li>\n<li>Se siguen dietas extremas o se est\u00e1 periodos en ayunas.<\/li>\n<\/ul>\n<p>[\/et_pb_accordion_item][\/et_pb_accordion][\/et_pb_column][et_pb_column type=\u00bb1_2&#8243; _builder_version=\u00bb4.16&#8243; custom_padding=\u00bb|||\u00bb global_colors_info=\u00bb{}\u00bb custom_padding__hover=\u00bb|||\u00bb][et_pb_accordion admin_label=\u00bbAcorde\u00f3n\u00bb _builder_version=\u00bb4.16&#8243; use_border_color=\u00bboff\u00bb border_color=\u00bb#ffffff\u00bb border_style=\u00bbsolid\u00bb global_colors_info=\u00bb{}\u00bb][et_pb_accordion_item title=\u00bbC\u00d3MO SE PRESENTAN\u00bb _builder_version=\u00bb4.16&#8243; global_colors_info=\u00bb{}\u00bb open=\u00bbon\u00bb]Ambos trastornos tienen en com\u00fan una sobrevaloraci\u00f3n de la importancia del peso y del aspecto f\u00edsico.<\/p>\n<h2>Anorexia nerviosa<\/h2>\n<ul>\n<li>Grado alto de autoexigencia y perfeccionismo, como por ejemplo en el rendimiento acad\u00e9mico o en el deporte.<\/li>\n<li>Eliminar necesidades alimentarias y del descanso, siguiendo dietas restrictivas y suprimiendo con restricci\u00f3n o eliminaci\u00f3n alimentos b\u00e1sicos.<\/li>\n<li>Someterse a un estricto programa de ejercicio f\u00edsico.<\/li>\n<li>Tener un peso muy bajo y un \u00edndice de masa corporal (IMC = Peso -kg- \/ Talla\u00b2 -M-) por debajo de 17,5.<\/li>\n<li>P\u00e9rdida del per\u00edodo menstrual.<\/li>\n<\/ul>\n<h2>Bulimia nerviosa<\/h2>\n<ul>\n<li>Ingesta compulsiva de comida (hartones o atracones).<\/li>\n<li>Conductos extremas de compensaci\u00f3n para controlar el peso: dietas o practicar ayuno, uso frecuente de laxantes, v\u00f3mitos recurrentes o pr\u00e1ctica excesiva de ejercicio f\u00edsico.<\/li>\n<\/ul>\n<p>[\/et_pb_accordion_item][et_pb_accordion_item title=\u00bbQU\u00c9 PUEDO HACER\u00bb _builder_version=\u00bb4.16&#8243; global_colors_info=\u00bb{}\u00bb open=\u00bboff\u00bb]<span id=\"result_box\" class=\"\" lang=\"es\" tabindex=\"-1\">Un 90% de los casos de anorexia son chicas. Es un trastorno que suele comenzar en la adolescencia con dietas que acaban descontrol\u00e1ndose. En algunas o algunos j\u00f3venes, el trastorno se da de forma puntual, pero en otros, se convierte en un trastorno grave con repercusiones importantes para la salud, llegando incluso a poner en riesgo su vida.<\/span><\/p>\n<p>En la <strong>anorexia<\/strong> la persona no tiene conciencia de la enfermedad y se observa poca motivaci\u00f3n para cambiar esta actitud. Los signos externos como la p\u00e9rdida de peso <span class=\"\">facilita que las<\/span> personas de su alrededor busquen ayuda.<\/p>\n<p>En la <strong>bulimia<\/strong>, debido a que puede no darse una reducci\u00f3n de peso marcada, las personas pueden tardar m\u00e1s antes de <span class=\"\">buscar ayuda<\/span>.<\/p>\n<p>En <strong>ambos trastornos<\/strong> es <span class=\"\">necesaria la atenci\u00f3n<\/span> por parte de personas especialistas en salud mental. Cuando antes se detecten y se traten estos trastornos, mejor ser\u00e1 la capacidad de la persona para <span class=\"\">recuperarse.<\/span><br \/>\n[\/et_pb_accordion_item][\/et_pb_accordion][\/et_pb_column][\/et_pb_row][et_pb_row admin_label=\u00bbFila\u00bb _builder_version=\u00bb4.16&#8243; background_size=\u00bbinitial\u00bb background_position=\u00bbtop_left\u00bb background_repeat=\u00bbrepeat\u00bb global_colors_info=\u00bb{}\u00bb column_structure=\u00bb1_2,1_2&#8243;][et_pb_column type=\u00bb1_2&#8243; _builder_version=\u00bb4.16&#8243; custom_padding=\u00bb|||\u00bb global_colors_info=\u00bb{}\u00bb custom_padding__hover=\u00bb|||\u00bb][\/et_pb_column][et_pb_column type=\u00bb1_2&#8243; _builder_version=\u00bb4.16&#8243; custom_padding=\u00bb|||\u00bb global_colors_info=\u00bb{}\u00bb custom_padding__hover=\u00bb|||\u00bb][et_pb_text admin_label=\u00bbTexto\u00bb _builder_version=\u00bb4.16&#8243; background_size=\u00bbinitial\u00bb background_position=\u00bbtop_left\u00bb background_repeat=\u00bbrepeat\u00bb text_orientation=\u00bbleft\u00bb background_layout=\u00bbdark\u00bb use_border_color=\u00bboff\u00bb border_color=\u00bb#ffffff\u00bb border_style=\u00bbsolid\u00bb global_colors_info=\u00bb{}\u00bb]<\/p>\n<p style=\"text-align: right;\">Informaci\u00f3 extreta del web http:\/\/espaijove.net amb la seva autoritzaci\u00f3.<\/p>\n<p>[\/et_pb_text][\/et_pb_column][\/et_pb_row][\/et_pb_section][et_pb_section fb_built=\u00bb1&#8243; admin_label=\u00bbSecci\u00f3 PIE P\u00c1GINA castellano\u00bb _builder_version=\u00bb4.24.2&#8243; _module_preset=\u00bbdefault\u00bb background_color=\u00bb#000000&#8243; global_colors_info=\u00bb{}\u00bb theme_builder_area=\u00bbpost_content\u00bb][et_pb_row column_structure=\u00bb1_3,1_3,1_3&#8243; _builder_version=\u00bb4.24.2&#8243; _module_preset=\u00bbdefault\u00bb global_colors_info=\u00bb{}\u00bb theme_builder_area=\u00bbpost_content\u00bb][et_pb_column type=\u00bb1_3&#8243; _builder_version=\u00bb4.24.2&#8243; _module_preset=\u00bbdefault\u00bb global_colors_info=\u00bb{}\u00bb theme_builder_area=\u00bbpost_content\u00bb][et_pb_text _builder_version=\u00bb4.24.2&#8243; _module_preset=\u00bbdefault\u00bb global_colors_info=\u00bb{}\u00bb theme_builder_area=\u00bbpost_content\u00bb]<\/p>\n<div class=\"et_pb_module et_pb_text et_pb_text_8  et_pb_text_align_justified et_pb_bg_layout_light\">\n<div class=\"et_pb_text_inner\">\n<h3 style=\"color: #ffffff;\">Acceso r\u00e1pido<\/h3>\n<p><a style=\"color: #ffffff;\" href=\"https:\/\/salutmental.info\/el-web-i-nosaltres\/contactar\/\">Contacto<\/a><br \/>\n<a style=\"color: #ffffff;\" href=\"https:\/\/www.gramenet.cat\/seu-electronica\/informacio-sobre-la-seu\/avis-legal\/\" target=\"_blank\" rel=\"noopener\" data-insuit-uuid=\"353acac9-b95d-41db-890e-0fe22e36e2f4\">Aviso legal<\/a><br \/>\n<a style=\"color: #ffffff;\" title=\"Protecci\u00f3 de dades\" href=\"https:\/\/www.gramenet.cat\/seu-electronica\/proteccio-de-dades\/\" target=\"_blank\" rel=\"noopener\" data-insuit-uuid=\"f42a28cb-669d-4f92-abed-89a78fb31d26\">Pol\u00edtica de protecci\u00f3n de datos<\/a><br \/>\n<a style=\"color: #ffffff;\" href=\"https:\/\/www.gramenet.cat\/seu-electronica\/accessibilitat\/\" data-insuit-uuid=\"d825170a-0959-415e-bc12-d7ce6a9bb8a2\">Accesibilidad<\/a><\/p>\n<\/div>\n<\/div>\n<div class=\"et_pb_module et_pb_text et_pb_text_9  et_pb_text_align_justified et_pb_bg_layout_light\">\n<div class=\"et_pb_text_inner\"><a style=\"color: #ffffff;\" href=\"https:\/\/salutmental.info\/\">Catal\u00e0<\/a>\u00a0<a tyle=\"color: red\"  href=\"https:\/\/salutmental.info\/es\/\">Castellano<\/a><\/div>\n<\/div>\n<p>[\/et_pb_text][\/et_pb_column][et_pb_column type=\u00bb1_3&#8243; _builder_version=\u00bb4.24.2&#8243; _module_preset=\u00bbdefault\u00bb global_colors_info=\u00bb{}\u00bb theme_builder_area=\u00bbpost_content\u00bb][et_pb_text admin_label=\u00bbTexto e-Redes sociales\u00bb _builder_version=\u00bb4.24.2&#8243; _module_preset=\u00bbdefault\u00bb global_colors_info=\u00bb{}\u00bb theme_builder_area=\u00bbpost_content\u00bb]<\/p>\n<h3 style=\"color: #ffffff;\">e-Redes sociales<\/h3>\n<p><a style=\"color: #ffffff;\" title=\"@scgramenet\" href=\"http:\/\/twitter.com\/scgramenet\" target=\"_blank\" rel=\"noopener\" data-insuit-uuid=\"b3e0d28b-dc44-4f86-8346-4e0365352a49\">Twitter\u00ae<\/a><br \/>\n<a style=\"color: #ffffff;\" title=\"Pasi\u00f3n por Santako\" href=\"https:\/\/www.facebook.com\/PasionPorSantako\/\" target=\"_blank\" rel=\"noopener\" data-insuit-uuid=\"d7d32cfb-104d-49e1-ae1d-661bf056d52f\">Facebook\u00ae<\/a><br \/>\n<a style=\"color: #ffffff;\" href=\"http:\/\/www.slideshare.net\/scgramenet\" target=\"_blank\" rel=\"noopener\" data-insuit-uuid=\"bddc3bcb-dbbc-4022-91ad-8426d5697366\">SlideShare\u00ae<\/a><br \/>\n<a style=\"color: #ffffff;\" href=\"https:\/\/www.youtube.com\/channel\/UC07JH7VJ6nw9OBnxScovrCA\" target=\"_blank\" rel=\"noopener\" data-insuit-uuid=\"77d03fce-5840-489b-9fcd-25a0abf9b0f8\">YouTube\u00ae<\/a><br \/>\n<a style=\"color: #ffffff;\" href=\"https:\/\/www.instagram.com\/pla_salut_gramenet\/\" target=\"_blank\" rel=\"noopener\" data-insuit-uuid=\"f82bba6b-dc9a-4033-9fe9-9c44fe0c6a34\">Instagram\u00ae<\/a><\/p>\n<p>[\/et_pb_text][\/et_pb_column][et_pb_column type=\u00bb1_3&#8243; _builder_version=\u00bb4.24.2&#8243; _module_preset=\u00bbdefault\u00bb global_colors_info=\u00bb{}\u00bb theme_builder_area=\u00bbpost_content\u00bb][et_pb_text admin_label=\u00bbTexto adre\u00e7a Ajuntament\u00bb _builder_version=\u00bb4.24.2&#8243; _module_preset=\u00bbdefault\u00bb global_colors_info=\u00bb{}\u00bb theme_builder_area=\u00bbpost_content\u00bb]<\/p>\n<p style=\"color: #ffffff; text-align: right;\">Ajuntament de Santa Coloma de Gramenet<br \/>Pla\u00e7a de la Vila, 1 &#8211; 08921 Santa Coloma de Gramenet &#8211; Barcelona<br \/>Tel.: 93 462 40 00<br \/>NIF: P0824500C<\/p>\n<p>[\/et_pb_text][\/et_pb_column][\/et_pb_row][\/et_pb_section]<\/p>\n","protected":false},"excerpt":{"rendered":"<p>&nbsp; Los trastornos alimentarios son alteraciones en los h\u00e1bitos alimentarios que generan problemas de salud que pueden llegar a ser muy graves. &nbsp; Es anorexia nerviosa cuando una persona lucha para perder peso hasta el punto de llegar a poner en peligro su salud por no comer e, incluso, la vida. Aunque su peso sea [&hellip;]<\/p>\n","protected":false},"author":1,"featured_media":0,"parent":920,"menu_order":0,"comment_status":"closed","ping_status":"closed","template":"page-template-blank.php","meta":{"_et_pb_use_builder":"on","_et_pb_old_content":"","_et_gb_content_width":"","footnotes":""},"class_list":["post-938","page","type-page","status-publish","hentry"],"_links":{"self":[{"href":"https:\/\/salutmental.info\/es\/wp-json\/wp\/v2\/pages\/938","targetHints":{"allow":["GET"]}}],"collection":[{"href":"https:\/\/salutmental.info\/es\/wp-json\/wp\/v2\/pages"}],"about":[{"href":"https:\/\/salutmental.info\/es\/wp-json\/wp\/v2\/types\/page"}],"author":[{"embeddable":true,"href":"https:\/\/salutmental.info\/es\/wp-json\/wp\/v2\/users\/1"}],"replies":[{"embeddable":true,"href":"https:\/\/salutmental.info\/es\/wp-json\/wp\/v2\/comments?post=938"}],"version-history":[{"count":6,"href":"https:\/\/salutmental.info\/es\/wp-json\/wp\/v2\/pages\/938\/revisions"}],"predecessor-version":[{"id":6698,"href":"https:\/\/salutmental.info\/es\/wp-json\/wp\/v2\/pages\/938\/revisions\/6698"}],"up":[{"embeddable":true,"href":"https:\/\/salutmental.info\/es\/wp-json\/wp\/v2\/pages\/920"}],"wp:attachment":[{"href":"https:\/\/salutmental.info\/es\/wp-json\/wp\/v2\/media?parent=938"}],"curies":[{"name":"wp","href":"https:\/\/api.w.org\/{rel}","templated":true}]}}