{"id":880,"date":"2016-06-09T12:20:22","date_gmt":"2016-06-09T10:20:22","guid":{"rendered":"http:\/\/salutmental.info\/?page_id=880\/"},"modified":"2024-08-02T13:41:00","modified_gmt":"2024-08-02T11:41:00","slug":"recursos-de-salut-mental-i-addiccions","status":"publish","type":"page","link":"https:\/\/salutmental.info\/es\/recursos-de-salut-mental-i-addiccions\/","title":{"rendered":"Recursos de salut mental i addiccions"},"content":{"rendered":"<p>[et_pb_section fb_built=\u00bb1&#8243; fullwidth=\u00bbon\u00bb custom_padding_last_edited=\u00bbon|desktop\u00bb admin_label=\u00bbSecci\u00f3 men\u00fa CASTELL\u00c0\u00bb _builder_version=\u00bb4.24.2&#8243; background_color=\u00bb#d7282e\u00bb custom_padding_tablet=\u00bb50px|0|50px|0&#8243; custom_padding_phone=\u00bb\u00bb transparent_background=\u00bboff\u00bb padding_mobile=\u00bboff\u00bb global_colors_info=\u00bb{}\u00bb][et_pb_fullwidth_menu menu_id=\u00bb11&#8243; submenu_direction=\u00bbdownwards\u00bb fullwidth_menu=\u00bboff\u00bb logo=\u00bbhttps:\/\/salutmental.info\/wp-content\/uploads\/2024\/02\/logo_aj_negatiu-200.png\u00bb admin_label=\u00bbMen\u00fa CASTELL\u00c0\u00bb _builder_version=\u00bb4.24.2&#8243; background_color=\u00bb#d7282e\u00bb text_orientation=\u00bbright\u00bb background_layout=\u00bbdark\u00bb global_colors_info=\u00bb{}\u00bb]&nbsp;<br \/>\n[\/et_pb_fullwidth_menu][\/et_pb_section][et_pb_section fb_built=\u00bb1&#8243; _builder_version=\u00bb4.16&#8243; global_colors_info=\u00bb{}\u00bb][et_pb_row _builder_version=\u00bb4.16&#8243; global_colors_info=\u00bb{}\u00bb][et_pb_column type=\u00bb4_4&#8243; _builder_version=\u00bb4.16&#8243; global_colors_info=\u00bb{}\u00bb][et_pb_text _builder_version=\u00bb4.16&#8243; global_colors_info=\u00bb{}\u00bb]<\/p>\n<div class=\"et_pb_text et_pb_module et_pb_bg_layout_light et_pb_text_align_left et_pb_text_3\">\n<div class=\"et_pb_text_inner\">\n<div class=\"et_pb_text et_pb_module et_pb_bg_layout_light et_pb_text_align_left et_pb_text_4\"><strong>Abrir el desplegable para ver toda la lista<\/strong>. <br \/>Cada servicio o entidad tiene una <strong>descripci\u00f3n breve y un enlace<\/strong> a su ficha.<\/div>\n<\/div>\n<\/div>\n<p>[\/et_pb_text][et_pb_toggle title=\u00bbServicios y recursos en salud mental o adiccionrs que atienden a la poblaci\u00f3n de Santa Coloma\u00bb closed_toggle_text_color=\u00bb#ffffff\u00bb closed_toggle_background_color=\u00bb#0c71c3&#8243; admin_label=\u00bbConmutador Servicios\u00bb _builder_version=\u00bb4.26.0&#8243; hover_enabled=\u00bb0&#8243; global_colors_info=\u00bb{}\u00bb sticky_enabled=\u00bb0&#8243;]<\/p>\n<ul>\n<li><a href=\"https:\/\/salutmental.info\/es\/atencion-a-la-salud-sexual-y-reproductiva\/\" target=\"_blank\" rel=\"noopener noreferrer\"><strong>Atenci\u00f3n a la salud sexual reproductiva<\/strong><\/a><br \/>Servicio especializado en la atenci\u00f3n sexual y reproductiva de adolescentes, j\u00f3venes y personas adultas con atenci\u00f3n sanitaria y psicol\u00f3gica.<\/li>\n<li><a href=\"https:\/\/salutmental.info\/es\/bus-intermunicipal-de-la-metadona-bim\/\" target=\"_blank\" rel=\"noopener noreferrer\"><strong>Bus intermunicipal de la metadona (BIM)<\/strong><\/a><br \/>Servicio de subministro de metadona y asesoramiento sociosanitario para personas drogodependientes en tratamiento o con una pauta de desintoxicaci\u00f3n a opiaceos.<\/li>\n<li><a href=\"https:\/\/salutmental.info\/es\/centros-de-atencion-primaria-de-salud\/\" target=\"_blank\" rel=\"noopener noreferrer\"><strong>CAP (centro de atenci\u00f3n primaria de salud)<\/strong><\/a><br \/>Centros de atenci\u00f3n sanitaria ubicados en los diferentes barrios de la ciudad, donde se hace una primera valoraci\u00f3n de los trastornos mentales y las adicciones, se tratan cuando no son graves y se deriva a servicios especializados cuando es necesario.<\/li>\n<li><a href=\"https:\/\/salutmental.info\/es\/centro-de-atencion-y-seguimiento-de-drogodependencias-cas-santa-coloma\/\" target=\"_blank\" rel=\"noopener noreferrer\"><strong>CAS Santa Coloma (centro de atenci\u00f3n y seguimiento de drogodependencias)<\/strong><\/a><br \/>Servicio sanitario y social especializado en la atenci\u00f3n, el tratamiento y el seguimiento de personas adictas a drogas, desde el cual se puede derivar a todos los recursos de la red de atenci\u00f3n a las drogodependencias.<\/li>\n<li><a href=\"https:\/\/salutmental.info\/es\/fundacio-tallers\/\"><strong>Centro especial de trabajo de la Fundaci\u00f3n Tallers<\/strong><\/a><br \/>Entorno laboral donde se desarrolla una actividad productiva remunerada de personas con necesidades especiales y se fomenta la autonom\u00eda personal y profesional y su inclusi\u00f3n en la comunidad.<\/li>\n<li><a href=\"https:\/\/salutmental.info\/es\/club-social-gramenet\/\" target=\"_blank\" rel=\"noopener noreferrer\"><strong>Club social Gramenet<\/strong><\/a><br \/>Espacio para personas con problemas de salud mental, que realiza actividades socioeducativas y de ocio dirigidos a la recuperaci\u00f3n, la inserci\u00f3n social y la sensibilizaci\u00f3n del resto de la comunidad.<\/li>\n<li><a href=\"https:\/\/salutmental.info\/es\/centro-de-salud-mental-de-adultos-marti-i-julia-csma\/\" target=\"_blank\" rel=\"noopener noreferrer\"><strong>CSMA Santa Coloma (centro de salud mental de adultos)<\/strong><\/a><br \/>Atenci\u00f3n sanitaria especializada de diagn\u00f3stico, orientaci\u00f3n, tratamiento y seguimiento para personas adultas con trastornos mentales severos y de baja complejidad.<\/li>\n<li><a href=\"https:\/\/salutmental.info\/es\/centro-de-salud-mental-infantil-y-juvenil-csmij\/\" target=\"_blank\" rel=\"noopener noreferrer\"><strong>CSMIJ de Santa Coloma de Gramenet\u00a0(centro de salud mental infantil y juvenil) <\/strong><\/a><br \/>Atenci\u00f3n sanitaria y social y tratamiento de ni\u00f1os, ni\u00f1as y adolescentes hasta los 18 a\u00f1os con problemas de salud mental, y soporte a las familias y a servicios profesionales que intervienen con menores de edad con trastornos o en situaci\u00f3n de riesgo.<\/li>\n<li><a href=\"https:\/\/salutmental.info\/es\/equipo-de-atencion-psicopedagogica-eap\/\" target=\"_blank\" rel=\"noopener noreferrer\"><strong>EAP de Santa Coloma de Gramenet\u00a0(equipo de atenci\u00f3n psicopedag\u00f3gica) <\/strong><\/a><br \/>Servicio para la detecci\u00f3n, valoraci\u00f3n de necesidades educativas especiales y tratamiento de ni\u00f1os y ni\u00f1as, adolescentes i jovenes hasta los 21 a\u00f1os escolarizados.<\/li>\n<li><a href=\"https:\/\/salutmental.info\/es\/ecid-santa-coloma\/\"><strong>ECID de Santa Coloma de Gramenet\u00a0(equipo cl\u00ednico de intervenci\u00f3n a domicilio) <\/strong><\/a><br \/>Atenci\u00f3n domiciliaria pensada para atender a adolescentes y j\u00f3venes en situaciones de alto riesgo en diversos \u00e1mbitos de la vida que tienen dificultades para vincularse a los servicios.<\/li>\n<li><strong><a href=\"https:\/\/salutmental.info\/emocionat\/\">Emociona&#8217;t Educaci\u00f3n emocional para adolescentes y j\u00f3venes<\/a><br \/><\/strong>Servicio preventivo para el bienestar emocional de adolescents y j\u00f3venes entre 12 y 26 a\u00f1os, con un servicio confidencial y actividades grupales de educaci\u00f3n emocional.<\/li>\n<li><a href=\"https:\/\/salutmental.info\/es\/equipo-de-evaluacion-integral-ambulatoria-de-trastornos-cognitivos\/\" target=\"_blank\" rel=\"noopener noreferrer\"><strong>Equipo de evaluaci\u00f3n integral ambulat\u00f3ria de trastornos cognitivos<\/strong><\/a><br \/>Servicio de detecci\u00f3n y tratamiento para personas con una fase inicial de demencias y otras patolog\u00edas cognitivas.<\/li>\n<li><a href=\"https:\/\/salutmental.info\/es\/equipos-basicos-de-atencion-social\/\" target=\"_blank\" rel=\"noopener noreferrer\"><strong>Equipos b\u00e1sicos de atenci\u00f3n social<\/strong><\/a><br \/>Atenci\u00f3n social a personas con problemas de salud mental o adicciones y sus familias, asesoramiento y gesti\u00f3n para el acceso a prestaciones sociales municipales y de otras administraciones publicas.<\/li>\n<li><a href=\"https:\/\/salutmental.info\/es\/espacio-situate-proyecto-activate-por-la-salud-mental\/\" target=\"_blank\" rel=\"noopener noreferrer\"><strong>Espacio Situa\u2019t \/ Activa\u2019t per la salut mental<\/strong><\/a><br \/>Informaci\u00f3n en salud mental para profesionales, personas afectadas, familiares y personas interesadas, asesoramiento legal, creaci\u00f3n de espacios horizontales de encuentro y corresponsabilidad, y grupos psicoeducativos y de empoderamiento.<\/li>\n<li><strong><a href=\"https:\/\/salutmental.info\/es\/hospital-de-dia-de-salud-mental-para-adolescentes\/\" target=\"_blank\" rel=\"noopener noreferrer\">Hospital de d\u00eda de adolescentes\u00a0 de Santa Coloma de Gramenet<\/a><br \/><\/strong>Servicio sanitario, social y terap\u00e9utico diurno para adolescentes con problemas de salud mental y sus familias.<\/li>\n<li><a href=\"https:\/\/salutmental.info\/es\/hospital-de-dia-de-salud-mental-para-personas-adultas\/\" target=\"_blank\" rel=\"noopener noreferrer\"><strong>Hospital de d\u00eda de salud mental para personas adultas<\/strong><\/a><br \/>Servicio sanitario y terap\u00e9utico destinado a personas con problemas de salud mental que necesitan un tratamiento diario no hospitalario, i de soporte a sus familias.<\/li>\n<li><a href=\"https:\/\/salutmental.info\/es\/hospital-de-dia-de-trastornos-cognitivos\/\" target=\"_blank\" rel=\"noopener noreferrer\"><strong>Hospital de d\u00eda de trastornos cognitivos<\/strong><\/a><br \/>Recurso diurno de psicoestimulaci\u00f3n y tratamiento de personas con problemas cognitivos leves o moderados (alzh\u00e9imer y otras demencias) para ralentizar su deterioro y mantener la autonom\u00eda, y de soporte a quien cuida la persona.<\/li>\n<li><a href=\"https:\/\/salutmental.info\/es\/hogar-residencia-nuria\/\" target=\"_blank\" rel=\"noopener noreferrer\"><strong>Hogar residencia N\u00faria de salud mental<\/strong><\/a><br \/>Servicio de acogida temporal o permanente para personas menores de 65 a\u00f1os con problemas graves de salud mental que tienen que vivir bajo supervisi\u00f3n profesional.<\/li>\n<li><strong><a href=\"https:\/\/salutmental.info\/es\/kmk\/\">KMK (K\u00e8 m\u2019explikes?) Acompa\u00f1amiento a j\u00f3venes en salud mental y adicciones<\/a><\/strong><br \/>Recurso de acompa\u00f1amiento a j\u00f3venes y su entorno en salud mental y conductas adictivas (patolog\u00eda dual), con actividades educativas, de ocio, ocupacionales, formativas y comunitarias, en horario de ma\u00f1ana y tarde.<\/li>\n<li><strong><a href=\"https:\/\/salutmental.info\/es\/ocell-de-foc\/\">Ocell de Foc<\/a><br \/><\/strong>Programa de acompa\u00f1amiento para j\u00f3venes, especialmente aquellas con malestar emocional, que fomenta las relaciones sociales entre las personas j\u00f3venes as\u00ed como su inserci\u00f3n sociolaboral de manera individual o grupal.<strong><br \/><\/strong><\/li>\n<li><a href=\"https:\/\/salutmental.info\/es\/oficinas-de-farmacia\/\" target=\"_blank\" rel=\"noopener noreferrer\"><strong>Oficinas de farmacia<\/strong><\/a><br \/>Oficinas distribuidas por todo el municipio con informaci\u00f3n y soporte en temas de trastornos mentales y adicciones, dispensaci\u00f3n de medicaci\u00f3n y acompa\u00f1amiento en el tratamiento, intercambio de jeringuillas y tratamiento con opi\u00e1ceos.<\/li>\n<li><a href=\"https:\/\/salutmental.info\/es\/plan-de-seguimiento-individual\/\" target=\"_blank\" rel=\"noopener noreferrer\"><strong>Plan de seguimiento individual en salud mental<\/strong><\/a><br \/>Dispositivo para personas con problemas de salud mental graves con poca vinculaci\u00f3n al tratamiento i a la red asistencial, para adherirlas al tratamiento y favorecer un seguimiento coordinado y vinculado a la comunidad.<\/li>\n<li><strong><a href=\"https:\/\/salutmental.info\/es\/urgencias-de-salud-mental-y-hospitalizacion-breve\/\">Proceso de hospitalizaci\u00f3n breve<\/a><\/strong><br \/>Servicio hospitalario para atender momentos cr\u00edticos con un tratamiento corto, cuyo seguimiento pasar\u00e1 a recursos de la propia comunidad.<\/li>\n<li><a href=\"https:\/\/salutmental.info\/es\/programa-municipal-de-atencion-a-personas-drogodependientes\/\" target=\"_blank\" rel=\"noopener noreferrer\"><strong>Programa municipal de atenci\u00f3n a personas drogodependientes<\/strong><\/a><br \/>Conjunto de intervenciones y actividades destinadas a personas drogodependientes que buscan su normalizaci\u00f3n social, la ocupaci\u00f3n constructiva del tiempo, la incorporaci\u00f3n laboral y la prevenci\u00f3n de problemas con la resta de la comunidad.<\/li>\n<li><a href=\"https:\/\/salutmental.info\/es\/projecte-xela-rialles-2\/\" target=\"_blank\" rel=\"noopener noreferrer\"><strong>Proyecto Xela -Centre obert Rialles<\/strong><\/a><br \/>Programa para la estimulaci\u00f3n de ni\u00f1os, ni\u00f1as y adolescentes hasta 16 a\u00f1os con retardo madurativo o trastorno autista, y atenci\u00f3n a sus familias.<\/li>\n<li><a href=\"https:\/\/salutmental.info\/es\/servicio-de-media-y-larga-estancia-psiquiatrica\/\" target=\"_blank\" rel=\"noopener noreferrer\"><strong>Servicio de media y larga estancia psiqui\u00e1trica<\/strong><\/a><br \/>Servicio terap\u00e9utico de tratamiento con internamiento para personas con un problema de salud mental grave e inestable con riesgos importantes para quien tiene el trastorno o su entorno.<\/li>\n<li><a href=\"https:\/\/salutmental.info\/es\/servicio-de-rehabilitacion-comunitaria\/\" target=\"_blank\" rel=\"noopener noreferrer\"><strong>Servicio de rehabilitaci\u00f3n comunitaria (SRC) de Santa Coloma de Gramenet<\/strong><\/a><br \/>Servicio multidisciplinario con actividades terap\u00e9uticas para personas con trastornos mentales graves con suficiente estabilidad como para vivir en comunidad, que tambi\u00e9n hace de puente con equipamientos ocupacionales y prelaborales normalizados.<\/li>\n<li><a href=\"https:\/\/salutmental.info\/es\/servicio-tutela-personas-con-transtornos-mentales\/\" target=\"_blank\" rel=\"noopener noreferrer\"><strong>Servicio de tutela a personas con trastornos mentales<\/strong><\/a><br \/>Asesoramiento y soporte sobre medidas judiciales relacionadas con la tutela y la capacidad legal de personas con problemas de salud mental, para quien tiene un trastorno mental, familiares y profesionales.<\/li>\n<li><a href=\"https:\/\/salutmental.info\/es\/sesmdi-barcelones-nord\/\"><strong>SESMDI\u00a0<\/strong><\/a><strong><a href=\"https:\/\/salutmental.info\/es\/sesmdi-barcelones-nord\/\">del Barcelon\u00e8s Nord y Maresme<\/a> (servicio especializado en salud mental y discapacidad intelectual)<\/strong><br \/>Servicio especializado en la atenci\u00f3n a personas con discapacidad intelectual que presentan un trastorno mental a\u00f1adido o graves dificultades para regular sus emociones y su conducta.<\/li>\n<li><a href=\"https:\/\/salutmental.info\/es\/centro-spott\/\" target=\"_blank\" rel=\"noopener noreferrer\"><strong>Spott<\/strong><\/a><br \/>Servicio de asistencia para adolescentes y j\u00f3venes con drogodependencias o adicciones a las pantallas (videojuegos, m\u00f3vil, internet y redes sociales) y sus familiares.<\/li>\n<li><a href=\"https:\/\/salutmental.info\/es\/unidad-de-convalecencia-media-estancia-psicogeriatrica\/\" target=\"_blank\" rel=\"noopener noreferrer\"><strong>Unidad de convalecencia \/ Media estancia psicogeriatrica<\/strong><\/a><br \/>Servicio de hospitalizaci\u00f3n de corta o media estancia para personas con deterioro cognitivo, alzh\u00e9imer o otras demencias para su diagnostico y tratamiento.<\/li>\n<li><a href=\"https:\/\/salutmental.info\/es\/unidad-de-desintoxicacion\/\" target=\"_blank\" rel=\"noopener noreferrer\"><strong>Unidad de desintoxicaci\u00f3n de drogodependencias<\/strong><\/a><br \/>Programa hospitalario de desintoxicaci\u00f3n para personas con una dependencia f\u00edsica a una droga, que no pueden hacerla en su entorno por razones de car\u00e1cter social o sanitario.<\/li>\n<li><a href=\"https:\/\/salutmental.info\/es\/unidad-de-larga-estancia-psicogeriatrica\/\" target=\"_blank\" rel=\"noopener noreferrer\"><strong>Unidad de larga estancia psicogeri\u00e1trica<\/strong><\/a><br \/>Servicio de estancia hospitalaria larga para personas con deterioro cognitivo, alzheimer o otras demencias con un nivel de dependencia y complejidad alta, y corta cuando lo necesita la persona cuidadora (enfermedad, descanso, etc.).<\/li>\n<li><a href=\"https:\/\/salutmental.info\/es\/unidad-de-patologia-dual\/\" target=\"_blank\" rel=\"noopener noreferrer\"><strong>Unidad de patologia dual<\/strong><\/a><br \/>Servicio hospitalario de tratamiento para personas que tienen un trastorno mental i una drogodependencia simult\u00e1neamente.<\/li>\n<li><a href=\"https:\/\/salutmental.info\/es\/unidad-de-subagudos\/\" target=\"_blank\" rel=\"noopener noreferrer\"><strong>Unidad de subagudos<\/strong><\/a><br \/>Servicio de ingreso de corta estancia y de respuesta r\u00e1pida para la rehabilitaci\u00f3n psicosocial de personas con problemas de salud mental grave.<\/li>\n<li><a href=\"https:\/\/salutmental.info\/es\/unidad-funcional-de-recuperacion-y-proyecto-de-vida-ufr\/\"><strong>Unidad funcional de recuperaci\u00f3n y proyecto de vida (UFR)<\/strong><\/a><br \/>Recurso comunitario de salud mental multidisciplinar cuyo objetivo es evitar ingresos a larga estancia psiqui\u00e1trica y ofrecer una alternativa para favorecer el proceso de recuperaci\u00f3n y el proyecto de vida en la comunidad.<\/li>\n<li><strong><a href=\"https:\/\/salutmental.info\/es\/urgencias-psiquiatricas\/\">Urgencias psiqui\u00e1tricas<\/a><\/strong><br \/>Urgencias de 24 h para personas con una crisis o un brote importante, que puede gestionar la atenci\u00f3n inmediata de otras necesidades org\u00e1nicas como traumatismos o lesiones, y hacer hospitalizaciones breves.<\/li>\n<li><a href=\"https:\/\/salutmental.info\/es\/urgencias-generales\/\" target=\"_blank\" rel=\"noopener noreferrer\"><strong>Urgencias sanitarias generales<\/strong><\/a><br \/>Servicio de urgencias hospitalarias en el municipio que puede tratar problemas org\u00e1nicos relacionados con uso de drogas como sobredosis al alcohol -coma et\u00edlico- u otras drogas.<\/li>\n<li><a href=\"https:\/\/salutmental.info\/es\/xarxa-jove\/\" target=\"_blank\" rel=\"noopener noreferrer\"><strong>Xarxa joves<\/strong><\/a><br \/>Recurso socioeducativo y comunitario de acompa\u00f1amiento y orientaci\u00f3n de j\u00f3venes con problemas de salud mental con dificultades para la socializaci\u00f3n y sus familiares.<\/li>\n<li><strong><a href=\"https:\/\/salutmental.info\/es\/espacio-ancora\/\">Espacio \u00c0ncora<\/a><\/strong><br \/>Servicio de atenci\u00f3n psicol\u00f3gica y soporte emocional que pretende dar respuesta a las necesidades de atenci\u00f3n y apoyo a personas adultas, j\u00f3venes y familiares, dotando de herramientas y recursos personales para la mejora de la gesti\u00f3n emocional.<\/li>\n<\/ul>\n<p>[\/et_pb_toggle][et_pb_toggle title=\u00bbEntidades del \u00e1mbito de la salud mental o adicciones de Santa Coloma\u00bb closed_toggle_text_color=\u00bb#ffffff\u00bb closed_toggle_background_color=\u00bb#0c71c3&#8243; admin_label=\u00bbConmutador entitats\u00bb _builder_version=\u00bb4.16&#8243; global_colors_info=\u00bb{}\u00bb]<\/p>\n<ul>\n<li><b><a href=\"https:\/\/salutmental.info\/es\/activament-cataluna-associacio\/\" target=\"_blank\" rel=\"noopener noreferrer\">ActivaMent Catalunya Associaci\u00f3<\/a><br \/> <\/b>Colectivo de personas con experiencia en trastornos mentales de \u00e1mbito catal\u00e1n con una delegaci\u00f3n en Santa Coloma de Gramenet, que lucha contra el estigma y favorece el empoderamiento y la recuperaci\u00f3n de las personas afectadas.<\/li>\n<li><b><a href=\"https:\/\/salutmental.info\/es\/al-anon\/\" target=\"_blank\" rel=\"noopener noreferrer\">Al-anon<\/a><br \/> <\/b>Espacio de autoayuda para familiares de personas alcoh\u00f3licas basado en el m\u00e9todo de los 12 pasos de Alcoh\u00f3licos an\u00f3nimos.<\/li>\n<li><a href=\"https:\/\/salutmental.info\/es\/alcoholicos-anonimos\/\" target=\"_blank\" rel=\"noopener noreferrer\"><b>Alcoh\u00f3licos An\u00f3nimos<\/b><\/a><br \/> Comunidad de personas con problemas de alcoholismo que se re\u00fanen para compartir su experiencia y seguir el m\u00e9todo de los 12 pasos de cara a su recuperaci\u00f3n.<\/li>\n<li><b><a href=\"https:\/\/salutmental.info\/es\/ass-ammame-amigos-del-enfermo-mental\/\" target=\"_blank\" rel=\"noopener noreferrer\">Ammame -asociaci\u00f3n<\/a><br \/> <\/b>Asociaci\u00f3n de familiares de personas con problemas de salud mental que promueve la mejora de la su calidad de vida a trav\u00e9s de actividades y de sensibilizaci\u00f3n social.<\/li>\n<li><a href=\"https:\/\/salutmental.info\/es\/ass-de-alcoholicos-rehabilitados-de-santa-coloma\/\" target=\"_blank\" rel=\"noopener noreferrer\"><b>Asaupam -asociaci\u00f3n de intervenci\u00f3n comunitaria en drogas<br \/> <\/b><\/a>Entidad que gestiona e impulsa acciones sociales y comunitarias relacionadas con las drogodependencias, con programas de prevenci\u00f3n y atenci\u00f3n a las personas afectadas i sus familiares.<\/li>\n<li><a href=\"https:\/\/salutmental.info\/es\/ass-de-alcoholicos-rehabilitados-de-santa-coloma\/\" target=\"_blank\" rel=\"noopener noreferrer\"><b>As. de Alcoh\u00f3licos rehabilitados de Santa Coloma<\/b><\/a><br \/> Asociaci\u00f3n para el soporte de personas con problemas de adicci\u00f3n al alcohol del centro de Santa Coloma de Gramenet con soporte profesional.<\/li>\n<li><a href=\"https:\/\/salutmental.info\/es\/ass-de-alcoholicos-rehabilitados-santa-rosa\/\" target=\"_blank\" rel=\"noopener noreferrer\"><b>As. de Alcoh\u00f3licos rehabilitados Santa Rosa<\/b><\/a><br \/> Asociaci\u00f3n per el soporte de personas con problemas de adicci\u00f3n al alcohol del barrio de Santa Rosa.<\/li>\n<li><a href=\"https:\/\/salutmental.info\/es\/as-tda-h-santa-coloma-de-gramenet-trastorno-per-deficit-de-atencion-con-a-sin-hiperactividad\/\" target=\"_blank\" rel=\"noopener noreferrer\"><b>As. TDA-H Santa Coloma de Gramenet<\/b><\/a><br \/> Asociaci\u00f3n para el soporte de personas con trastorno por d\u00e9ficit de atenci\u00f3n con o sin hiperactividad y sus familias, con actividades de formaci\u00f3n, asesoramiento y reivindicaci\u00f3n de la mejora en la atenci\u00f3n.<\/li>\n<li><a href=\"https:\/\/salutmental.info\/es\/aupam\/\" target=\"_blank\" rel=\"noopener noreferrer\"><b>AUPA&#8217;M (Agrupaci\u00f3n de usuarios\/as y profesionales al volante del autob\u00fas de metadona)<\/b><\/a><br \/> Plataforma de personas con problemas de adicci\u00f3n a las drogas, de su entorno y profesionales que se re\u00fanen semanalmente en un espacio horizontal y de soporte mutuo.<\/li>\n<li><a href=\"https:\/\/salutmental.info\/es\/narcoticos-anonimos\/\" target=\"_blank\" rel=\"noopener noreferrer\"><b>Narc\u00f3ticos an\u00f3nimos<\/b><\/a><br \/> Grupo de personas con problemas de adicci\u00f3n a las drogas salvo del alcohol, con encuentros semanales de soporte mutuo para su deshabituaci\u00f3n.<\/li>\n<\/ul>\n<p>[\/et_pb_toggle][\/et_pb_column][\/et_pb_row][et_pb_row column_structure=\u00bb2_5,3_5&#8243; _builder_version=\u00bb4.16&#8243; global_colors_info=\u00bb{}\u00bb][et_pb_column type=\u00bb2_5&#8243; _builder_version=\u00bb4.16&#8243; global_colors_info=\u00bb{}\u00bb][et_pb_sidebar area=\u00bbet_pb_widget_area_5&#8243; _builder_version=\u00bb4.16&#8243; global_colors_info=\u00bb{}\u00bb][\/et_pb_sidebar][\/et_pb_column][et_pb_column type=\u00bb3_5&#8243; _builder_version=\u00bb4.16&#8243; global_colors_info=\u00bb{}\u00bb][et_pb_text admin_label=\u00bbText Cada ficha contiene\u00bb _builder_version=\u00bb4.16&#8243; global_colors_info=\u00bb{}\u00bb]<\/p>\n<p>Cada ficha contiene del servicio o la entidad:<\/p>\n<ul>\n<li>Ubicaci\u00f3n.<\/li>\n<li>Contacto.<\/li>\n<li>A quien se dirige (poblaci\u00f3n destinataria).<\/li>\n<li>Programas.<\/li>\n<li>V\u00eda de acceso.<\/li>\n<li>Qu\u00e9 organizaci\u00f3n lo\u00a0 gestiona (cuando es un servicio).<\/li>\n<\/ul>\n<p>[\/et_pb_text][et_pb_text admin_label=\u00bbText Descripci\u00f3 categories\u00bb _builder_version=\u00bb4.16&#8243; global_colors_info=\u00bb{}\u00bb]<\/p>\n<div class=\"et_pb_text et_pb_module et_pb_bg_layout_light et_pb_text_align_left et_pb_text_3\">\n<div class=\"et_pb_text_inner\">\n<div class=\"et_pb_text et_pb_module et_pb_bg_layout_light et_pb_text_align_left et_pb_text_4\">\n<div class=\"et_pb_text_inner\">Las fichas est\u00e1n organizadas siguiendo diferentes criterios:<\/div>\n<ul>\n<li class=\"et_pb_text_inner\"><strong>ACC\u00c9SO AL RECURSO<\/strong>: en funci\u00f3n de si se puede ir directamente o es necesario i derivado (desde atenci\u00f3n primaria de salud o de un servicio especializado).<\/li>\n<li class=\"et_pb_text_inner\"><strong>ATENCI\u00d3N A FAMILIARES<\/strong>: incluye aquellos que trabajan con la familia de la persona que tiene un trastorno o una adicci\u00f3n.<\/li>\n<li class=\"et_pb_text_inner\"><strong>EDAD<\/strong>: servicios que trabajan con ni\u00f1os y ni\u00f1as (hasta los 12 a\u00f1os), con adolescentes (de 13 a 18 a\u00f1os), con personas adultas o est\u00e1 especializado en trastornos propios de la vejez.<\/li>\n<li class=\"et_pb_text_inner\"><strong>MUNDO ASOCIATIVO<\/strong>: hay entidades con una base social (pueden tener profesionales en su equipo o no).<\/li>\n<li class=\"et_pb_text_inner\"><strong>\u00c1MBITO DE TREBALL<\/strong>: trastornos mentales, drogodependencias, adicciones no qu\u00edmicas (socioadicciones) u otras.<\/li>\n<li class=\"et_pb_text_inner\"><strong>TIPO DE ATENCI\u00d3N<\/strong>: en funci\u00f3n del nivel de especializaci\u00f3n y relaci\u00f3n con el entorno est\u00e1 la atenci\u00f3n primaria (primer nivel de acceso), comunitaria (servicios especializados en un entorno comunitario), hospitalaria o social.<\/li>\n<\/ul>\n<\/div>\n<\/div>\n<\/div>\n<p>[\/et_pb_text][\/et_pb_column][\/et_pb_row][\/et_pb_section][et_pb_section fb_built=\u00bb1&#8243; admin_label=\u00bbSecci\u00f3 PIE P\u00c1GINA castellano\u00bb _builder_version=\u00bb4.24.2&#8243; _module_preset=\u00bbdefault\u00bb background_color=\u00bb#000000&#8243; global_colors_info=\u00bb{}\u00bb][et_pb_row column_structure=\u00bb1_3,1_3,1_3&#8243; _builder_version=\u00bb4.24.2&#8243; _module_preset=\u00bbdefault\u00bb global_colors_info=\u00bb{}\u00bb][et_pb_column type=\u00bb1_3&#8243; _builder_version=\u00bb4.24.2&#8243; _module_preset=\u00bbdefault\u00bb global_colors_info=\u00bb{}\u00bb][et_pb_text _builder_version=\u00bb4.24.2&#8243; _module_preset=\u00bbdefault\u00bb global_colors_info=\u00bb{}\u00bb]<\/p>\n<div class=\"et_pb_module et_pb_text et_pb_text_8  et_pb_text_align_justified et_pb_bg_layout_light\">\n<div class=\"et_pb_text_inner\">\n<h3 style=\"color: #ffffff;\">Acceso r\u00e1pido<\/h3>\n<p><a style=\"color: #ffffff;\" href=\"https:\/\/salutmental.info\/el-web-i-nosaltres\/contactar\/\">Contacto<\/a><br \/>\n<a style=\"color: #ffffff;\" href=\"https:\/\/www.gramenet.cat\/seu-electronica\/informacio-sobre-la-seu\/avis-legal\/\" target=\"_blank\" rel=\"noopener\" data-insuit-uuid=\"353acac9-b95d-41db-890e-0fe22e36e2f4\">Aviso legal<\/a><br \/>\n<a style=\"color: #ffffff;\" title=\"Protecci\u00f3 de dades\" href=\"https:\/\/www.gramenet.cat\/seu-electronica\/proteccio-de-dades\/\" target=\"_blank\" rel=\"noopener\" data-insuit-uuid=\"f42a28cb-669d-4f92-abed-89a78fb31d26\">Pol\u00edtica de protecci\u00f3n de datos<\/a><br \/>\n<a style=\"color: #ffffff;\" href=\"https:\/\/www.gramenet.cat\/seu-electronica\/accessibilitat\/\" data-insuit-uuid=\"d825170a-0959-415e-bc12-d7ce6a9bb8a2\">Accesibilidad<\/a><\/p>\n<\/div>\n<\/div>\n<div class=\"et_pb_module et_pb_text et_pb_text_9  et_pb_text_align_justified et_pb_bg_layout_light\">\n<div class=\"et_pb_text_inner\"><a style=\"color: #ffffff;\" href=\"https:\/\/salutmental.info\/\">Catal\u00e0<\/a>\u00a0<a tyle=\"color: red\"  href=\"https:\/\/salutmental.info\/es\/\">Castellano<\/a><\/div>\n<\/div>\n<p>[\/et_pb_text][\/et_pb_column][et_pb_column type=\u00bb1_3&#8243; _builder_version=\u00bb4.24.2&#8243; _module_preset=\u00bbdefault\u00bb global_colors_info=\u00bb{}\u00bb][et_pb_text admin_label=\u00bbTexto e-Redes sociales\u00bb _builder_version=\u00bb4.24.2&#8243; _module_preset=\u00bbdefault\u00bb global_colors_info=\u00bb{}\u00bb]<\/p>\n<h3 style=\"color: #ffffff;\">e-Redes sociales<\/h3>\n<p><a style=\"color: #ffffff;\" title=\"@scgramenet\" href=\"http:\/\/twitter.com\/scgramenet\" target=\"_blank\" rel=\"noopener\" data-insuit-uuid=\"b3e0d28b-dc44-4f86-8346-4e0365352a49\">Twitter\u00ae<\/a><br \/>\n<a style=\"color: #ffffff;\" title=\"Pasi\u00f3n por Santako\" href=\"https:\/\/www.facebook.com\/PasionPorSantako\/\" target=\"_blank\" rel=\"noopener\" data-insuit-uuid=\"d7d32cfb-104d-49e1-ae1d-661bf056d52f\">Facebook\u00ae<\/a><br \/>\n<a style=\"color: #ffffff;\" href=\"http:\/\/www.slideshare.net\/scgramenet\" target=\"_blank\" rel=\"noopener\" data-insuit-uuid=\"bddc3bcb-dbbc-4022-91ad-8426d5697366\">SlideShare\u00ae<\/a><br \/>\n<a style=\"color: #ffffff;\" href=\"https:\/\/www.youtube.com\/channel\/UC07JH7VJ6nw9OBnxScovrCA\" target=\"_blank\" rel=\"noopener\" data-insuit-uuid=\"77d03fce-5840-489b-9fcd-25a0abf9b0f8\">YouTube\u00ae<\/a><br \/>\n<a style=\"color: #ffffff;\" href=\"https:\/\/www.instagram.com\/pla_salut_gramenet\/\" target=\"_blank\" rel=\"noopener\" data-insuit-uuid=\"f82bba6b-dc9a-4033-9fe9-9c44fe0c6a34\">Instagram\u00ae<\/a><\/p>\n<p>[\/et_pb_text][\/et_pb_column][et_pb_column type=\u00bb1_3&#8243; _builder_version=\u00bb4.24.2&#8243; _module_preset=\u00bbdefault\u00bb global_colors_info=\u00bb{}\u00bb][et_pb_text admin_label=\u00bbTexto adre\u00e7a Ajuntament\u00bb _builder_version=\u00bb4.24.2&#8243; _module_preset=\u00bbdefault\u00bb global_colors_info=\u00bb{}\u00bb]<\/p>\n<p style=\"color: #ffffff; text-align: right;\">Ajuntament de Santa Coloma de Gramenet<br \/>Pla\u00e7a de la Vila, 1 &#8211; 08921 Santa Coloma de Gramenet &#8211; Barcelona<br \/>Tel.: 93 462 40 00<br \/>NIF: P0824500C<\/p>\n<p>[\/et_pb_text][\/et_pb_column][\/et_pb_row][\/et_pb_section]<\/p>\n","protected":false},"excerpt":{"rendered":"<p>&nbsp; Abrir el desplegable para ver toda la lista. Cada servicio o entidad tiene una descripci\u00f3n breve y un enlace a su ficha. Atenci\u00f3n a la salud sexual reproductivaServicio especializado en la atenci\u00f3n sexual y reproductiva de adolescentes, j\u00f3venes y personas adultas con atenci\u00f3n sanitaria y psicol\u00f3gica. Bus intermunicipal de la metadona (BIM)Servicio de subministro [&hellip;]<\/p>\n","protected":false},"author":1,"featured_media":0,"parent":0,"menu_order":10,"comment_status":"closed","ping_status":"closed","template":"page-template-blank.php","meta":{"_et_pb_use_builder":"on","_et_pb_old_content":"<div class=\"et_pb_text et_pb_module et_pb_bg_layout_light et_pb_text_align_left et_pb_text_3\">\r\n<div class=\"et_pb_text_inner\">\r\n<div class=\"et_pb_text et_pb_module et_pb_bg_layout_light et_pb_text_align_left et_pb_text_4\">\r\n<div class=\"et_pb_text_inner\">\r\n\r\nAbajo est\u00e1n todos los recursos y entidades que trabajan en Santa Coloma o con personas de la ciudad, organizada siguiendo diferentes criterios:\r\n<ul>\r\n \t<li><strong>ACCESO AL RECURSO<\/strong>: en funci\u00f3n de si se puede ir directamente, o hay que ser derivado desde atenci\u00f3n primaria de salud o de un servicio especializado.<\/li>\r\n \t<li><strong>ATENCI\u00d3N A FAMILIARES<\/strong>: son aquellos que trabajan con la familia de la persona que tiene un trastorno o una adicci\u00f3n.<\/li>\r\n \t<li><strong>EDAD<\/strong>: trabajan con ni\u00f1os y ni\u00f1as (hasta los 12 a\u00f1os), con adolescentes (hasta los 18), con personas adultas o en la vejez<strong>.<\/strong><\/li>\r\n \t<li><strong>MUNDO ASOCIATIVO<\/strong>: est\u00e1n las entidades con una base social.<\/li>\r\n \t<li><strong> \u00c1MBITO<\/strong>: en funci\u00f3n de si atienden a personas con trastornos mentales, drogodependencias, adicciones no qu\u00edmicas (socioadicciones) u otros.<strong>\r\n<\/strong><\/li>\r\n \t<li><strong> TIPO DE ATENCI\u00d3N<\/strong>: atenci\u00f3n primaria (primer nivel de acceso), comunitaria (servicios especializados en un entorno comunitario), hospitalaria o social.<\/li>\r\n<\/ul>\r\nPara conocer los recursos o servicios, abra la categor\u00eda haciendo un clic en el signo \"+\" para ver los que cumplen ese criterio.\r\nUna vez abierta, cada ficha tiene los criterios que cumple justo debajo del t\u00edtulo.\r\n\r\n<\/div>\r\n<\/div>\r\n<\/div>\r\n<\/div>\r\n[do_widget_area widgets_for_shortcodes]","_et_gb_content_width":"","footnotes":""},"class_list":["post-880","page","type-page","status-publish","hentry"],"_links":{"self":[{"href":"https:\/\/salutmental.info\/es\/wp-json\/wp\/v2\/pages\/880","targetHints":{"allow":["GET"]}}],"collection":[{"href":"https:\/\/salutmental.info\/es\/wp-json\/wp\/v2\/pages"}],"about":[{"href":"https:\/\/salutmental.info\/es\/wp-json\/wp\/v2\/types\/page"}],"author":[{"embeddable":true,"href":"https:\/\/salutmental.info\/es\/wp-json\/wp\/v2\/users\/1"}],"replies":[{"embeddable":true,"href":"https:\/\/salutmental.info\/es\/wp-json\/wp\/v2\/comments?post=880"}],"version-history":[{"count":18,"href":"https:\/\/salutmental.info\/es\/wp-json\/wp\/v2\/pages\/880\/revisions"}],"predecessor-version":[{"id":6859,"href":"https:\/\/salutmental.info\/es\/wp-json\/wp\/v2\/pages\/880\/revisions\/6859"}],"wp:attachment":[{"href":"https:\/\/salutmental.info\/es\/wp-json\/wp\/v2\/media?parent=880"}],"curies":[{"name":"wp","href":"https:\/\/api.w.org\/{rel}","templated":true}]}}