{"id":6740,"date":"2024-03-14T12:09:16","date_gmt":"2024-03-14T11:09:16","guid":{"rendered":"https:\/\/salutmental.info\/?page_id=6740"},"modified":"2024-03-14T12:09:21","modified_gmt":"2024-03-14T11:09:21","slug":"el-trastorno-limite-de-personalidad","status":"publish","type":"page","link":"https:\/\/salutmental.info\/es\/trastorns-mentals\/el-trastorno-limite-de-personalidad\/","title":{"rendered":"El trastorno l\u00edmite de personalidad"},"content":{"rendered":"<p>[et_pb_section fb_built=\u00bb1&#8243; fullwidth=\u00bbon\u00bb custom_padding_last_edited=\u00bbon|desktop\u00bb admin_label=\u00bbSecci\u00f3 men\u00fa CASTELL\u00c0\u00bb _builder_version=\u00bb4.24.2&#8243; background_color=\u00bb#d7282e\u00bb custom_padding_tablet=\u00bb50px|0|50px|0&#8243; custom_padding_phone=\u00bb\u00bb transparent_background=\u00bboff\u00bb padding_mobile=\u00bboff\u00bb global_colors_info=\u00bb{}\u00bb theme_builder_area=\u00bbpost_content\u00bb][et_pb_fullwidth_menu menu_id=\u00bb11&#8243; submenu_direction=\u00bbdownwards\u00bb fullwidth_menu=\u00bboff\u00bb logo=\u00bbhttps:\/\/salutmental.info\/wp-content\/uploads\/2024\/02\/logo_aj_negatiu-200.png\u00bb admin_label=\u00bbMen\u00fa CASTELL\u00c0\u00bb _builder_version=\u00bb4.24.2&#8243; background_color=\u00bb#d7282e\u00bb text_orientation=\u00bbright\u00bb background_layout=\u00bbdark\u00bb global_colors_info=\u00bb{}\u00bb theme_builder_area=\u00bbpost_content\u00bb]&nbsp;<br \/>\n[\/et_pb_fullwidth_menu][\/et_pb_section][et_pb_section fb_built=\u00bb1&#8243; custom_padding_last_edited=\u00bbon|desktop\u00bb admin_label=\u00bbsection\u00bb _builder_version=\u00bb4.16&#8243; background_color=\u00bb#0c71c3&#8243; custom_padding_tablet=\u00bb50px|0|50px|0&#8243; custom_padding_phone=\u00bb50px|0|50px|0&#8243; transparent_background=\u00bboff\u00bb padding_mobile=\u00bboff\u00bb make_fullwidth=\u00bboff\u00bb use_custom_width=\u00bboff\u00bb width_unit=\u00bbon\u00bb global_colors_info=\u00bb{}\u00bb][et_pb_row admin_label=\u00bbFila\u00bb _builder_version=\u00bb4.16&#8243; background_size=\u00bbinitial\u00bb background_position=\u00bbtop_left\u00bb background_repeat=\u00bbrepeat\u00bb global_colors_info=\u00bb{}\u00bb][et_pb_column type=\u00bb4_4&#8243; _builder_version=\u00bb4.16&#8243; custom_padding=\u00bb|||\u00bb global_colors_info=\u00bb{}\u00bb custom_padding__hover=\u00bb|||\u00bb][et_pb_post_title meta=\u00bboff\u00bb featured_image=\u00bboff\u00bb text_color=\u00bblight\u00bb admin_label=\u00bbT\u00edtulo de publicaci\u00f3n\u00bb _builder_version=\u00bb4.16&#8243; title_all_caps=\u00bboff\u00bb background_color=\u00bbrgba(255,255,255,0)\u00bb parallax=\u00bbon\u00bb parallax_method=\u00bboff\u00bb parallax_effect=\u00bbon\u00bb module_bg_color=\u00bbrgba(255,255,255,0)\u00bb use_border_color=\u00bboff\u00bb border_color=\u00bb#ffffff\u00bb border_style=\u00bbsolid\u00bb global_colors_info=\u00bb{}\u00bb] [\/et_pb_post_title][\/et_pb_column][\/et_pb_row][et_pb_row column_structure=\u00bb1_2,1_2&#8243; admin_label=\u00bbrow\u00bb _builder_version=\u00bb4.16&#8243; background_size=\u00bbinitial\u00bb background_position=\u00bbtop_left\u00bb background_repeat=\u00bbrepeat\u00bb global_colors_info=\u00bb{}\u00bb][et_pb_column type=\u00bb1_2&#8243; _builder_version=\u00bb4.16&#8243; custom_padding=\u00bb|||\u00bb global_colors_info=\u00bb{}\u00bb custom_padding__hover=\u00bb|||\u00bb][et_pb_accordion admin_label=\u00bbAcordi\u00f3: Qu\u00e9 es + C\u00f3moe me puedo sentir\u00bb _builder_version=\u00bb4.24.2&#8243; hover_enabled=\u00bb0&#8243; use_border_color=\u00bboff\u00bb border_color=\u00bb#ffffff\u00bb border_style=\u00bbsolid\u00bb global_colors_info=\u00bb{}\u00bb sticky_enabled=\u00bb0&#8243;][et_pb_accordion_item title=\u00bbQU\u00c9 ES\u00bb open=\u00bbon\u00bb _builder_version=\u00bb4.24.2&#8243; hover_enabled=\u00bb0&#8243; global_colors_info=\u00bb{}\u00bb sticky_enabled=\u00bb0&#8243;]<\/p>\n<p>El trastorno de la personalidad l\u00edmite (TLP) es una alteraci\u00f3n grave de la personalidad y los comportamientos. Por lo general, afecta varios aspectos de la personalidad y casi siempre se acompa\u00f1a de considerables alteraciones personales y sociales.<\/p>\n<p>Incluye una variedad de estados cl\u00ednicamente significativos y patrones de comportamiento, que tienden a persistir en un estilo de vida caracter\u00edstico y en la forma en que se relacionan con uno o uno y otros.<\/p>\n<p>[\/et_pb_accordion_item][et_pb_accordion_item title=\u00bbC\u00d3MO ME PUEDO SENTIR\u00bb _builder_version=\u00bb4.24.2&#8243; hover_enabled=\u00bb0&#8243; global_colors_info=\u00bb{}\u00bb open=\u00bboff\u00bb sticky_enabled=\u00bb0&#8243;]<\/p>\n<p>A menudo pasa por estados de \u00e1nimo extremos que pueden variar desde una ira m\u00e1s intensa hasta el des\u00e1nimo y la tristeza profunda.<\/p>\n<p>Se experimenta una incontrolabilidad y hay poco dominio disponible en las reacciones o comportamientos impulsivos asociados con estos estados emocionales.<\/p>\n<p>Las personas que lo sufren tienen insatisfacci\u00f3n constante y permanente, y se sienten vac\u00edas o vac\u00edas en el estado que, a pesar de parecer aburrimiento, no lo es. Este sentimiento de vac\u00edo se vuelve intolerable e intenta calmarlo comiendo demasiado, con usos compulsivos de drogas, estableciendo relaciones da\u00f1inas o buscando experiencias impactantes e intensas.<\/p>\n<p>Tiende a mantener relaciones inestables e intensas, pasando r\u00e1pidamente del amor al odio. A menudo hacen un esfuerzo fren\u00e9tico para evitar la soledad, si este sentimiento de abandono tiene causas reales o imaginarias.<\/p>\n<p>Familias, amigos y amigos, y los profesionales observan un comportamiento provocativo y de riesgo que transgrede las reglas y los l\u00edmites, y abordando el peligro. Tiende al absentismo o a la escuela que puede conducir al fracaso.<\/p>\n<p>Existe una clara dificultad para mantener objetivos, compromisos y proyectos.<\/p>\n<p>[\/et_pb_accordion_item][\/et_pb_accordion][\/et_pb_column][et_pb_column type=\u00bb1_2&#8243; _builder_version=\u00bb4.16&#8243; custom_padding=\u00bb|||\u00bb global_colors_info=\u00bb{}\u00bb custom_padding__hover=\u00bb|||\u00bb][et_pb_accordion admin_label=\u00bbAcorde\u00f3: C\u00f3mo se presenta + Qu\u00e9 puedo hacer\u00bb _builder_version=\u00bb4.24.2&#8243; hover_enabled=\u00bb0&#8243; use_border_color=\u00bboff\u00bb border_color=\u00bb#ffffff\u00bb border_style=\u00bbsolid\u00bb global_colors_info=\u00bb{}\u00bb sticky_enabled=\u00bb0&#8243;][et_pb_accordion_item title=\u00bbC\u00d3MO SE PRESENTA\u00bb open=\u00bbon\u00bb _builder_version=\u00bb4.24.2&#8243; hover_enabled=\u00bb0&#8243; global_colors_info=\u00bb{}\u00bb sticky_enabled=\u00bb0&#8243;]<\/p>\n<p>Las personas que lo sufren tienen hipersensibilidad al estr\u00e9s y todo lo que los rodea, lo que causa una inestabilidad emocional significativa.<\/p>\n<p>Tienes un estado de \u00e1nimo constante que se expresa con ira, ira y violencia verbal o f\u00edsica, y les resulta muy dif\u00edcil regularlo.<\/p>\n<p>La impulsividad extrema hace que est\u00e9n en riesgo y tengan comportamientos extremos, como relaciones promiscuas, incontrolabilidad de los h\u00e1bitos alimenticios, adicciones, conducci\u00f3n imprudente, intentos de suicidio o comportamientos automutilantes.<\/p>\n<p>Este trastorno de la personalidad a menudo va acompa\u00f1ado de otros, como trastornos afectivos o de ansiedad, uso problem\u00e1tico de drogas o comportamientos de alimentos extremos.<\/p>\n<p>[\/et_pb_accordion_item][et_pb_accordion_item title=\u00bbQU\u00c9 PUEDO HACER\u00bb _builder_version=\u00bb4.24.2&#8243; hover_enabled=\u00bb0&#8243; global_colors_info=\u00bb{}\u00bb open=\u00bboff\u00bb sticky_enabled=\u00bb0&#8243;]<\/p>\n<p>Las personas que experimentan este trastorno no siempre pueden entender lo que les est\u00e1 sucediendo y, en consecuencia, pueden no estar dispuestos a buscar ayuda.<\/p>\n<p>Al recibir un tratamiento y un apoyo adecuado, hay muchas posibilidades para controlar y tolerar el estr\u00e9s de una manera m\u00e1s apropiada, mejorando la estabilidad emocional y las relaciones familiares y las personas.<\/p>\n<p>[\/et_pb_accordion_item][\/et_pb_accordion][\/et_pb_column][\/et_pb_row][et_pb_row column_structure=\u00bb1_2,1_2&#8243; admin_label=\u00bbFila\u00bb _builder_version=\u00bb4.16&#8243; background_size=\u00bbinitial\u00bb background_position=\u00bbtop_left\u00bb background_repeat=\u00bbrepeat\u00bb global_colors_info=\u00bb{}\u00bb][et_pb_column type=\u00bb1_2&#8243; _builder_version=\u00bb4.16&#8243; custom_padding=\u00bb|||\u00bb global_colors_info=\u00bb{}\u00bb custom_padding__hover=\u00bb|||\u00bb][\/et_pb_column][et_pb_column type=\u00bb1_2&#8243; _builder_version=\u00bb4.16&#8243; custom_padding=\u00bb|||\u00bb global_colors_info=\u00bb{}\u00bb custom_padding__hover=\u00bb|||\u00bb][et_pb_text admin_label=\u00bbTexto\u00bb _builder_version=\u00bb4.24.2&#8243; background_size=\u00bbinitial\u00bb background_position=\u00bbtop_left\u00bb background_repeat=\u00bbrepeat\u00bb text_orientation=\u00bbleft\u00bb background_layout=\u00bbdark\u00bb hover_enabled=\u00bb0&#8243; use_border_color=\u00bboff\u00bb border_color=\u00bb#ffffff\u00bb border_style=\u00bbsolid\u00bb global_colors_info=\u00bb{}\u00bb sticky_enabled=\u00bb0&#8243;]<\/p>\n<p style=\"text-align: right;\">Informaci\u00f3n estreta de la web <a href=\"http:\/\/espaijove.net\">http:\/\/espaijove.net<\/a> con su autoritzaci\u00f3n.<\/p>\n<p>[\/et_pb_text][\/et_pb_column][\/et_pb_row][\/et_pb_section][et_pb_section fb_built=\u00bb1&#8243; admin_label=\u00bbSecci\u00f3 PIE P\u00c1GINA castellano\u00bb _builder_version=\u00bb4.24.2&#8243; _module_preset=\u00bbdefault\u00bb background_color=\u00bb#000000&#8243; global_colors_info=\u00bb{}\u00bb theme_builder_area=\u00bbpost_content\u00bb][et_pb_row column_structure=\u00bb1_3,1_3,1_3&#8243; _builder_version=\u00bb4.24.2&#8243; _module_preset=\u00bbdefault\u00bb global_colors_info=\u00bb{}\u00bb theme_builder_area=\u00bbpost_content\u00bb][et_pb_column type=\u00bb1_3&#8243; _builder_version=\u00bb4.24.2&#8243; _module_preset=\u00bbdefault\u00bb global_colors_info=\u00bb{}\u00bb theme_builder_area=\u00bbpost_content\u00bb][et_pb_text _builder_version=\u00bb4.24.2&#8243; _module_preset=\u00bbdefault\u00bb global_colors_info=\u00bb{}\u00bb theme_builder_area=\u00bbpost_content\u00bb]<\/p>\n<div class=\"et_pb_module et_pb_text et_pb_text_8  et_pb_text_align_justified et_pb_bg_layout_light\">\n<div class=\"et_pb_text_inner\">\n<h3 style=\"color: #ffffff;\">Acceso r\u00e1pido<\/h3>\n<p><a style=\"color: #ffffff;\" href=\"https:\/\/salutmental.info\/el-web-i-nosaltres\/contactar\/\">Contacto<\/a><br \/>\n<a style=\"color: #ffffff;\" href=\"https:\/\/www.gramenet.cat\/seu-electronica\/informacio-sobre-la-seu\/avis-legal\/\" target=\"_blank\" rel=\"noopener\" data-insuit-uuid=\"353acac9-b95d-41db-890e-0fe22e36e2f4\">Aviso legal<\/a><br \/>\n<a style=\"color: #ffffff;\" title=\"Protecci\u00f3 de dades\" href=\"https:\/\/www.gramenet.cat\/seu-electronica\/proteccio-de-dades\/\" target=\"_blank\" rel=\"noopener\" data-insuit-uuid=\"f42a28cb-669d-4f92-abed-89a78fb31d26\">Pol\u00edtica de protecci\u00f3n de datos<\/a><br \/>\n<a style=\"color: #ffffff;\" href=\"https:\/\/www.gramenet.cat\/seu-electronica\/accessibilitat\/\" data-insuit-uuid=\"d825170a-0959-415e-bc12-d7ce6a9bb8a2\">Accesibilidad<\/a><\/p>\n<\/div>\n<\/div>\n<div class=\"et_pb_module et_pb_text et_pb_text_9  et_pb_text_align_justified et_pb_bg_layout_light\">\n<div class=\"et_pb_text_inner\"><a style=\"color: #ffffff;\" href=\"https:\/\/salutmental.info\/\">Catal\u00e0<\/a>\u00a0<a tyle=\"color: red\"  href=\"https:\/\/salutmental.info\/es\/\">Castellano<\/a><\/div>\n<\/div>\n<p>[\/et_pb_text][\/et_pb_column][et_pb_column type=\u00bb1_3&#8243; _builder_version=\u00bb4.24.2&#8243; _module_preset=\u00bbdefault\u00bb global_colors_info=\u00bb{}\u00bb theme_builder_area=\u00bbpost_content\u00bb][et_pb_text admin_label=\u00bbTexto e-Redes sociales\u00bb _builder_version=\u00bb4.24.2&#8243; _module_preset=\u00bbdefault\u00bb global_colors_info=\u00bb{}\u00bb theme_builder_area=\u00bbpost_content\u00bb]<\/p>\n<h3 style=\"color: #ffffff;\">e-Redes sociales<\/h3>\n<p><a style=\"color: #ffffff;\" title=\"@scgramenet\" href=\"http:\/\/twitter.com\/scgramenet\" target=\"_blank\" rel=\"noopener\" data-insuit-uuid=\"b3e0d28b-dc44-4f86-8346-4e0365352a49\">Twitter\u00ae<\/a><br \/>\n<a style=\"color: #ffffff;\" title=\"Pasi\u00f3n por Santako\" href=\"https:\/\/www.facebook.com\/PasionPorSantako\/\" target=\"_blank\" rel=\"noopener\" data-insuit-uuid=\"d7d32cfb-104d-49e1-ae1d-661bf056d52f\">Facebook\u00ae<\/a><br \/>\n<a style=\"color: #ffffff;\" href=\"http:\/\/www.slideshare.net\/scgramenet\" target=\"_blank\" rel=\"noopener\" data-insuit-uuid=\"bddc3bcb-dbbc-4022-91ad-8426d5697366\">SlideShare\u00ae<\/a><br \/>\n<a style=\"color: #ffffff;\" href=\"https:\/\/www.youtube.com\/channel\/UC07JH7VJ6nw9OBnxScovrCA\" target=\"_blank\" rel=\"noopener\" data-insuit-uuid=\"77d03fce-5840-489b-9fcd-25a0abf9b0f8\">YouTube\u00ae<\/a><br \/>\n<a style=\"color: #ffffff;\" href=\"https:\/\/www.instagram.com\/pla_salut_gramenet\/\" target=\"_blank\" rel=\"noopener\" data-insuit-uuid=\"f82bba6b-dc9a-4033-9fe9-9c44fe0c6a34\">Instagram\u00ae<\/a><\/p>\n<p>[\/et_pb_text][\/et_pb_column][et_pb_column type=\u00bb1_3&#8243; _builder_version=\u00bb4.24.2&#8243; _module_preset=\u00bbdefault\u00bb global_colors_info=\u00bb{}\u00bb theme_builder_area=\u00bbpost_content\u00bb][et_pb_text admin_label=\u00bbTexto adre\u00e7a Ajuntament\u00bb _builder_version=\u00bb4.24.2&#8243; _module_preset=\u00bbdefault\u00bb global_colors_info=\u00bb{}\u00bb theme_builder_area=\u00bbpost_content\u00bb]<\/p>\n<p style=\"color: #ffffff; text-align: right;\">Ajuntament de Santa Coloma de Gramenet<br \/>Pla\u00e7a de la Vila, 1 &#8211; 08921 Santa Coloma de Gramenet &#8211; Barcelona<br \/>Tel.: 93 462 40 00<br \/>NIF: P0824500C<\/p>\n<p>[\/et_pb_text][\/et_pb_column][\/et_pb_row][\/et_pb_section]<\/p>\n","protected":false},"excerpt":{"rendered":"<p>&nbsp; El trastorno de la personalidad l\u00edmite (TLP) es una alteraci\u00f3n grave de la personalidad y los comportamientos. Por lo general, afecta varios aspectos de la personalidad y casi siempre se acompa\u00f1a de considerables alteraciones personales y sociales. Incluye una variedad de estados cl\u00ednicamente significativos y patrones de comportamiento, que tienden a persistir en un [&hellip;]<\/p>\n","protected":false},"author":7,"featured_media":0,"parent":920,"menu_order":0,"comment_status":"closed","ping_status":"closed","template":"page-template-blank.php","meta":{"_et_pb_use_builder":"on","_et_pb_old_content":"<p>[et_pb_section fb_built=\"1\" fullwidth=\"on\" custom_padding_last_edited=\"on|desktop\" admin_label=\"Secci\u00f3 men\u00fa\" _builder_version=\"4.24.0\" custom_padding_tablet=\"50px|0|50px|0\" custom_padding_phone=\"\" transparent_background=\"off\" padding_mobile=\"off\" make_fullwidth=\"off\" use_custom_width=\"off\" width_unit=\"off\" custom_width_px=\"1080px\" custom_width_percent=\"80%\" global_colors_info=\"{}\" theme_builder_area=\"post_content\"][et_pb_fullwidth_menu menu_id=\"11\" submenu_direction=\"downwards\" fullwidth_menu=\"off\" logo=\"https:\/\/salutmental.info\/wp-content\/uploads\/2024\/02\/LOGOAJUNT-negatiu-copia.png\" admin_label=\"Men\u00fa vermell CAT\" _builder_version=\"4.24.0\" background_color=\"#d7282e\" background_size=\"initial\" background_position=\"top_left\" background_repeat=\"repeat\" text_orientation=\"right\" background_layout=\"dark\" global_colors_info=\"{}\" theme_builder_area=\"post_content\"][\/et_pb_fullwidth_menu][\/et_pb_section][et_pb_section fb_built=\"1\" custom_padding_last_edited=\"on|desktop\" admin_label=\"section\" _builder_version=\"4.16\" background_color=\"#0c71c3\" custom_padding_tablet=\"50px|0|50px|0\" transparent_background=\"off\" padding_mobile=\"off\" make_fullwidth=\"off\" use_custom_width=\"off\" width_unit=\"on\" global_colors_info=\"{}\" custom_padding_phone=\"50px|0|50px|0\"][et_pb_row admin_label=\"Fila\" _builder_version=\"4.16\" background_size=\"initial\" background_position=\"top_left\" background_repeat=\"repeat\" global_colors_info=\"{}\"][et_pb_column type=\"4_4\" _builder_version=\"4.16\" custom_padding=\"|||\" global_colors_info=\"{}\" custom_padding__hover=\"|||\"][et_pb_post_title meta=\"off\" featured_image=\"off\" text_color=\"light\" admin_label=\"T\u00edtulo de publicaci\u00f3n\" _builder_version=\"4.16\" title_all_caps=\"off\" background_color=\"rgba(255,255,255,0)\" parallax=\"on\" parallax_method=\"off\" parallax_effect=\"on\" module_bg_color=\"rgba(255,255,255,0)\" use_border_color=\"off\" border_color=\"#ffffff\" border_style=\"solid\" global_colors_info=\"{}\"] [\/et_pb_post_title][\/et_pb_column][\/et_pb_row][et_pb_row admin_label=\"row\" _builder_version=\"4.16\" background_size=\"initial\" background_position=\"top_left\" background_repeat=\"repeat\" global_colors_info=\"{}\" column_structure=\"1_2,1_2\"][et_pb_column type=\"1_2\" _builder_version=\"4.16\" custom_padding=\"|||\" global_colors_info=\"{}\" custom_padding__hover=\"|||\"][et_pb_accordion admin_label=\"Acordi\u00f3: Qu\u00e8 \u00e9s + Com em puc sentir\" _builder_version=\"4.16\" use_border_color=\"off\" border_color=\"#ffffff\" border_style=\"solid\" global_colors_info=\"{}\"][et_pb_accordion_item title=\"QU\u00c8 \u00c9S\" _builder_version=\"4.16\" global_colors_info=\"{}\" open=\"on\"]El trastorn l\u00edmit de la personalitat (TLP) \u00e9s una alteraci\u00f3 severa de la personalitat i dels comportaments. Normalment afecta a diversos aspectes de la personalitat i quasi sempre va acompanyat d\u2019alteracions personals i socials considerables.<\/p><p>Inclou una varietat d\u2019estats cl\u00ednicament significatius i de patrons de conducta, que tendeixen a persistir en un estil de vida caracter\u00edstic i en la forma de relacionar-se amb un o una mateixa i amb les altres persones.<br \/>[\/et_pb_accordion_item][et_pb_accordion_item title=\"COM EM PUC SENTIR\" _builder_version=\"4.16\" global_colors_info=\"{}\" open=\"off\"]Sovint es passa per uns estats d\u2019\u00e0nim extrems que poden anar des de la r\u00e0bia m\u00e9s intensa al des\u00e0nim i a una tristesa profunda.<\/p><p>S\u2019experimenta un descontrol i es t\u00e9 poc domini sobre les reaccions o conductes impulsives associades a aquests estats emocionals.<\/p><p>Les persones que el pateixen tenen una insatisfacci\u00f3 constant i permanent, i se senten buits o buides per dins estat que tot i semblar avorriment no ho \u00e9s. Aquesta sensaci\u00f3 de buidor es fa intolerable i miren de calmar-la menjant massa, amb usos compulsius de drogues, establint relacions nocives o cercant experi\u00e8ncies impactants i intenses.<\/p><p>Es tendeix a mantenir relacions inestables i intenses, passant r\u00e0pidament de l\u2019amor a l\u2019odi. Sovint fan un esfor\u00e7 fren\u00e8tic per evitar la soledat, tan si aquesta sensaci\u00f3 d\u2019abandonament t\u00e9 causes reals o imagin\u00e0ries.<\/p><p>La fam\u00edlia, les amigues i els amics, i professionals observen conductes provocadores i de risc que transgredeixen les normes i els l\u00edmits, i que l\u2019acosten al perill. Es tendeix al absentisme laboral o escolar que pot comportar un frac\u00e0s.<\/p><p>Es t\u00e9 una dificultat clara en mantenir objectius, compromisos i projectes.<br \/>[\/et_pb_accordion_item][\/et_pb_accordion][\/et_pb_column][et_pb_column type=\"1_2\" _builder_version=\"4.16\" custom_padding=\"|||\" global_colors_info=\"{}\" custom_padding__hover=\"|||\"][et_pb_accordion admin_label=\"Acorde\u00f3: Com es presentar + Qu\u00e8 puc fer\" _builder_version=\"4.16\" use_border_color=\"off\" border_color=\"#ffffff\" border_style=\"solid\" global_colors_info=\"{}\"][et_pb_accordion_item title=\"COM ES PRESENTA\" _builder_version=\"4.16\" global_colors_info=\"{}\" open=\"on\"]Les persones que el pateixen tenen una hipersensibilitat a l\u2019estr\u00e8s i a tot el que les envolta, fet que provoca una inestabilitat emocional important.<\/p><p>Es t\u00e9 un mal humor constant que s\u2019expressa amb ira, r\u00e0bia, i viol\u00e8ncia verbal o f\u00edsica, i els resulta molt dif\u00edcil regular-lo.<\/p><p>La impulsivitat extrema fa que tendeixin a posar-se en risc i tenir conductes extremes com ara relacions promiscues, descontrol dels h\u00e0bits alimentaris, addiccions, conducci\u00f3 temer\u00e0ria, intents de su\u00efcidi o comportaments automutilants.<\/p><p>Aquest trastorn de la personalitat sovint es presenta acompanyat d\u2019altres com ara trastorns afectius o d\u2019ansietat, \u00fas problem\u00e0tic de drogues o conductes aliment\u00e0ries extremes.<br \/>[\/et_pb_accordion_item][et_pb_accordion_item title=\"QU\u00c8 PUC FER\" _builder_version=\"4.16\" global_colors_info=\"{}\" open=\"off\"]Les persones que experimenten aquest trastorn no sempre son capa\u00e7os d\u2019entendre qu\u00e8 els est\u00e0 passant i, en conseq\u00fc\u00e8ncia, poden no estar disposades a buscar ajuda.<\/p><p>Rebent un tractament i el suport adequat, es tenen moltes possibilitats de controlar-se i tolerar l\u2019estr\u00e8s d\u2019una manera m\u00e9s adequada, millorant l\u2019estabilitat emocional i les relacions amb la fam\u00edlia i la gent.<br \/>[\/et_pb_accordion_item][\/et_pb_accordion][\/et_pb_column][\/et_pb_row][et_pb_row admin_label=\"Fila\" _builder_version=\"4.16\" background_size=\"initial\" background_position=\"top_left\" background_repeat=\"repeat\" global_colors_info=\"{}\" column_structure=\"1_2,1_2\"][et_pb_column type=\"1_2\" _builder_version=\"4.16\" custom_padding=\"|||\" global_colors_info=\"{}\" custom_padding__hover=\"|||\"][\/et_pb_column][et_pb_column type=\"1_2\" _builder_version=\"4.16\" custom_padding=\"|||\" global_colors_info=\"{}\" custom_padding__hover=\"|||\"][et_pb_text admin_label=\"Texto\" _builder_version=\"4.16\" background_size=\"initial\" background_position=\"top_left\" background_repeat=\"repeat\" text_orientation=\"left\" background_layout=\"dark\" use_border_color=\"off\" border_color=\"#ffffff\" border_style=\"solid\" global_colors_info=\"{}\"]<\/p><p style=\"text-align: right;\">Informaci\u00f3 extreta del web http:\/\/espaijove.net amb la seva autoritzaci\u00f3.<\/p><p>[\/et_pb_text][\/et_pb_column][\/et_pb_row][\/et_pb_section][et_pb_section fb_built=\"1\" admin_label=\"Peu de p\u00e0gina\" _builder_version=\"4.24.0\" _module_preset=\"default\" background_color=\"#333333\" collapsed=\"on\" global_colors_info=\"{}\" theme_builder_area=\"post_content\"][et_pb_row column_structure=\"1_3,1_3,1_3\" _builder_version=\"4.24.0\" _module_preset=\"default\" global_colors_info=\"{}\" theme_builder_area=\"post_content\"][et_pb_column type=\"1_3\" _builder_version=\"4.24.0\" _module_preset=\"default\" global_colors_info=\"{}\" theme_builder_area=\"post_content\"][et_pb_text admin_label=\"Text enlla\u00e7os (PD...)\" _builder_version=\"4.24.0\" _module_preset=\"default\" text_text_color=\"#FFFFFF\" text_font_size=\"14px\" text_line_height=\"1.5em\" global_colors_info=\"{}\" theme_builder_area=\"post_content\"]<\/p><h3 style=\"color: #ffffff;\">Acc\u00e9s r\u00e0pid<\/h3><p><a style=\"color: #ffffff;\" href=\"https:\/\/salutmental.info\/el-web-i-nosaltres\/contactar\/\">Contacte<\/a><br \/><a style=\"color: #ffffff;\" href=\"https:\/\/www.gramenet.cat\/seu-electronica\/informacio-sobre-la-seu\/avis-legal\/\" target=\"_blank\" rel=\"noopener\" data-insuit-uuid=\"353acac9-b95d-41db-890e-0fe22e36e2f4\">Av\u00eds legal<\/a><br \/><a style=\"color: #ffffff;\" title=\"Protecci\u00f3 de dades\" href=\"https:\/\/www.gramenet.cat\/seu-electronica\/proteccio-de-dades\/\" target=\"_blank\" rel=\"noopener\" data-insuit-uuid=\"f42a28cb-669d-4f92-abed-89a78fb31d26\">Pol\u00edtica de protecci\u00f3 de dades<\/a><br \/><a style=\"color: #ffffff;\" href=\"https:\/\/www.gramenet.cat\/seu-electronica\/accessibilitat\/\" data-insuit-uuid=\"d825170a-0959-415e-bc12-d7ce6a9bb8a2\">Accessibilitat<\/a><\/p><p>[\/et_pb_text][et_pb_text admin_label=\"Text idiomes\" _builder_version=\"4.24.0\" _module_preset=\"default\" text_text_color=\"#FFFFFF\" text_font_size=\"14px\" global_colors_info=\"{}\" theme_builder_area=\"post_content\"]<a style=\"color: #c95056;\" href=\"https:\/\/salutmental.info\/\">Catal\u00e0<\/a> <a style=\"color: #ffffff;\" href=\"https:\/\/salutmental.info\/es\/\">Castellano<\/a>[\/et_pb_text][\/et_pb_column][et_pb_column type=\"1_3\" _builder_version=\"4.24.0\" _module_preset=\"default\" global_colors_info=\"{}\" theme_builder_area=\"post_content\"][et_pb_text admin_label=\"Text e-Xarxes\" _builder_version=\"4.24.0\" _module_preset=\"default\" text_text_color=\"#FFFFFF\" text_font_size=\"14px\" text_line_height=\"1.5em\" global_colors_info=\"{}\" theme_builder_area=\"post_content\"]<\/p><h3 style=\"color: #ffffff;\">e-Xarxes socials<\/h3><p><a style=\"color: #ffffff;\" title=\"@scgramenet\" href=\"http:\/\/twitter.com\/scgramenet\" target=\"_blank\" rel=\"noopener\" data-insuit-uuid=\"b3e0d28b-dc44-4f86-8346-4e0365352a49\">Twitter\u00ae<\/a><br \/><a style=\"color: #ffffff;\" title=\"Pasi\u00f3n por Santako\" href=\"https:\/\/www.facebook.com\/PasionPorSantako\/\" target=\"_blank\" rel=\"noopener\" data-insuit-uuid=\"d7d32cfb-104d-49e1-ae1d-661bf056d52f\">Facebook\u00ae<\/a><br \/><a style=\"color: #ffffff;\" href=\"http:\/\/www.slideshare.net\/scgramenet\" target=\"_blank\" rel=\"noopener\" data-insuit-uuid=\"bddc3bcb-dbbc-4022-91ad-8426d5697366\">SlideShare\u00ae<\/a><br \/><a style=\"color: #ffffff;\" href=\"https:\/\/www.youtube.com\/channel\/UC07JH7VJ6nw9OBnxScovrCA\" target=\"_blank\" rel=\"noopener\" data-insuit-uuid=\"77d03fce-5840-489b-9fcd-25a0abf9b0f8\">YouTube\u00ae<\/a><br \/><a style=\"color: #ffffff;\" href=\"https:\/\/www.instagram.com\/pla_salut_gramenet\/\" target=\"_blank\" rel=\"noopener\" data-insuit-uuid=\"f82bba6b-dc9a-4033-9fe9-9c44fe0c6a34\">Instagram\u00ae<\/a><\/p><p>[\/et_pb_text][\/et_pb_column][et_pb_column type=\"1_3\" _builder_version=\"4.24.0\" _module_preset=\"default\" global_colors_info=\"{}\" theme_builder_area=\"post_content\"][et_pb_text admin_label=\"Text e-Xarxes\" _builder_version=\"4.24.0\" _module_preset=\"default\" text_text_color=\"#FFFFFF\" text_font_size=\"14px\" text_line_height=\"1.5em\" global_colors_info=\"{}\" theme_builder_area=\"post_content\"]<\/p><p style=\"color: #ffffff; text-align: right;\">Ajuntament de Santa Coloma de Gramenet<br \/>Pla\u00e7a de la Vila, 1 - 08921 Santa Coloma de Gramenet - Barcelona<br \/>Tel.: 93 462 40 00<br \/>NIF: P0824500C<\/p><p>[\/et_pb_text][\/et_pb_column][\/et_pb_row][\/et_pb_section]<\/p>","_et_gb_content_width":"","footnotes":""},"class_list":["post-6740","page","type-page","status-publish","hentry"],"_links":{"self":[{"href":"https:\/\/salutmental.info\/es\/wp-json\/wp\/v2\/pages\/6740","targetHints":{"allow":["GET"]}}],"collection":[{"href":"https:\/\/salutmental.info\/es\/wp-json\/wp\/v2\/pages"}],"about":[{"href":"https:\/\/salutmental.info\/es\/wp-json\/wp\/v2\/types\/page"}],"author":[{"embeddable":true,"href":"https:\/\/salutmental.info\/es\/wp-json\/wp\/v2\/users\/7"}],"replies":[{"embeddable":true,"href":"https:\/\/salutmental.info\/es\/wp-json\/wp\/v2\/comments?post=6740"}],"version-history":[{"count":4,"href":"https:\/\/salutmental.info\/es\/wp-json\/wp\/v2\/pages\/6740\/revisions"}],"predecessor-version":[{"id":6745,"href":"https:\/\/salutmental.info\/es\/wp-json\/wp\/v2\/pages\/6740\/revisions\/6745"}],"up":[{"embeddable":true,"href":"https:\/\/salutmental.info\/es\/wp-json\/wp\/v2\/pages\/920"}],"wp:attachment":[{"href":"https:\/\/salutmental.info\/es\/wp-json\/wp\/v2\/media?parent=6740"}],"curies":[{"name":"wp","href":"https:\/\/api.w.org\/{rel}","templated":true}]}}