{"id":6062,"date":"2023-12-05T09:54:03","date_gmt":"2023-12-05T08:54:03","guid":{"rendered":"https:\/\/salutmental.info\/?page_id=6062"},"modified":"2024-03-14T10:27:20","modified_gmt":"2024-03-14T09:27:20","slug":"noticias","status":"publish","type":"page","link":"https:\/\/salutmental.info\/es\/noticias\/","title":{"rendered":"NOTICIAS"},"content":{"rendered":"<p>[et_pb_section fb_built=\u00bb1&#8243; fullwidth=\u00bbon\u00bb custom_padding_last_edited=\u00bbon|desktop\u00bb admin_label=\u00bbSecci\u00f3 men\u00fa CASTELL\u00c0\u00bb _builder_version=\u00bb4.24.2&#8243; background_color=\u00bb#d7282e\u00bb custom_padding_tablet=\u00bb50px|0|50px|0&#8243; custom_padding_phone=\u00bb\u00bb transparent_background=\u00bboff\u00bb padding_mobile=\u00bboff\u00bb global_colors_info=\u00bb{}\u00bb theme_builder_area=\u00bbpost_content\u00bb][et_pb_fullwidth_menu menu_id=\u00bb11&#8243; submenu_direction=\u00bbdownwards\u00bb fullwidth_menu=\u00bboff\u00bb logo=\u00bbhttps:\/\/salutmental.info\/wp-content\/uploads\/2024\/02\/logo_aj_negatiu-200.png\u00bb admin_label=\u00bbMen\u00fa CASTELL\u00c0\u00bb _builder_version=\u00bb4.24.2&#8243; background_color=\u00bb#d7282e\u00bb text_orientation=\u00bbright\u00bb background_layout=\u00bbdark\u00bb global_colors_info=\u00bb{}\u00bb theme_builder_area=\u00bbpost_content\u00bb]&nbsp;<br \/>\n[\/et_pb_fullwidth_menu][\/et_pb_section][et_pb_section fb_built=\u00bb1&#8243; admin_label=\u00bbsection\u00bb _builder_version=\u00bb4.16&#8243; global_colors_info=\u00bb{}\u00bb][et_pb_row admin_label=\u00bbrow\u00bb _builder_version=\u00bb4.16&#8243; background_size=\u00bbinitial\u00bb background_position=\u00bbtop_left\u00bb background_repeat=\u00bbrepeat\u00bb global_colors_info=\u00bb{}\u00bb][et_pb_column type=\u00bb4_4&#8243; _builder_version=\u00bb4.16&#8243; custom_padding=\u00bb|||\u00bb global_colors_info=\u00bb{}\u00bb custom_padding__hover=\u00bb|||\u00bb][et_pb_text admin_label=\u00bbText\u00bb _builder_version=\u00bb4.16&#8243; background_size=\u00bbinitial\u00bb background_position=\u00bbtop_left\u00bb background_repeat=\u00bbrepeat\u00bb global_colors_info=\u00bb{}\u00bb]<style>.wp-show-posts-columns#wpsp-6044 {margin-left: -2em; }.wp-show-posts-columns#wpsp-6044 .wp-show-posts-inner {margin: 0 0 2em 2em; }<\/style><section id=\"wpsp-6044\" class=\" wp-show-posts-columns wp-show-posts\" style=\"\"><article class=\" wp-show-posts-single post-6871 post type-post status-publish format-standard has-post-thumbnail hentry category-_adicciones category-_noticias-y-articulos category-_salud-mental wpsp-col-20\" itemtype=\"http:\/\/schema.org\/CreativeWork\" itemscope><div class=\"wp-show-posts-inner\" style=\"\">\t\t<div class=\"wp-show-posts-image  wpsp-image-center \">\n\t\t\t<a href=\"https:\/\/salutmental.info\/es\/vii-jornada-salud-mental-y-addicciones-rompiendo-el-silencio-hablemos-del-suicidio-una-ventana-a-la-esperanza\/\"  title=\"VII Jornada Salud Mental y Addicciones. Rompiendo el silencio: hablemos del suicidio Una ventana a la esperanza.\"><img loading=\"lazy\" decoding=\"async\" width=\"300\" height=\"150\" src=\"https:\/\/salutmental.info\/wp-content\/uploads\/2021\/10\/Photo-by-Adriana-Martinsa-freeimages.com-300x150-1.jpg\" class=\"attachment-full size-full wp-post-image\" alt=\"\" itemprop=\"image\" \/><\/a>\t\t<\/div>\n\t\t\t\t\t\t\t\t<header class=\"wp-show-posts-entry-header\">\n\t\t\t\t\t\t\t<h5 class=\"wp-show-posts-entry-title\" itemprop=\"headline\"><a href=\"https:\/\/salutmental.info\/es\/vii-jornada-salud-mental-y-addicciones-rompiendo-el-silencio-hablemos-del-suicidio-una-ventana-a-la-esperanza\/\" rel=\"bookmark\">VII Jornada Salud Mental y Addicciones. Rompiendo el silencio: hablemos del suicidio Una ventana a la esperanza.<\/a><\/h5><div class=\"wp-show-posts-entry-meta wp-show-posts-entry-meta-below-title post-meta-inline\"><span class=\"wp-show-posts-posted-on wp-show-posts-meta\">\n\t\t\t\t\t<a href=\"https:\/\/salutmental.info\/es\/vii-jornada-salud-mental-y-addicciones-rompiendo-el-silencio-hablemos-del-suicidio-una-ventana-a-la-esperanza\/\" title=\"10:33\" rel=\"bookmark\"><time class=\"wp-show-posts-entry-date published\" datetime=\"2025-09-29T10:33:11+02:00\" itemprop=\"datePublished\">29\/09\/2025<\/time><time class=\"wp-show-posts-updated\" datetime=\"2025-09-29T10:41:10+02:00\" itemprop=\"dateModified\">29\/09\/2025<\/time><\/a>\n\t\t\t\t<\/span><\/div>\t\t\t\t\t\t<\/header><!-- .entry-header -->\n\t\t\t\t\t<\/div><!-- wp-show-posts-inner --><\/article><article class=\" wp-show-posts-single post-6609 post type-post status-publish format-standard has-post-thumbnail hentry category-_noticias-y-articulos category-_salud-mental wpsp-col-20\" itemtype=\"http:\/\/schema.org\/CreativeWork\" itemscope><div class=\"wp-show-posts-inner\" style=\"\">\t\t<div class=\"wp-show-posts-image  wpsp-image-center \">\n\t\t\t<a href=\"https:\/\/salutmental.info\/es\/nou-web-de-lassociacio-tda-h-de-santa-coloma\/\"  title=\"Nou web de l&#8217;associaci\u00f3 TDA-H de Santa Coloma\"><img loading=\"lazy\" decoding=\"async\" width=\"300\" height=\"150\" src=\"https:\/\/salutmental.info\/wp-content\/uploads\/2024\/03\/Imagen-de-Simon-Steinberger-en-Pixabay.jpg\" class=\"attachment-full size-full wp-post-image\" alt=\"\" itemprop=\"image\" \/><\/a>\t\t<\/div>\n\t\t\t\t\t\t\t\t<header class=\"wp-show-posts-entry-header\">\n\t\t\t\t\t\t\t<h5 class=\"wp-show-posts-entry-title\" itemprop=\"headline\"><a href=\"https:\/\/salutmental.info\/es\/nou-web-de-lassociacio-tda-h-de-santa-coloma\/\" rel=\"bookmark\">Nou web de l&#8217;associaci\u00f3 TDA-H de Santa Coloma<\/a><\/h5><div class=\"wp-show-posts-entry-meta wp-show-posts-entry-meta-below-title post-meta-inline\"><span class=\"wp-show-posts-posted-on wp-show-posts-meta\">\n\t\t\t\t\t<a href=\"https:\/\/salutmental.info\/es\/nou-web-de-lassociacio-tda-h-de-santa-coloma\/\" title=\"10:56\" rel=\"bookmark\"><time class=\"wp-show-posts-entry-date published\" datetime=\"2024-04-13T10:56:03+02:00\" itemprop=\"datePublished\">13\/04\/2024<\/time><time class=\"wp-show-posts-updated\" datetime=\"2024-03-13T11:12:13+01:00\" itemprop=\"dateModified\">13\/03\/2024<\/time><\/a>\n\t\t\t\t<\/span><\/div>\t\t\t\t\t\t<\/header><!-- .entry-header -->\n\t\t\t\t\t<\/div><!-- wp-show-posts-inner --><\/article><article class=\" wp-show-posts-single post-6788 post type-post status-publish format-standard has-post-thumbnail hentry category-_noticias-y-articulos category-_salud-mental wpsp-col-20\" itemtype=\"http:\/\/schema.org\/CreativeWork\" itemscope><div class=\"wp-show-posts-inner\" style=\"\">\t\t<div class=\"wp-show-posts-image  wpsp-image-center \">\n\t\t\t<a href=\"https:\/\/salutmental.info\/es\/smad-fest24-el-festival-al-voltant-de-la-salut-mental-de-santa-coloma-el-20-4\/\"  title=\"SMAD Fest&#8217;24 El festival de la salud mental de Santa Coloma el 20-4\"><img loading=\"lazy\" decoding=\"async\" width=\"600\" height=\"300\" src=\"https:\/\/salutmental.info\/wp-content\/uploads\/2024\/04\/sunset-600x300-1.jpg\" class=\"attachment-full size-full wp-post-image\" alt=\"\" itemprop=\"image\" srcset=\"https:\/\/salutmental.info\/wp-content\/uploads\/2024\/04\/sunset-600x300-1.jpg 600w, https:\/\/salutmental.info\/wp-content\/uploads\/2024\/04\/sunset-600x300-1-480x240.jpg 480w\" sizes=\"(min-width: 0px) and (max-width: 480px) 480px, (min-width: 481px) 600px, 100vw\" \/><\/a>\t\t<\/div>\n\t\t\t\t\t\t\t\t<header class=\"wp-show-posts-entry-header\">\n\t\t\t\t\t\t\t<h5 class=\"wp-show-posts-entry-title\" itemprop=\"headline\"><a href=\"https:\/\/salutmental.info\/es\/smad-fest24-el-festival-al-voltant-de-la-salut-mental-de-santa-coloma-el-20-4\/\" rel=\"bookmark\">SMAD Fest&#8217;24 El festival de la salud mental de Santa Coloma el 20-4<\/a><\/h5><div class=\"wp-show-posts-entry-meta wp-show-posts-entry-meta-below-title post-meta-inline\"><span class=\"wp-show-posts-posted-on wp-show-posts-meta\">\n\t\t\t\t\t<a href=\"https:\/\/salutmental.info\/es\/smad-fest24-el-festival-al-voltant-de-la-salut-mental-de-santa-coloma-el-20-4\/\" title=\"11:10\" rel=\"bookmark\"><time class=\"wp-show-posts-entry-date published\" datetime=\"2024-04-09T11:10:13+02:00\" itemprop=\"datePublished\">09\/04\/2024<\/time><time class=\"wp-show-posts-updated\" datetime=\"2024-04-09T11:10:47+02:00\" itemprop=\"dateModified\">09\/04\/2024<\/time><\/a>\n\t\t\t\t<\/span><\/div>\t\t\t\t\t\t<\/header><!-- .entry-header -->\n\t\t\t\t\t<\/div><!-- wp-show-posts-inner --><\/article><article class=\" wp-show-posts-single post-6606 post type-post status-publish format-standard has-post-thumbnail hentry category-_noticias-y-articulos category-_salud-mental wpsp-col-20\" itemtype=\"http:\/\/schema.org\/CreativeWork\" itemscope><div class=\"wp-show-posts-inner\" style=\"\">\t\t<div class=\"wp-show-posts-image  wpsp-image-center \">\n\t\t\t<a href=\"https:\/\/salutmental.info\/es\/guias-antiestigma-de-obertament\/\"  title=\"Gu\u00edas antiestigma en salud mental de Obertament\"><img loading=\"lazy\" decoding=\"async\" width=\"300\" height=\"150\" src=\"https:\/\/salutmental.info\/wp-content\/uploads\/2024\/03\/Imagen-de-giografiche-en-Pixabay.jpg\" class=\"attachment-full size-full wp-post-image\" alt=\"\" itemprop=\"image\" \/><\/a>\t\t<\/div>\n\t\t\t\t\t\t\t\t<header class=\"wp-show-posts-entry-header\">\n\t\t\t\t\t\t\t<h5 class=\"wp-show-posts-entry-title\" itemprop=\"headline\"><a href=\"https:\/\/salutmental.info\/es\/guias-antiestigma-de-obertament\/\" rel=\"bookmark\">Gu\u00edas antiestigma en salud mental de Obertament<\/a><\/h5><div class=\"wp-show-posts-entry-meta wp-show-posts-entry-meta-below-title post-meta-inline\"><span class=\"wp-show-posts-posted-on wp-show-posts-meta\">\n\t\t\t\t\t<a href=\"https:\/\/salutmental.info\/es\/guias-antiestigma-de-obertament\/\" title=\"10:47\" rel=\"bookmark\"><time class=\"wp-show-posts-entry-date published\" datetime=\"2024-03-13T10:47:53+01:00\" itemprop=\"datePublished\">13\/03\/2024<\/time><time class=\"wp-show-posts-updated\" datetime=\"2024-03-13T10:51:30+01:00\" itemprop=\"dateModified\">13\/03\/2024<\/time><\/a>\n\t\t\t\t<\/span><\/div>\t\t\t\t\t\t<\/header><!-- .entry-header -->\n\t\t\t\t\t<\/div><!-- wp-show-posts-inner --><\/article><article class=\" wp-show-posts-single post-6159 post type-post status-publish format-standard has-post-thumbnail hentry category-_en-primera-persona-es category-_noticias-y-articulos category-_salud-mental wpsp-col-20\" itemtype=\"http:\/\/schema.org\/CreativeWork\" itemscope><div class=\"wp-show-posts-inner\" style=\"\">\t\t<div class=\"wp-show-posts-image  wpsp-image-center \">\n\t\t\t<a href=\"https:\/\/salutmental.info\/es\/iv-certament-literari-carmen-avalos-ammame-sobre-la-salut-mental\/\"  title=\"IV Certament literari Carmen \u00c1valos &#8211; Ammame sobre la salut mental\"><img loading=\"lazy\" decoding=\"async\" width=\"300\" height=\"150\" src=\"https:\/\/salutmental.info\/wp-content\/uploads\/2024\/01\/cel_1_300x150.jpg\" class=\"attachment-full size-full wp-post-image\" alt=\"\" itemprop=\"image\" \/><\/a>\t\t<\/div>\n\t\t\t\t\t\t\t\t<header class=\"wp-show-posts-entry-header\">\n\t\t\t\t\t\t\t<h5 class=\"wp-show-posts-entry-title\" itemprop=\"headline\"><a href=\"https:\/\/salutmental.info\/es\/iv-certament-literari-carmen-avalos-ammame-sobre-la-salut-mental\/\" rel=\"bookmark\">IV Certament literari Carmen \u00c1valos &#8211; Ammame sobre la salut mental<\/a><\/h5><div class=\"wp-show-posts-entry-meta wp-show-posts-entry-meta-below-title post-meta-inline\"><span class=\"wp-show-posts-posted-on wp-show-posts-meta\">\n\t\t\t\t\t<a href=\"https:\/\/salutmental.info\/es\/iv-certament-literari-carmen-avalos-ammame-sobre-la-salut-mental\/\" title=\"14:17\" rel=\"bookmark\"><time class=\"wp-show-posts-entry-date published\" datetime=\"2024-01-24T14:17:29+01:00\" itemprop=\"datePublished\">24\/01\/2024<\/time><\/a>\n\t\t\t\t<\/span><\/div>\t\t\t\t\t\t<\/header><!-- .entry-header -->\n\t\t\t\t\t<\/div><!-- wp-show-posts-inner --><\/article><article class=\" wp-show-posts-single post-6120 post type-post status-publish format-standard has-post-thumbnail hentry category-_adicciones category-_en-primera-persona-es category-_noticias-y-articulos category-_salud-mental wpsp-col-20\" itemtype=\"http:\/\/schema.org\/CreativeWork\" itemscope><div class=\"wp-show-posts-inner\" style=\"\">\t\t<div class=\"wp-show-posts-image  wpsp-image-center \">\n\t\t\t<a href=\"https:\/\/salutmental.info\/es\/vi-jornada-salut-mental-i-addiccions-de-santa-coloma-de-gramenet-la-solitud-f-lc-lloc-solitari-desert-inhabitat\/\"  title=\"VI Jornada Salut Mental i Addiccions de Santa Coloma de Gramenet. La solitud (f. [LC] Lloc solitari, desert, inhabitat)\"><img loading=\"lazy\" decoding=\"async\" width=\"600\" height=\"300\" src=\"https:\/\/salutmental.info\/wp-content\/uploads\/2023\/10\/relampago.jpg\" class=\"attachment-full size-full wp-post-image\" alt=\"\" itemprop=\"image\" srcset=\"https:\/\/salutmental.info\/wp-content\/uploads\/2023\/10\/relampago.jpg 600w, https:\/\/salutmental.info\/wp-content\/uploads\/2023\/10\/relampago-480x240.jpg 480w\" sizes=\"(min-width: 0px) and (max-width: 480px) 480px, (min-width: 481px) 600px, 100vw\" \/><\/a>\t\t<\/div>\n\t\t\t\t\t\t\t\t<header class=\"wp-show-posts-entry-header\">\n\t\t\t\t\t\t\t<h5 class=\"wp-show-posts-entry-title\" itemprop=\"headline\"><a href=\"https:\/\/salutmental.info\/es\/vi-jornada-salut-mental-i-addiccions-de-santa-coloma-de-gramenet-la-solitud-f-lc-lloc-solitari-desert-inhabitat\/\" rel=\"bookmark\">VI Jornada Salut Mental i Addiccions de Santa Coloma de Gramenet. La solitud (f. [LC] Lloc solitari, desert, inhabitat)<\/a><\/h5><div class=\"wp-show-posts-entry-meta wp-show-posts-entry-meta-below-title post-meta-inline\"><span class=\"wp-show-posts-posted-on wp-show-posts-meta\">\n\t\t\t\t\t<a href=\"https:\/\/salutmental.info\/es\/vi-jornada-salut-mental-i-addiccions-de-santa-coloma-de-gramenet-la-solitud-f-lc-lloc-solitari-desert-inhabitat\/\" title=\"07:25\" rel=\"bookmark\"><time class=\"wp-show-posts-entry-date published\" datetime=\"2023-12-20T07:25:51+01:00\" itemprop=\"datePublished\">20\/12\/2023<\/time><\/a>\n\t\t\t\t<\/span><\/div>\t\t\t\t\t\t<\/header><!-- .entry-header -->\n\t\t\t\t\t<\/div><!-- wp-show-posts-inner --><\/article><article class=\" wp-show-posts-single post-6031 post type-post status-publish format-standard has-post-thumbnail hentry category-_noticias-y-articulos category-_salud-mental wpsp-col-20\" itemtype=\"http:\/\/schema.org\/CreativeWork\" itemscope><div class=\"wp-show-posts-inner\" style=\"\">\t\t<div class=\"wp-show-posts-image  wpsp-image-center \">\n\t\t\t<a href=\"https:\/\/salutmental.info\/es\/el-camino-esta-en-mi-cabeza-exposicion-sobre-la-salud-mental-de-las-personas-que-se-desplazan\/\"  title=\"El camino est\u00e1 en mi cabeza Exposici\u00f3n sobre la salud mental de las personas que se desplazan\"><img loading=\"lazy\" decoding=\"async\" width=\"600\" height=\"300\" src=\"https:\/\/salutmental.info\/wp-content\/uploads\/2023\/11\/Gianni-Crestani-en-Pixabay-600x300-1.jpg\" class=\"attachment-full size-full wp-post-image\" alt=\"\" itemprop=\"image\" srcset=\"https:\/\/salutmental.info\/wp-content\/uploads\/2023\/11\/Gianni-Crestani-en-Pixabay-600x300-1.jpg 600w, https:\/\/salutmental.info\/wp-content\/uploads\/2023\/11\/Gianni-Crestani-en-Pixabay-600x300-1-480x240.jpg 480w\" sizes=\"(min-width: 0px) and (max-width: 480px) 480px, (min-width: 481px) 600px, 100vw\" \/><\/a>\t\t<\/div>\n\t\t\t\t\t\t\t\t<header class=\"wp-show-posts-entry-header\">\n\t\t\t\t\t\t\t<h5 class=\"wp-show-posts-entry-title\" itemprop=\"headline\"><a href=\"https:\/\/salutmental.info\/es\/el-camino-esta-en-mi-cabeza-exposicion-sobre-la-salud-mental-de-las-personas-que-se-desplazan\/\" rel=\"bookmark\">El camino est\u00e1 en mi cabeza Exposici\u00f3n sobre la salud mental de las personas que se desplazan<\/a><\/h5><div class=\"wp-show-posts-entry-meta wp-show-posts-entry-meta-below-title post-meta-inline\"><span class=\"wp-show-posts-posted-on wp-show-posts-meta\">\n\t\t\t\t\t<a href=\"https:\/\/salutmental.info\/es\/el-camino-esta-en-mi-cabeza-exposicion-sobre-la-salud-mental-de-las-personas-que-se-desplazan\/\" title=\"09:54\" rel=\"bookmark\"><time class=\"wp-show-posts-entry-date published\" datetime=\"2023-11-30T09:54:16+01:00\" itemprop=\"datePublished\">30\/11\/2023<\/time><\/a>\n\t\t\t\t<\/span><\/div>\t\t\t\t\t\t<\/header><!-- .entry-header -->\n\t\t\t\t\t<\/div><!-- wp-show-posts-inner --><\/article><article class=\" wp-show-posts-single post-6013 post type-post status-publish format-standard has-post-thumbnail hentry category-_noticias-y-articulos category-_salud-mental wpsp-col-20\" itemtype=\"http:\/\/schema.org\/CreativeWork\" itemscope><div class=\"wp-show-posts-inner\" style=\"\">\t\t<div class=\"wp-show-posts-image  wpsp-image-center \">\n\t\t\t<a href=\"https:\/\/salutmental.info\/es\/grupos-y-sesiones-individuales-para-familias-con-personas-con-tdah\/\"  title=\"Grupos y sesiones individuales para familias con personas con TDAH\"><img loading=\"lazy\" decoding=\"async\" width=\"300\" height=\"150\" src=\"https:\/\/salutmental.info\/wp-content\/uploads\/2023\/11\/cel_2_300x150.jpg\" class=\"attachment-full size-full wp-post-image\" alt=\"\" itemprop=\"image\" \/><\/a>\t\t<\/div>\n\t\t\t\t\t\t\t\t<header class=\"wp-show-posts-entry-header\">\n\t\t\t\t\t\t\t<h5 class=\"wp-show-posts-entry-title\" itemprop=\"headline\"><a href=\"https:\/\/salutmental.info\/es\/grupos-y-sesiones-individuales-para-familias-con-personas-con-tdah\/\" rel=\"bookmark\">Grupos y sesiones individuales para familias con personas con TDAH<\/a><\/h5><div class=\"wp-show-posts-entry-meta wp-show-posts-entry-meta-below-title post-meta-inline\"><span class=\"wp-show-posts-posted-on wp-show-posts-meta\">\n\t\t\t\t\t<a href=\"https:\/\/salutmental.info\/es\/grupos-y-sesiones-individuales-para-familias-con-personas-con-tdah\/\" title=\"12:14\" rel=\"bookmark\"><time class=\"wp-show-posts-entry-date published\" datetime=\"2023-11-22T12:14:46+01:00\" itemprop=\"datePublished\">22\/11\/2023<\/time><time class=\"wp-show-posts-updated\" datetime=\"2023-11-22T13:01:26+01:00\" itemprop=\"dateModified\">22\/11\/2023<\/time><\/a>\n\t\t\t\t<\/span><\/div>\t\t\t\t\t\t<\/header><!-- .entry-header -->\n\t\t\t\t\t<\/div><!-- wp-show-posts-inner --><\/article><article class=\" wp-show-posts-single post-5997 post type-post status-publish format-standard has-post-thumbnail hentry category-_adicciones category-_noticias-y-articulos wpsp-col-20\" itemtype=\"http:\/\/schema.org\/CreativeWork\" itemscope><div class=\"wp-show-posts-inner\" style=\"\">\t\t<div class=\"wp-show-posts-image  wpsp-image-center \">\n\t\t\t<a href=\"https:\/\/salutmental.info\/es\/formacion-en-adicciones-comportamentales\/\"  title=\"Formaci\u00f3n en adicciones comportamentales\"><img loading=\"lazy\" decoding=\"async\" width=\"600\" height=\"300\" src=\"https:\/\/salutmental.info\/wp-content\/uploads\/2023\/11\/pexels-samuel-figueroa-600x300-1.jpg\" class=\"attachment-full size-full wp-post-image\" alt=\"\" itemprop=\"image\" srcset=\"https:\/\/salutmental.info\/wp-content\/uploads\/2023\/11\/pexels-samuel-figueroa-600x300-1.jpg 600w, https:\/\/salutmental.info\/wp-content\/uploads\/2023\/11\/pexels-samuel-figueroa-600x300-1-480x240.jpg 480w\" sizes=\"(min-width: 0px) and (max-width: 480px) 480px, (min-width: 481px) 600px, 100vw\" \/><\/a>\t\t<\/div>\n\t\t\t\t\t\t\t\t<header class=\"wp-show-posts-entry-header\">\n\t\t\t\t\t\t\t<h5 class=\"wp-show-posts-entry-title\" itemprop=\"headline\"><a href=\"https:\/\/salutmental.info\/es\/formacion-en-adicciones-comportamentales\/\" rel=\"bookmark\">Formaci\u00f3n en adicciones comportamentales<\/a><\/h5><div class=\"wp-show-posts-entry-meta wp-show-posts-entry-meta-below-title post-meta-inline\"><span class=\"wp-show-posts-posted-on wp-show-posts-meta\">\n\t\t\t\t\t<a href=\"https:\/\/salutmental.info\/es\/formacion-en-adicciones-comportamentales\/\" title=\"13:44\" rel=\"bookmark\"><time class=\"wp-show-posts-entry-date published\" datetime=\"2023-11-17T13:44:29+01:00\" itemprop=\"datePublished\">17\/11\/2023<\/time><\/a>\n\t\t\t\t<\/span><\/div>\t\t\t\t\t\t<\/header><!-- .entry-header -->\n\t\t\t\t\t<\/div><!-- wp-show-posts-inner --><\/article><article class=\" wp-show-posts-single post-5959 post type-post status-publish format-standard has-post-thumbnail hentry category-_adicciones category-_en-primera-persona-es category-_noticias-y-articulos category-_salud-mental wpsp-col-20\" itemtype=\"http:\/\/schema.org\/CreativeWork\" itemscope><div class=\"wp-show-posts-inner\" style=\"\">\t\t<div class=\"wp-show-posts-image  wpsp-image-center \">\n\t\t\t<a href=\"https:\/\/salutmental.info\/es\/vi-jornada-salud-mental-y-adicciones-de-santa-coloma-de-gramenet-la-soledad-f-lc-lugar-solitario-desierto-inhabitado\/\"  title=\"VI Jornada Salud Mental y Adicciones de Santa Coloma de Gramenet. La soledad (f. [LC] Lugar solitario, desierto, inhabitado)\"><img loading=\"lazy\" decoding=\"async\" width=\"600\" height=\"300\" src=\"https:\/\/salutmental.info\/wp-content\/uploads\/2023\/10\/relampago.jpg\" class=\"attachment-full size-full wp-post-image\" alt=\"\" itemprop=\"image\" srcset=\"https:\/\/salutmental.info\/wp-content\/uploads\/2023\/10\/relampago.jpg 600w, https:\/\/salutmental.info\/wp-content\/uploads\/2023\/10\/relampago-480x240.jpg 480w\" sizes=\"(min-width: 0px) and (max-width: 480px) 480px, (min-width: 481px) 600px, 100vw\" \/><\/a>\t\t<\/div>\n\t\t\t\t\t\t\t\t<header class=\"wp-show-posts-entry-header\">\n\t\t\t\t\t\t\t<h5 class=\"wp-show-posts-entry-title\" itemprop=\"headline\"><a href=\"https:\/\/salutmental.info\/es\/vi-jornada-salud-mental-y-adicciones-de-santa-coloma-de-gramenet-la-soledad-f-lc-lugar-solitario-desierto-inhabitado\/\" rel=\"bookmark\">VI Jornada Salud Mental y Adicciones de Santa Coloma de Gramenet. La soledad (f. [LC] Lugar solitario, desierto, inhabitado)<\/a><\/h5><div class=\"wp-show-posts-entry-meta wp-show-posts-entry-meta-below-title post-meta-inline\"><span class=\"wp-show-posts-posted-on wp-show-posts-meta\">\n\t\t\t\t\t<a href=\"https:\/\/salutmental.info\/es\/vi-jornada-salud-mental-y-adicciones-de-santa-coloma-de-gramenet-la-soledad-f-lc-lugar-solitario-desierto-inhabitado\/\" title=\"14:02\" rel=\"bookmark\"><time class=\"wp-show-posts-entry-date published\" datetime=\"2023-10-03T14:02:16+02:00\" itemprop=\"datePublished\">03\/10\/2023<\/time><time class=\"wp-show-posts-updated\" datetime=\"2023-10-03T14:03:39+02:00\" itemprop=\"dateModified\">03\/10\/2023<\/time><\/a>\n\t\t\t\t<\/span><\/div>\t\t\t\t\t\t<\/header><!-- .entry-header -->\n\t\t\t\t\t<\/div><!-- wp-show-posts-inner --><\/article><article class=\" wp-show-posts-single post-5869 post type-post status-publish format-standard has-post-thumbnail hentry category-_noticias-y-articulos category-_salud-mental category-sin-categorizar wpsp-col-20\" itemtype=\"http:\/\/schema.org\/CreativeWork\" itemscope><div class=\"wp-show-posts-inner\" style=\"\">\t\t<div class=\"wp-show-posts-image  wpsp-image-center \">\n\t\t\t<a href=\"https:\/\/salutmental.info\/es\/nova-guia-activitats-i-propostes-de-salut-mental-i-benestar-emocional-per-a-centres-educatius\/\"  title=\"Nueva gu\u00eda Actividades y propuestas de salud mental y bienestar emocional para centros educativos\"><img loading=\"lazy\" decoding=\"async\" width=\"400\" height=\"200\" src=\"https:\/\/salutmental.info\/wp-content\/uploads\/2023\/07\/cielo.jpg\" class=\"attachment-full size-full wp-post-image\" alt=\"\" itemprop=\"image\" srcset=\"https:\/\/salutmental.info\/wp-content\/uploads\/2023\/07\/cielo.jpg 400w, https:\/\/salutmental.info\/wp-content\/uploads\/2023\/07\/cielo-300x150.jpg 300w\" sizes=\"(max-width: 400px) 100vw, 400px\" \/><\/a>\t\t<\/div>\n\t\t\t\t\t\t\t\t<header class=\"wp-show-posts-entry-header\">\n\t\t\t\t\t\t\t<h5 class=\"wp-show-posts-entry-title\" itemprop=\"headline\"><a href=\"https:\/\/salutmental.info\/es\/nova-guia-activitats-i-propostes-de-salut-mental-i-benestar-emocional-per-a-centres-educatius\/\" rel=\"bookmark\">Nueva gu\u00eda Actividades y propuestas de salud mental y bienestar emocional para centros educativos<\/a><\/h5><div class=\"wp-show-posts-entry-meta wp-show-posts-entry-meta-below-title post-meta-inline\"><span class=\"wp-show-posts-posted-on wp-show-posts-meta\">\n\t\t\t\t\t<a href=\"https:\/\/salutmental.info\/es\/nova-guia-activitats-i-propostes-de-salut-mental-i-benestar-emocional-per-a-centres-educatius\/\" title=\"10:52\" rel=\"bookmark\"><time class=\"wp-show-posts-entry-date published\" datetime=\"2023-09-05T10:52:55+02:00\" itemprop=\"datePublished\">05\/09\/2023<\/time><time class=\"wp-show-posts-updated\" datetime=\"2023-07-27T11:38:19+02:00\" itemprop=\"dateModified\">27\/07\/2023<\/time><\/a>\n\t\t\t\t<\/span><\/div>\t\t\t\t\t\t<\/header><!-- .entry-header -->\n\t\t\t\t\t<\/div><!-- wp-show-posts-inner --><\/article><article class=\" wp-show-posts-single post-5489 post type-post status-publish format-standard has-post-thumbnail hentry category-_noticias-y-articulos wpsp-col-20\" itemtype=\"http:\/\/schema.org\/CreativeWork\" itemscope><div class=\"wp-show-posts-inner\" style=\"\">\t\t<div class=\"wp-show-posts-image  wpsp-image-center \">\n\t\t\t<a href=\"https:\/\/salutmental.info\/es\/nueva-guia-para-personas-que-acompanan-a-ninos-adolescentes-y-jovenes-con-un-problema-de-salud-mental\/\"  title=\"Nueva gu\u00eda para personas que acompa\u00f1an a ni\u00f1os, adolescentes y j\u00f3venes con un problema de salud mental\"><img loading=\"lazy\" decoding=\"async\" width=\"600\" height=\"300\" src=\"https:\/\/salutmental.info\/wp-content\/uploads\/2023\/06\/Johannes-Plenio-a-Pexels-600x300-1.jpg\" class=\"attachment-full size-full wp-post-image\" alt=\"\" itemprop=\"image\" srcset=\"https:\/\/salutmental.info\/wp-content\/uploads\/2023\/06\/Johannes-Plenio-a-Pexels-600x300-1.jpg 600w, https:\/\/salutmental.info\/wp-content\/uploads\/2023\/06\/Johannes-Plenio-a-Pexels-600x300-1-480x240.jpg 480w\" sizes=\"(min-width: 0px) and (max-width: 480px) 480px, (min-width: 481px) 600px, 100vw\" \/><\/a>\t\t<\/div>\n\t\t\t\t\t\t\t\t<header class=\"wp-show-posts-entry-header\">\n\t\t\t\t\t\t\t<h5 class=\"wp-show-posts-entry-title\" itemprop=\"headline\"><a href=\"https:\/\/salutmental.info\/es\/nueva-guia-para-personas-que-acompanan-a-ninos-adolescentes-y-jovenes-con-un-problema-de-salud-mental\/\" rel=\"bookmark\">Nueva gu\u00eda para personas que acompa\u00f1an a ni\u00f1os, adolescentes y j\u00f3venes con un problema de salud mental<\/a><\/h5><div class=\"wp-show-posts-entry-meta wp-show-posts-entry-meta-below-title post-meta-inline\"><span class=\"wp-show-posts-posted-on wp-show-posts-meta\">\n\t\t\t\t\t<a href=\"https:\/\/salutmental.info\/es\/nueva-guia-para-personas-que-acompanan-a-ninos-adolescentes-y-jovenes-con-un-problema-de-salud-mental\/\" title=\"13:53\" rel=\"bookmark\"><time class=\"wp-show-posts-entry-date published\" datetime=\"2023-06-08T13:53:18+02:00\" itemprop=\"datePublished\">08\/06\/2023<\/time><time class=\"wp-show-posts-updated\" datetime=\"2023-12-20T07:21:44+01:00\" itemprop=\"dateModified\">20\/12\/2023<\/time><\/a>\n\t\t\t\t<\/span><\/div>\t\t\t\t\t\t<\/header><!-- .entry-header -->\n\t\t\t\t\t<\/div><!-- wp-show-posts-inner --><\/article><article class=\" wp-show-posts-single post-5396 post type-post status-publish format-standard has-post-thumbnail hentry category-_en-primera-persona-es category-_noticias-y-articulos category-_salud-mental wpsp-col-20\" itemtype=\"http:\/\/schema.org\/CreativeWork\" itemscope><div class=\"wp-show-posts-inner\" style=\"\">\t\t<div class=\"wp-show-posts-image  wpsp-image-center \">\n\t\t\t<a href=\"https:\/\/salutmental.info\/es\/ammame-presenta-la-obra-de-teatro-reintroduciendo-la-vida\/\"  title=\"Ammame presenta la obra de teatro Reintroduciendo la vida\"><img loading=\"lazy\" decoding=\"async\" width=\"600\" height=\"300\" src=\"https:\/\/salutmental.info\/wp-content\/uploads\/2023\/04\/klickblick-en-Pixabay-600x300-1.jpg\" class=\"attachment-full size-full wp-post-image\" alt=\"\" itemprop=\"image\" srcset=\"https:\/\/salutmental.info\/wp-content\/uploads\/2023\/04\/klickblick-en-Pixabay-600x300-1.jpg 600w, https:\/\/salutmental.info\/wp-content\/uploads\/2023\/04\/klickblick-en-Pixabay-600x300-1-480x240.jpg 480w\" sizes=\"(min-width: 0px) and (max-width: 480px) 480px, (min-width: 481px) 600px, 100vw\" \/><\/a>\t\t<\/div>\n\t\t\t\t\t\t\t\t<header class=\"wp-show-posts-entry-header\">\n\t\t\t\t\t\t\t<h5 class=\"wp-show-posts-entry-title\" itemprop=\"headline\"><a href=\"https:\/\/salutmental.info\/es\/ammame-presenta-la-obra-de-teatro-reintroduciendo-la-vida\/\" rel=\"bookmark\">Ammame presenta la obra de teatro Reintroduciendo la vida<\/a><\/h5><div class=\"wp-show-posts-entry-meta wp-show-posts-entry-meta-below-title post-meta-inline\"><span class=\"wp-show-posts-posted-on wp-show-posts-meta\">\n\t\t\t\t\t<a href=\"https:\/\/salutmental.info\/es\/ammame-presenta-la-obra-de-teatro-reintroduciendo-la-vida\/\" title=\"12:44\" rel=\"bookmark\"><time class=\"wp-show-posts-entry-date published\" datetime=\"2023-04-25T12:44:44+02:00\" itemprop=\"datePublished\">25\/04\/2023<\/time><time class=\"wp-show-posts-updated\" datetime=\"2023-07-27T11:37:15+02:00\" itemprop=\"dateModified\">27\/07\/2023<\/time><\/a>\n\t\t\t\t<\/span><\/div>\t\t\t\t\t\t<\/header><!-- .entry-header -->\n\t\t\t\t\t<\/div><!-- wp-show-posts-inner --><\/article><article class=\" wp-show-posts-single post-4856 post type-post status-publish format-standard has-post-thumbnail hentry category-_en-primera-persona-es category-_noticias-y-articulos category-_salud-mental wpsp-col-20\" itemtype=\"http:\/\/schema.org\/CreativeWork\" itemscope><div class=\"wp-show-posts-inner\" style=\"\">\t\t<div class=\"wp-show-posts-image  wpsp-image-center \">\n\t\t\t<a href=\"https:\/\/salutmental.info\/es\/entrega-de-los-premios-del-iii-certamen-literario-carmen-avalos-ammame\/\"  title=\"Entrega de los premios del III Certamen literario Carmen \u00c1valos &#8211; Ammame\"><img loading=\"lazy\" decoding=\"async\" width=\"600\" height=\"300\" src=\"https:\/\/salutmental.info\/wp-content\/uploads\/2022\/04\/Photo-by-a-hrefphotographeralitaylor-52272Ali-Taylora-from-a-hrefhttpsfreeimages.comFreeImagesa.jpg\" class=\"attachment-full size-full wp-post-image\" alt=\"\" itemprop=\"image\" srcset=\"https:\/\/salutmental.info\/wp-content\/uploads\/2022\/04\/Photo-by-a-hrefphotographeralitaylor-52272Ali-Taylora-from-a-hrefhttpsfreeimages.comFreeImagesa.jpg 600w, https:\/\/salutmental.info\/wp-content\/uploads\/2022\/04\/Photo-by-a-hrefphotographeralitaylor-52272Ali-Taylora-from-a-hrefhttpsfreeimages.comFreeImagesa-480x240.jpg 480w\" sizes=\"(min-width: 0px) and (max-width: 480px) 480px, (min-width: 481px) 600px, 100vw\" \/><\/a>\t\t<\/div>\n\t\t\t\t\t\t\t\t<header class=\"wp-show-posts-entry-header\">\n\t\t\t\t\t\t\t<h5 class=\"wp-show-posts-entry-title\" itemprop=\"headline\"><a href=\"https:\/\/salutmental.info\/es\/entrega-de-los-premios-del-iii-certamen-literario-carmen-avalos-ammame\/\" rel=\"bookmark\">Entrega de los premios del III Certamen literario Carmen \u00c1valos &#8211; Ammame<\/a><\/h5><div class=\"wp-show-posts-entry-meta wp-show-posts-entry-meta-below-title post-meta-inline\"><span class=\"wp-show-posts-posted-on wp-show-posts-meta\">\n\t\t\t\t\t<a href=\"https:\/\/salutmental.info\/es\/entrega-de-los-premios-del-iii-certamen-literario-carmen-avalos-ammame\/\" title=\"16:34\" rel=\"bookmark\"><time class=\"wp-show-posts-entry-date published\" datetime=\"2022-04-19T16:34:18+02:00\" itemprop=\"datePublished\">19\/04\/2022<\/time><time class=\"wp-show-posts-updated\" datetime=\"2022-04-19T16:34:30+02:00\" itemprop=\"dateModified\">19\/04\/2022<\/time><\/a>\n\t\t\t\t<\/span><\/div>\t\t\t\t\t\t<\/header><!-- .entry-header -->\n\t\t\t\t\t<\/div><!-- wp-show-posts-inner --><\/article><article class=\" wp-show-posts-single post-4717 post type-post status-publish format-standard has-post-thumbnail hentry category-_noticias-y-articulos category-_salud-mental wpsp-col-20\" itemtype=\"http:\/\/schema.org\/CreativeWork\" itemscope><div class=\"wp-show-posts-inner\" style=\"\">\t\t<div class=\"wp-show-posts-image  wpsp-image-center \">\n\t\t\t<a href=\"https:\/\/salutmental.info\/es\/4707\/\"  title=\"III Certamen literario Carmen \u00c1valos &#8211; Ammame\"><img loading=\"lazy\" decoding=\"async\" width=\"300\" height=\"150\" src=\"https:\/\/salutmental.info\/wp-content\/uploads\/2022\/02\/cel_3_300x150.jpg\" class=\"attachment-full size-full wp-post-image\" alt=\"\" itemprop=\"image\" \/><\/a>\t\t<\/div>\n\t\t\t\t\t\t\t\t<header class=\"wp-show-posts-entry-header\">\n\t\t\t\t\t\t\t<h5 class=\"wp-show-posts-entry-title\" itemprop=\"headline\"><a href=\"https:\/\/salutmental.info\/es\/4707\/\" rel=\"bookmark\">III Certamen literario Carmen \u00c1valos &#8211; Ammame<\/a><\/h5><div class=\"wp-show-posts-entry-meta wp-show-posts-entry-meta-below-title post-meta-inline\"><span class=\"wp-show-posts-posted-on wp-show-posts-meta\">\n\t\t\t\t\t<a href=\"https:\/\/salutmental.info\/es\/4707\/\" title=\"17:56\" rel=\"bookmark\"><time class=\"wp-show-posts-entry-date published\" datetime=\"2022-02-03T17:56:19+01:00\" itemprop=\"datePublished\">03\/02\/2022<\/time><time class=\"wp-show-posts-updated\" datetime=\"2022-02-03T17:58:16+01:00\" itemprop=\"dateModified\">03\/02\/2022<\/time><\/a>\n\t\t\t\t<\/span><\/div>\t\t\t\t\t\t<\/header><!-- .entry-header -->\n\t\t\t\t\t<\/div><!-- wp-show-posts-inner --><\/article><article class=\" wp-show-posts-single post-4606 post type-post status-publish format-standard has-post-thumbnail hentry category-_noticias-y-articulos category-_salud-mental wpsp-col-20\" itemtype=\"http:\/\/schema.org\/CreativeWork\" itemscope><div class=\"wp-show-posts-inner\" style=\"\">\t\t<div class=\"wp-show-posts-image  wpsp-image-center \">\n\t\t\t<a href=\"https:\/\/salutmental.info\/es\/grupos-psicoeducativos-para-ninas-ninos-y-adolescentes-y-espacio-para-familias\/\"  title=\"Grupos psicoeducativos para ni\u00f1as, ni\u00f1os y adolescentes, y espacio para familias\"><img loading=\"lazy\" decoding=\"async\" width=\"600\" height=\"300\" src=\"https:\/\/salutmental.info\/wp-content\/uploads\/2019\/09\/Photo-by-a-hrefphotographerKodiak1-56473Kodiak1a-from-a-hrefhttpsfreeimages.comFreeImagesa.jpg\" class=\"attachment-full size-full wp-post-image\" alt=\"\" itemprop=\"image\" srcset=\"https:\/\/salutmental.info\/wp-content\/uploads\/2019\/09\/Photo-by-a-hrefphotographerKodiak1-56473Kodiak1a-from-a-hrefhttpsfreeimages.comFreeImagesa.jpg 600w, https:\/\/salutmental.info\/wp-content\/uploads\/2019\/09\/Photo-by-a-hrefphotographerKodiak1-56473Kodiak1a-from-a-hrefhttpsfreeimages.comFreeImagesa-480x240.jpg 480w\" sizes=\"(min-width: 0px) and (max-width: 480px) 480px, (min-width: 481px) 600px, 100vw\" \/><\/a>\t\t<\/div>\n\t\t\t\t\t\t\t\t<header class=\"wp-show-posts-entry-header\">\n\t\t\t\t\t\t\t<h5 class=\"wp-show-posts-entry-title\" itemprop=\"headline\"><a href=\"https:\/\/salutmental.info\/es\/grupos-psicoeducativos-para-ninas-ninos-y-adolescentes-y-espacio-para-familias\/\" rel=\"bookmark\">Grupos psicoeducativos para ni\u00f1as, ni\u00f1os y adolescentes, y espacio para familias<\/a><\/h5><div class=\"wp-show-posts-entry-meta wp-show-posts-entry-meta-below-title post-meta-inline\"><span class=\"wp-show-posts-posted-on wp-show-posts-meta\">\n\t\t\t\t\t<a href=\"https:\/\/salutmental.info\/es\/grupos-psicoeducativos-para-ninas-ninos-y-adolescentes-y-espacio-para-familias\/\" title=\"12:52\" rel=\"bookmark\"><time class=\"wp-show-posts-entry-date published\" datetime=\"2021-11-25T12:52:53+01:00\" itemprop=\"datePublished\">25\/11\/2021<\/time><time class=\"wp-show-posts-updated\" datetime=\"2021-11-25T13:00:04+01:00\" itemprop=\"dateModified\">25\/11\/2021<\/time><\/a>\n\t\t\t\t<\/span><\/div>\t\t\t\t\t\t<\/header><!-- .entry-header -->\n\t\t\t\t\t<\/div><!-- wp-show-posts-inner --><\/article><article class=\" wp-show-posts-single post-4560 post type-post status-publish format-standard has-post-thumbnail hentry category-_adicciones category-_noticias-y-articulos category-_salud-mental wpsp-col-20\" itemtype=\"http:\/\/schema.org\/CreativeWork\" itemscope><div class=\"wp-show-posts-inner\" style=\"\">\t\t<div class=\"wp-show-posts-image  wpsp-image-center \">\n\t\t\t<a href=\"https:\/\/salutmental.info\/es\/video-de-la-jornada-derechos-de-las-personas-con-discapacidad\/\"  title=\"V\u00eddeo de la Jornada Derechos de las personas con discapacidad\"><img loading=\"lazy\" decoding=\"async\" width=\"600\" height=\"300\" src=\"https:\/\/salutmental.info\/wp-content\/uploads\/2019\/06\/Photo-by-a-hrefphotographeralitaylor-52272Ali-Taylora-from-a-hrefhttpsfreeimages.comFreeImagesa.jpg\" class=\"attachment-full size-full wp-post-image\" alt=\"\" itemprop=\"image\" srcset=\"https:\/\/salutmental.info\/wp-content\/uploads\/2019\/06\/Photo-by-a-hrefphotographeralitaylor-52272Ali-Taylora-from-a-hrefhttpsfreeimages.comFreeImagesa.jpg 600w, https:\/\/salutmental.info\/wp-content\/uploads\/2019\/06\/Photo-by-a-hrefphotographeralitaylor-52272Ali-Taylora-from-a-hrefhttpsfreeimages.comFreeImagesa-300x150.jpg 300w\" sizes=\"(max-width: 600px) 100vw, 600px\" \/><\/a>\t\t<\/div>\n\t\t\t\t\t\t\t\t<header class=\"wp-show-posts-entry-header\">\n\t\t\t\t\t\t\t<h5 class=\"wp-show-posts-entry-title\" itemprop=\"headline\"><a href=\"https:\/\/salutmental.info\/es\/video-de-la-jornada-derechos-de-las-personas-con-discapacidad\/\" rel=\"bookmark\">V\u00eddeo de la Jornada Derechos de las personas con discapacidad<\/a><\/h5><div class=\"wp-show-posts-entry-meta wp-show-posts-entry-meta-below-title post-meta-inline\"><span class=\"wp-show-posts-posted-on wp-show-posts-meta\">\n\t\t\t\t\t<a href=\"https:\/\/salutmental.info\/es\/video-de-la-jornada-derechos-de-las-personas-con-discapacidad\/\" title=\"16:31\" rel=\"bookmark\"><time class=\"wp-show-posts-entry-date published\" datetime=\"2021-11-08T16:31:08+01:00\" itemprop=\"datePublished\">08\/11\/2021<\/time><time class=\"wp-show-posts-updated\" datetime=\"2021-11-08T16:31:27+01:00\" itemprop=\"dateModified\">08\/11\/2021<\/time><\/a>\n\t\t\t\t<\/span><\/div>\t\t\t\t\t\t<\/header><!-- .entry-header -->\n\t\t\t\t\t<\/div><!-- wp-show-posts-inner --><\/article><article class=\" wp-show-posts-single post-4508 post type-post status-publish format-standard has-post-thumbnail hentry category-_adicciones category-_noticias-y-articulos category-_salud-mental wpsp-col-20\" itemtype=\"http:\/\/schema.org\/CreativeWork\" itemscope><div class=\"wp-show-posts-inner\" style=\"\">\t\t<div class=\"wp-show-posts-image  wpsp-image-center \">\n\t\t\t<a href=\"https:\/\/salutmental.info\/es\/v-jornada-salud-mental-y-addicciones-un-tiempo-de-incertidumbre-y-cansancio\/\"  title=\"V Jornada Salud mental y addicciones Un tiempo de incertidumbre y cansancio\"><img loading=\"lazy\" decoding=\"async\" width=\"300\" height=\"150\" src=\"https:\/\/salutmental.info\/wp-content\/uploads\/2021\/10\/Photo-by-Adriana-Martinsa-freeimages.com-300x150-1.jpg\" class=\"attachment-full size-full wp-post-image\" alt=\"\" itemprop=\"image\" \/><\/a>\t\t<\/div>\n\t\t\t\t\t\t\t\t<header class=\"wp-show-posts-entry-header\">\n\t\t\t\t\t\t\t<h5 class=\"wp-show-posts-entry-title\" itemprop=\"headline\"><a href=\"https:\/\/salutmental.info\/es\/v-jornada-salud-mental-y-addicciones-un-tiempo-de-incertidumbre-y-cansancio\/\" rel=\"bookmark\">V Jornada Salud mental y addicciones Un tiempo de incertidumbre y cansancio<\/a><\/h5><div class=\"wp-show-posts-entry-meta wp-show-posts-entry-meta-below-title post-meta-inline\"><span class=\"wp-show-posts-posted-on wp-show-posts-meta\">\n\t\t\t\t\t<a href=\"https:\/\/salutmental.info\/es\/v-jornada-salud-mental-y-addicciones-un-tiempo-de-incertidumbre-y-cansancio\/\" title=\"10:11\" rel=\"bookmark\"><time class=\"wp-show-posts-entry-date published\" datetime=\"2021-10-15T10:11:27+02:00\" itemprop=\"datePublished\">15\/10\/2021<\/time><time class=\"wp-show-posts-updated\" datetime=\"2021-10-15T10:14:21+02:00\" itemprop=\"dateModified\">15\/10\/2021<\/time><\/a>\n\t\t\t\t<\/span><\/div>\t\t\t\t\t\t<\/header><!-- .entry-header -->\n\t\t\t\t\t<\/div><!-- wp-show-posts-inner --><\/article><article class=\" wp-show-posts-single post-4449 post type-post status-publish format-standard has-post-thumbnail hentry category-_noticias-y-articulos category-_salud-mental wpsp-col-20\" itemtype=\"http:\/\/schema.org\/CreativeWork\" itemscope><div class=\"wp-show-posts-inner\" style=\"\">\t\t<div class=\"wp-show-posts-image  wpsp-image-center \">\n\t\t\t<a href=\"https:\/\/salutmental.info\/es\/musicalment-2021-love-cors\/\"  title=\"MusicalMent 2021: Love &#038; Cors\"><img loading=\"lazy\" decoding=\"async\" width=\"300\" height=\"150\" src=\"https:\/\/salutmental.info\/wp-content\/uploads\/2021\/09\/cel.png\" class=\"attachment-full size-full wp-post-image\" alt=\"\" itemprop=\"image\" \/><\/a>\t\t<\/div>\n\t\t\t\t\t\t\t\t<header class=\"wp-show-posts-entry-header\">\n\t\t\t\t\t\t\t<h5 class=\"wp-show-posts-entry-title\" itemprop=\"headline\"><a href=\"https:\/\/salutmental.info\/es\/musicalment-2021-love-cors\/\" rel=\"bookmark\">MusicalMent 2021: Love &#038; Cors<\/a><\/h5><div class=\"wp-show-posts-entry-meta wp-show-posts-entry-meta-below-title post-meta-inline\"><span class=\"wp-show-posts-posted-on wp-show-posts-meta\">\n\t\t\t\t\t<a href=\"https:\/\/salutmental.info\/es\/musicalment-2021-love-cors\/\" title=\"09:02\" rel=\"bookmark\"><time class=\"wp-show-posts-entry-date published\" datetime=\"2021-09-20T09:02:43+02:00\" itemprop=\"datePublished\">20\/09\/2021<\/time><time class=\"wp-show-posts-updated\" datetime=\"2021-09-20T09:02:45+02:00\" itemprop=\"dateModified\">20\/09\/2021<\/time><\/a>\n\t\t\t\t<\/span><\/div>\t\t\t\t\t\t<\/header><!-- .entry-header -->\n\t\t\t\t\t<\/div><!-- wp-show-posts-inner --><\/article><article class=\" wp-show-posts-single post-4261 post type-post status-publish format-standard has-post-thumbnail hentry category-_noticias-y-articulos category-_salud-mental wpsp-col-20\" itemtype=\"http:\/\/schema.org\/CreativeWork\" itemscope><div class=\"wp-show-posts-inner\" style=\"\">\t\t<div class=\"wp-show-posts-image  wpsp-image-center \">\n\t\t\t<a href=\"https:\/\/salutmental.info\/es\/formacion-dual-para-jovenes-en-gestion-documental-y-atencion-al-cliente\/\"  title=\"Formaci\u00f3n dual para j\u00f3venes en gesti\u00f3n documental y atenci\u00f3n al cliente\"><img loading=\"lazy\" decoding=\"async\" width=\"300\" height=\"150\" src=\"https:\/\/salutmental.info\/wp-content\/uploads\/2021\/06\/cel1_300x150.jpg\" class=\"attachment-full size-full wp-post-image\" alt=\"\" itemprop=\"image\" \/><\/a>\t\t<\/div>\n\t\t\t\t\t\t\t\t<header class=\"wp-show-posts-entry-header\">\n\t\t\t\t\t\t\t<h5 class=\"wp-show-posts-entry-title\" itemprop=\"headline\"><a href=\"https:\/\/salutmental.info\/es\/formacion-dual-para-jovenes-en-gestion-documental-y-atencion-al-cliente\/\" rel=\"bookmark\">Formaci\u00f3n dual para j\u00f3venes en gesti\u00f3n documental y atenci\u00f3n al cliente<\/a><\/h5><div class=\"wp-show-posts-entry-meta wp-show-posts-entry-meta-below-title post-meta-inline\"><span class=\"wp-show-posts-posted-on wp-show-posts-meta\">\n\t\t\t\t\t<a href=\"https:\/\/salutmental.info\/es\/formacion-dual-para-jovenes-en-gestion-documental-y-atencion-al-cliente\/\" title=\"09:52\" rel=\"bookmark\"><time class=\"wp-show-posts-entry-date published\" datetime=\"2021-06-28T09:52:29+02:00\" itemprop=\"datePublished\">28\/06\/2021<\/time><time class=\"wp-show-posts-updated\" datetime=\"2021-06-28T09:52:31+02:00\" itemprop=\"dateModified\">28\/06\/2021<\/time><\/a>\n\t\t\t\t<\/span><\/div>\t\t\t\t\t\t<\/header><!-- .entry-header -->\n\t\t\t\t\t<\/div><!-- wp-show-posts-inner --><\/article><article class=\" wp-show-posts-single post-4182 post type-post status-publish format-standard has-post-thumbnail hentry category-_en-primera-persona-es category-_noticias-y-articulos category-_salud-mental wpsp-col-20\" itemtype=\"http:\/\/schema.org\/CreativeWork\" itemscope><div class=\"wp-show-posts-inner\" style=\"\">\t\t<div class=\"wp-show-posts-image  wpsp-image-center \">\n\t\t\t<a href=\"https:\/\/salutmental.info\/es\/video-de-la-charla-viviendo-el-estigma-en-la-escuela\/\"  title=\"V\u00eddeo de la charla Viviendo el estigma en la escuela\"><img loading=\"lazy\" decoding=\"async\" width=\"300\" height=\"150\" src=\"https:\/\/salutmental.info\/wp-content\/uploads\/2021\/05\/Photo-by-Ina-Vikaloa-freeimages.com-300x150-1.jpg\" class=\"attachment-full size-full wp-post-image\" alt=\"\" itemprop=\"image\" \/><\/a>\t\t<\/div>\n\t\t\t\t\t\t\t\t<header class=\"wp-show-posts-entry-header\">\n\t\t\t\t\t\t\t<h5 class=\"wp-show-posts-entry-title\" itemprop=\"headline\"><a href=\"https:\/\/salutmental.info\/es\/video-de-la-charla-viviendo-el-estigma-en-la-escuela\/\" rel=\"bookmark\">V\u00eddeo de la charla Viviendo el estigma en la escuela<\/a><\/h5><div class=\"wp-show-posts-entry-meta wp-show-posts-entry-meta-below-title post-meta-inline\"><span class=\"wp-show-posts-posted-on wp-show-posts-meta\">\n\t\t\t\t\t<a href=\"https:\/\/salutmental.info\/es\/video-de-la-charla-viviendo-el-estigma-en-la-escuela\/\" title=\"14:47\" rel=\"bookmark\"><time class=\"wp-show-posts-entry-date published\" datetime=\"2021-05-03T14:47:36+02:00\" itemprop=\"datePublished\">03\/05\/2021<\/time><time class=\"wp-show-posts-updated\" datetime=\"2021-05-03T14:47:38+02:00\" itemprop=\"dateModified\">03\/05\/2021<\/time><\/a>\n\t\t\t\t<\/span><\/div>\t\t\t\t\t\t<\/header><!-- .entry-header -->\n\t\t\t\t\t<\/div><!-- wp-show-posts-inner --><\/article><article class=\" wp-show-posts-single post-4159 post type-post status-publish format-standard has-post-thumbnail hentry category-_en-primera-persona-es category-_noticias-y-articulos category-_salud-mental wpsp-col-20\" itemtype=\"http:\/\/schema.org\/CreativeWork\" itemscope><div class=\"wp-show-posts-inner\" style=\"\">\t\t<div class=\"wp-show-posts-image  wpsp-image-center \">\n\t\t\t<a href=\"https:\/\/salutmental.info\/es\/mesa-redonda-viviendo-el-estigma-en-la-escuela\/\"  title=\"Mesa redonda Viviendo el estigma en la escuela\"><img loading=\"lazy\" decoding=\"async\" width=\"300\" height=\"150\" src=\"https:\/\/salutmental.info\/wp-content\/uploads\/2021\/04\/Photo-by-Dimitris-Petridisa-freeimages.com-300x150-1.jpg\" class=\"attachment-full size-full wp-post-image\" alt=\"\" itemprop=\"image\" \/><\/a>\t\t<\/div>\n\t\t\t\t\t\t\t\t<header class=\"wp-show-posts-entry-header\">\n\t\t\t\t\t\t\t<h5 class=\"wp-show-posts-entry-title\" itemprop=\"headline\"><a href=\"https:\/\/salutmental.info\/es\/mesa-redonda-viviendo-el-estigma-en-la-escuela\/\" rel=\"bookmark\">Mesa redonda Viviendo el estigma en la escuela<\/a><\/h5><div class=\"wp-show-posts-entry-meta wp-show-posts-entry-meta-below-title post-meta-inline\"><span class=\"wp-show-posts-posted-on wp-show-posts-meta\">\n\t\t\t\t\t<a href=\"https:\/\/salutmental.info\/es\/mesa-redonda-viviendo-el-estigma-en-la-escuela\/\" title=\"15:17\" rel=\"bookmark\"><time class=\"wp-show-posts-entry-date published\" datetime=\"2021-04-19T15:17:39+02:00\" itemprop=\"datePublished\">19\/04\/2021<\/time><time class=\"wp-show-posts-updated\" datetime=\"2021-04-19T15:17:40+02:00\" itemprop=\"dateModified\">19\/04\/2021<\/time><\/a>\n\t\t\t\t<\/span><\/div>\t\t\t\t\t\t<\/header><!-- .entry-header -->\n\t\t\t\t\t<\/div><!-- wp-show-posts-inner --><\/article><article class=\" wp-show-posts-single post-4092 post type-post status-publish format-standard has-post-thumbnail hentry category-_adicciones category-_noticias-y-articulos wpsp-col-20\" itemtype=\"http:\/\/schema.org\/CreativeWork\" itemscope><div class=\"wp-show-posts-inner\" style=\"\">\t\t<div class=\"wp-show-posts-image  wpsp-image-center \">\n\t\t\t<a href=\"https:\/\/salutmental.info\/es\/concurso-de-fotografia-flaix-al-drac\/\"  title=\"Concurso de fotograf\u00eda Flaix al drac\"><img loading=\"lazy\" decoding=\"async\" width=\"300\" height=\"150\" src=\"https:\/\/salutmental.info\/wp-content\/uploads\/2021\/03\/Imagen-de-Patricia-Alexandre-en-Pixabay.jpg\" class=\"attachment-full size-full wp-post-image\" alt=\"\" itemprop=\"image\" \/><\/a>\t\t<\/div>\n\t\t\t\t\t\t\t\t<header class=\"wp-show-posts-entry-header\">\n\t\t\t\t\t\t\t<h5 class=\"wp-show-posts-entry-title\" itemprop=\"headline\"><a href=\"https:\/\/salutmental.info\/es\/concurso-de-fotografia-flaix-al-drac\/\" rel=\"bookmark\">Concurso de fotograf\u00eda Flaix al drac<\/a><\/h5><div class=\"wp-show-posts-entry-meta wp-show-posts-entry-meta-below-title post-meta-inline\"><span class=\"wp-show-posts-posted-on wp-show-posts-meta\">\n\t\t\t\t\t<a href=\"https:\/\/salutmental.info\/es\/concurso-de-fotografia-flaix-al-drac\/\" title=\"14:15\" rel=\"bookmark\"><time class=\"wp-show-posts-entry-date published\" datetime=\"2021-03-08T14:15:44+01:00\" itemprop=\"datePublished\">08\/03\/2021<\/time><time class=\"wp-show-posts-updated\" datetime=\"2021-03-08T14:15:46+01:00\" itemprop=\"dateModified\">08\/03\/2021<\/time><\/a>\n\t\t\t\t<\/span><\/div>\t\t\t\t\t\t<\/header><!-- .entry-header -->\n\t\t\t\t\t<\/div><!-- wp-show-posts-inner --><\/article><article class=\" wp-show-posts-single post-4072 post type-post status-publish format-standard has-post-thumbnail hentry category-_adicciones category-_en-primera-persona-es category-_noticias-y-articulos category-_salud-mental wpsp-col-20\" itemtype=\"http:\/\/schema.org\/CreativeWork\" itemscope><div class=\"wp-show-posts-inner\" style=\"\">\t\t<div class=\"wp-show-posts-image  wpsp-image-center \">\n\t\t\t<a href=\"https:\/\/salutmental.info\/es\/video-charla-viviendo-el-estigma-en-el-amor-y-el-sexo\/\"  title=\"V\u00eddeo charla Viviendo el estigma en el amor y el sexo\"><img loading=\"lazy\" decoding=\"async\" width=\"600\" height=\"300\" src=\"https:\/\/salutmental.info\/wp-content\/uploads\/2021\/03\/pexels-miguel-a\u0301-padrin\u0303a\u0301n-19670.jpg\" class=\"attachment-full size-full wp-post-image\" alt=\"\" itemprop=\"image\" srcset=\"https:\/\/salutmental.info\/wp-content\/uploads\/2021\/03\/pexels-miguel-a\u0301-padrin\u0303a\u0301n-19670.jpg 600w, https:\/\/salutmental.info\/wp-content\/uploads\/2021\/03\/pexels-miguel-a\u0301-padrin\u0303a\u0301n-19670-300x150.jpg 300w, https:\/\/salutmental.info\/wp-content\/uploads\/2021\/03\/pexels-miguel-a\u0301-padrin\u0303a\u0301n-19670-480x240.jpg 480w\" sizes=\"(max-width: 600px) 100vw, 600px\" \/><\/a>\t\t<\/div>\n\t\t\t\t\t\t\t\t<header class=\"wp-show-posts-entry-header\">\n\t\t\t\t\t\t\t<h5 class=\"wp-show-posts-entry-title\" itemprop=\"headline\"><a href=\"https:\/\/salutmental.info\/es\/video-charla-viviendo-el-estigma-en-el-amor-y-el-sexo\/\" rel=\"bookmark\">V\u00eddeo charla Viviendo el estigma en el amor y el sexo<\/a><\/h5><div class=\"wp-show-posts-entry-meta wp-show-posts-entry-meta-below-title post-meta-inline\"><span class=\"wp-show-posts-posted-on wp-show-posts-meta\">\n\t\t\t\t\t<a href=\"https:\/\/salutmental.info\/es\/video-charla-viviendo-el-estigma-en-el-amor-y-el-sexo\/\" title=\"15:53\" rel=\"bookmark\"><time class=\"wp-show-posts-entry-date published\" datetime=\"2021-03-01T15:53:37+01:00\" itemprop=\"datePublished\">01\/03\/2021<\/time><time class=\"wp-show-posts-updated\" datetime=\"2021-03-01T15:53:38+01:00\" itemprop=\"dateModified\">01\/03\/2021<\/time><\/a>\n\t\t\t\t<\/span><\/div>\t\t\t\t\t\t<\/header><!-- .entry-header -->\n\t\t\t\t\t<\/div><!-- wp-show-posts-inner --><\/article><article class=\" wp-show-posts-single post-4008 post type-post status-publish format-standard has-post-thumbnail hentry category-_noticias-y-articulos category-_salud-mental wpsp-col-20\" itemtype=\"http:\/\/schema.org\/CreativeWork\" itemscope><div class=\"wp-show-posts-inner\" style=\"\">\t\t<div class=\"wp-show-posts-image  wpsp-image-center \">\n\t\t\t<a href=\"https:\/\/salutmental.info\/es\/entrega-de-los-premios-del-ii-certamen-literario-carmen-avalos-ammame\/\"  title=\"Entrega de los premios del II Certamen literario Carmen \u00c1valos &#8211; Ammame\"><img loading=\"lazy\" decoding=\"async\" width=\"300\" height=\"150\" src=\"https:\/\/salutmental.info\/wp-content\/uploads\/2021\/01\/Imagen-de-Simon-Steinberger-en-Pixabay.jpg\" class=\"attachment-full size-full wp-post-image\" alt=\"\" itemprop=\"image\" \/><\/a>\t\t<\/div>\n\t\t\t\t\t\t\t\t<header class=\"wp-show-posts-entry-header\">\n\t\t\t\t\t\t\t<h5 class=\"wp-show-posts-entry-title\" itemprop=\"headline\"><a href=\"https:\/\/salutmental.info\/es\/entrega-de-los-premios-del-ii-certamen-literario-carmen-avalos-ammame\/\" rel=\"bookmark\">Entrega de los premios del II Certamen literario Carmen \u00c1valos &#8211; Ammame<\/a><\/h5><div class=\"wp-show-posts-entry-meta wp-show-posts-entry-meta-below-title post-meta-inline\"><span class=\"wp-show-posts-posted-on wp-show-posts-meta\">\n\t\t\t\t\t<a href=\"https:\/\/salutmental.info\/es\/entrega-de-los-premios-del-ii-certamen-literario-carmen-avalos-ammame\/\" title=\"09:45\" rel=\"bookmark\"><time class=\"wp-show-posts-entry-date published\" datetime=\"2021-01-08T09:45:08+01:00\" itemprop=\"datePublished\">08\/01\/2021<\/time><time class=\"wp-show-posts-updated\" datetime=\"2021-01-08T09:45:10+01:00\" itemprop=\"dateModified\">08\/01\/2021<\/time><\/a>\n\t\t\t\t<\/span><\/div>\t\t\t\t\t\t<\/header><!-- .entry-header -->\n\t\t\t\t\t<\/div><!-- wp-show-posts-inner --><\/article><article class=\" wp-show-posts-single post-3990 post type-post status-publish format-standard has-post-thumbnail hentry category-_noticias-y-articulos category-_salud-mental wpsp-col-20\" itemtype=\"http:\/\/schema.org\/CreativeWork\" itemscope><div class=\"wp-show-posts-inner\" style=\"\">\t\t<div class=\"wp-show-posts-image  wpsp-image-center \">\n\t\t\t<a href=\"https:\/\/salutmental.info\/es\/activitades-sobre-la-salud-mental-en-secundaria\/\"  title=\"Activitades sobre la salud mental en secundaria\"><img loading=\"lazy\" decoding=\"async\" width=\"300\" height=\"150\" src=\"https:\/\/salutmental.info\/wp-content\/uploads\/2020\/12\/Imagen-de-PublicDomainPictures-en-Pixabay.jpg\" class=\"attachment-full size-full wp-post-image\" alt=\"\" itemprop=\"image\" \/><\/a>\t\t<\/div>\n\t\t\t\t\t\t\t\t<header class=\"wp-show-posts-entry-header\">\n\t\t\t\t\t\t\t<h5 class=\"wp-show-posts-entry-title\" itemprop=\"headline\"><a href=\"https:\/\/salutmental.info\/es\/activitades-sobre-la-salud-mental-en-secundaria\/\" rel=\"bookmark\">Activitades sobre la salud mental en secundaria<\/a><\/h5><div class=\"wp-show-posts-entry-meta wp-show-posts-entry-meta-below-title post-meta-inline\"><span class=\"wp-show-posts-posted-on wp-show-posts-meta\">\n\t\t\t\t\t<a href=\"https:\/\/salutmental.info\/es\/activitades-sobre-la-salud-mental-en-secundaria\/\" title=\"13:14\" rel=\"bookmark\"><time class=\"wp-show-posts-entry-date published\" datetime=\"2020-12-24T13:14:51+01:00\" itemprop=\"datePublished\">24\/12\/2020<\/time><time class=\"wp-show-posts-updated\" datetime=\"2020-12-24T13:14:52+01:00\" itemprop=\"dateModified\">24\/12\/2020<\/time><\/a>\n\t\t\t\t<\/span><\/div>\t\t\t\t\t\t<\/header><!-- .entry-header -->\n\t\t\t\t\t<\/div><!-- wp-show-posts-inner --><\/article><article class=\" wp-show-posts-single post-3926 post type-post status-publish format-standard has-post-thumbnail hentry category-_noticia-i-articles category-_noticias-y-articulos category-_salud-mental category-salut-mental-_noticia-i-articles wpsp-col-20\" itemtype=\"http:\/\/schema.org\/CreativeWork\" itemscope><div class=\"wp-show-posts-inner\" style=\"\">\t\t<div class=\"wp-show-posts-image  wpsp-image-center \">\n\t\t\t<a href=\"https:\/\/salutmental.info\/es\/la-salud-mental-comunitaria-como-reaccion-ante-la-pandemia\/\"  title=\"La salud mental comunitaria como reacci\u00f3n ante la pand\u00e8mia\"><img loading=\"lazy\" decoding=\"async\" width=\"300\" height=\"150\" src=\"https:\/\/salutmental.info\/wp-content\/uploads\/2020\/10\/Imagen-de-Ashish-Bogawat-en-Pixabay.jpg\" class=\"attachment-full size-full wp-post-image\" alt=\"\" itemprop=\"image\" \/><\/a>\t\t<\/div>\n\t\t\t\t\t\t\t\t<header class=\"wp-show-posts-entry-header\">\n\t\t\t\t\t\t\t<h5 class=\"wp-show-posts-entry-title\" itemprop=\"headline\"><a href=\"https:\/\/salutmental.info\/es\/la-salud-mental-comunitaria-como-reaccion-ante-la-pandemia\/\" rel=\"bookmark\">La salud mental comunitaria como reacci\u00f3n ante la pand\u00e8mia<\/a><\/h5><div class=\"wp-show-posts-entry-meta wp-show-posts-entry-meta-below-title post-meta-inline\"><span class=\"wp-show-posts-posted-on wp-show-posts-meta\">\n\t\t\t\t\t<a href=\"https:\/\/salutmental.info\/es\/la-salud-mental-comunitaria-como-reaccion-ante-la-pandemia\/\" title=\"08:40\" rel=\"bookmark\"><time class=\"wp-show-posts-entry-date published\" datetime=\"2020-10-28T08:40:42+01:00\" itemprop=\"datePublished\">28\/10\/2020<\/time><time class=\"wp-show-posts-updated\" datetime=\"2020-10-28T08:40:43+01:00\" itemprop=\"dateModified\">28\/10\/2020<\/time><\/a>\n\t\t\t\t<\/span><\/div>\t\t\t\t\t\t<\/header><!-- .entry-header -->\n\t\t\t\t\t<\/div><!-- wp-show-posts-inner --><\/article><article class=\" wp-show-posts-single post-3886 post type-post status-publish format-standard has-post-thumbnail hentry category-_noticias-y-articulos category-_salud-mental wpsp-col-20\" itemtype=\"http:\/\/schema.org\/CreativeWork\" itemscope><div class=\"wp-show-posts-inner\" style=\"\">\t\t<div class=\"wp-show-posts-image  wpsp-image-center \">\n\t\t\t<a href=\"https:\/\/salutmental.info\/es\/lemes-campanya-del-dia-mundial-de-la-salut-mental-2020\/\"  title=\"Lemas campa\u00f1a del D\u00eda mundial de la salud mental 2020\"><img loading=\"lazy\" decoding=\"async\" width=\"300\" height=\"150\" src=\"https:\/\/salutmental.info\/wp-content\/uploads\/2020\/09\/3251804949_a0dfa3100d_z.jpg\" class=\"attachment-full size-full wp-post-image\" alt=\"\" itemprop=\"image\" \/><\/a>\t\t<\/div>\n\t\t\t\t\t\t\t\t<header class=\"wp-show-posts-entry-header\">\n\t\t\t\t\t\t\t<h5 class=\"wp-show-posts-entry-title\" itemprop=\"headline\"><a href=\"https:\/\/salutmental.info\/es\/lemes-campanya-del-dia-mundial-de-la-salut-mental-2020\/\" rel=\"bookmark\">Lemas campa\u00f1a del D\u00eda mundial de la salud mental 2020<\/a><\/h5><div class=\"wp-show-posts-entry-meta wp-show-posts-entry-meta-below-title post-meta-inline\"><span class=\"wp-show-posts-posted-on wp-show-posts-meta\">\n\t\t\t\t\t<a href=\"https:\/\/salutmental.info\/es\/lemes-campanya-del-dia-mundial-de-la-salut-mental-2020\/\" title=\"08:15\" rel=\"bookmark\"><time class=\"wp-show-posts-entry-date published\" datetime=\"2020-10-01T08:15:00+02:00\" itemprop=\"datePublished\">01\/10\/2020<\/time><time class=\"wp-show-posts-updated\" datetime=\"2020-09-25T08:50:55+02:00\" itemprop=\"dateModified\">25\/09\/2020<\/time><\/a>\n\t\t\t\t<\/span><\/div>\t\t\t\t\t\t<\/header><!-- .entry-header -->\n\t\t\t\t\t<\/div><!-- wp-show-posts-inner --><\/article><article class=\" wp-show-posts-single post-3882 post type-post status-publish format-standard has-post-thumbnail hentry category-_noticias-y-articulos category-_salud-mental wpsp-col-20\" itemtype=\"http:\/\/schema.org\/CreativeWork\" itemscope><div class=\"wp-show-posts-inner\" style=\"\">\t\t<div class=\"wp-show-posts-image  wpsp-image-center \">\n\t\t\t<a href=\"https:\/\/salutmental.info\/es\/salud-mental-e-infancia-ante-la-covid\/\"  title=\"Salud mental e infancia ante la covid\"><img loading=\"lazy\" decoding=\"async\" width=\"300\" height=\"150\" src=\"https:\/\/salutmental.info\/wp-content\/uploads\/2020\/09\/Photo-by-Dimitris-Petridisa-freeimages.com-300x150-1.jpg\" class=\"attachment-full size-full wp-post-image\" alt=\"\" itemprop=\"image\" \/><\/a>\t\t<\/div>\n\t\t\t\t\t\t\t\t<header class=\"wp-show-posts-entry-header\">\n\t\t\t\t\t\t\t<h5 class=\"wp-show-posts-entry-title\" itemprop=\"headline\"><a href=\"https:\/\/salutmental.info\/es\/salud-mental-e-infancia-ante-la-covid\/\" rel=\"bookmark\">Salud mental e infancia ante la covid<\/a><\/h5><div class=\"wp-show-posts-entry-meta wp-show-posts-entry-meta-below-title post-meta-inline\"><span class=\"wp-show-posts-posted-on wp-show-posts-meta\">\n\t\t\t\t\t<a href=\"https:\/\/salutmental.info\/es\/salud-mental-e-infancia-ante-la-covid\/\" title=\"14:59\" rel=\"bookmark\"><time class=\"wp-show-posts-entry-date published\" datetime=\"2020-09-21T14:59:48+02:00\" itemprop=\"datePublished\">21\/09\/2020<\/time><time class=\"wp-show-posts-updated\" datetime=\"2020-09-21T14:59:50+02:00\" itemprop=\"dateModified\">21\/09\/2020<\/time><\/a>\n\t\t\t\t<\/span><\/div>\t\t\t\t\t\t<\/header><!-- .entry-header -->\n\t\t\t\t\t<\/div><!-- wp-show-posts-inner --><\/article><article class=\" wp-show-posts-single post-3822 post type-post status-publish format-standard has-post-thumbnail hentry category-_adicciones category-_noticias-y-articulos wpsp-col-20\" itemtype=\"http:\/\/schema.org\/CreativeWork\" itemscope><div class=\"wp-show-posts-inner\" style=\"\">\t\t<div class=\"wp-show-posts-image  wpsp-image-center \">\n\t\t\t<a href=\"https:\/\/salutmental.info\/es\/iniciativa-contra-el-estigma-en-drogodependencias\/\"  title=\"Iniciativa contra el estigma en drogodependencias\"><img loading=\"lazy\" decoding=\"async\" width=\"600\" height=\"300\" src=\"https:\/\/salutmental.info\/wp-content\/uploads\/2020\/07\/Karl-Egger-en-Pixabay-600x300-1.jpg\" class=\"attachment-full size-full wp-post-image\" alt=\"\" itemprop=\"image\" srcset=\"https:\/\/salutmental.info\/wp-content\/uploads\/2020\/07\/Karl-Egger-en-Pixabay-600x300-1.jpg 600w, https:\/\/salutmental.info\/wp-content\/uploads\/2020\/07\/Karl-Egger-en-Pixabay-600x300-1-480x240.jpg 480w\" sizes=\"(min-width: 0px) and (max-width: 480px) 480px, (min-width: 481px) 600px, 100vw\" \/><\/a>\t\t<\/div>\n\t\t\t\t\t\t\t\t<header class=\"wp-show-posts-entry-header\">\n\t\t\t\t\t\t\t<h5 class=\"wp-show-posts-entry-title\" itemprop=\"headline\"><a href=\"https:\/\/salutmental.info\/es\/iniciativa-contra-el-estigma-en-drogodependencias\/\" rel=\"bookmark\">Iniciativa contra el estigma en drogodependencias<\/a><\/h5><div class=\"wp-show-posts-entry-meta wp-show-posts-entry-meta-below-title post-meta-inline\"><span class=\"wp-show-posts-posted-on wp-show-posts-meta\">\n\t\t\t\t\t<a href=\"https:\/\/salutmental.info\/es\/iniciativa-contra-el-estigma-en-drogodependencias\/\" title=\"09:40\" rel=\"bookmark\"><time class=\"wp-show-posts-entry-date published\" datetime=\"2020-07-21T09:40:49+02:00\" itemprop=\"datePublished\">21\/07\/2020<\/time><time class=\"wp-show-posts-updated\" datetime=\"2023-11-30T10:06:18+01:00\" itemprop=\"dateModified\">30\/11\/2023<\/time><\/a>\n\t\t\t\t<\/span><\/div>\t\t\t\t\t\t<\/header><!-- .entry-header -->\n\t\t\t\t\t<\/div><!-- wp-show-posts-inner --><\/article><div class=\"wpsp-clear\"><\/div><\/section><!-- .wp-show-posts --><div class=\"wpsp-load-more\"><span aria-current=\"page\" class=\"page-numbers current\">1<\/span>\n<a class=\"page-numbers\" href=\"https:\/\/salutmental.info\/es\/wp-json\/wp\/v2\/pages\/6062\/page\/2\/\">2<\/a>\n<span class=\"page-numbers dots\">&hellip;<\/span>\n<a class=\"page-numbers\" href=\"https:\/\/salutmental.info\/es\/wp-json\/wp\/v2\/pages\/6062\/page\/4\/\">4<\/a>\n<a class=\"next page-numbers\" href=\"https:\/\/salutmental.info\/es\/wp-json\/wp\/v2\/pages\/6062\/page\/2\/\">Siguiente &rarr;<\/a><\/div>[\/et_pb_text][\/et_pb_column][\/et_pb_row][\/et_pb_section][et_pb_section fb_built=\u00bb1&#8243; admin_label=\u00bbSecci\u00f3 PIE P\u00c1GINA castellano\u00bb _builder_version=\u00bb4.24.2&#8243; _module_preset=\u00bbdefault\u00bb background_color=\u00bb#000000&#8243; global_colors_info=\u00bb{}\u00bb theme_builder_area=\u00bbpost_content\u00bb][et_pb_row column_structure=\u00bb1_3,1_3,1_3&#8243; _builder_version=\u00bb4.24.2&#8243; _module_preset=\u00bbdefault\u00bb global_colors_info=\u00bb{}\u00bb theme_builder_area=\u00bbpost_content\u00bb][et_pb_column type=\u00bb1_3&#8243; _builder_version=\u00bb4.24.2&#8243; _module_preset=\u00bbdefault\u00bb global_colors_info=\u00bb{}\u00bb theme_builder_area=\u00bbpost_content\u00bb][et_pb_text _builder_version=\u00bb4.24.2&#8243; _module_preset=\u00bbdefault\u00bb global_colors_info=\u00bb{}\u00bb theme_builder_area=\u00bbpost_content\u00bb]<\/p>\n<div class=\"et_pb_module et_pb_text et_pb_text_8  et_pb_text_align_justified et_pb_bg_layout_light\">\n<div class=\"et_pb_text_inner\">\n<h3 style=\"color: #ffffff;\">Acceso r\u00e1pido<\/h3>\n<p><a style=\"color: #ffffff;\" href=\"https:\/\/salutmental.info\/el-web-i-nosaltres\/contactar\/\">Contacto<\/a><br \/>\n<a style=\"color: #ffffff;\" href=\"https:\/\/www.gramenet.cat\/seu-electronica\/informacio-sobre-la-seu\/avis-legal\/\" target=\"_blank\" rel=\"noopener\" data-insuit-uuid=\"353acac9-b95d-41db-890e-0fe22e36e2f4\">Aviso legal<\/a><br \/>\n<a style=\"color: #ffffff;\" title=\"Protecci\u00f3 de dades\" href=\"https:\/\/www.gramenet.cat\/seu-electronica\/proteccio-de-dades\/\" target=\"_blank\" rel=\"noopener\" data-insuit-uuid=\"f42a28cb-669d-4f92-abed-89a78fb31d26\">Pol\u00edtica de protecci\u00f3n de datos<\/a><br \/>\n<a style=\"color: #ffffff;\" href=\"https:\/\/www.gramenet.cat\/seu-electronica\/accessibilitat\/\" data-insuit-uuid=\"d825170a-0959-415e-bc12-d7ce6a9bb8a2\">Accesibilidad<\/a><\/p>\n<\/div>\n<\/div>\n<div class=\"et_pb_module et_pb_text et_pb_text_9  et_pb_text_align_justified et_pb_bg_layout_light\">\n<div class=\"et_pb_text_inner\"><a style=\"color: #ffffff;\" href=\"https:\/\/salutmental.info\/\">Catal\u00e0<\/a>\u00a0<a tyle=\"color: red\"  href=\"https:\/\/salutmental.info\/es\/\">Castellano<\/a><\/div>\n<\/div>\n<p>[\/et_pb_text][\/et_pb_column][et_pb_column type=\u00bb1_3&#8243; _builder_version=\u00bb4.24.2&#8243; _module_preset=\u00bbdefault\u00bb global_colors_info=\u00bb{}\u00bb theme_builder_area=\u00bbpost_content\u00bb][et_pb_text admin_label=\u00bbTexto e-Redes sociales\u00bb _builder_version=\u00bb4.24.2&#8243; _module_preset=\u00bbdefault\u00bb global_colors_info=\u00bb{}\u00bb theme_builder_area=\u00bbpost_content\u00bb]<\/p>\n<h3 style=\"color: #ffffff;\">e-Redes sociales<\/h3>\n<p><a style=\"color: #ffffff;\" title=\"@scgramenet\" href=\"http:\/\/twitter.com\/scgramenet\" target=\"_blank\" rel=\"noopener\" data-insuit-uuid=\"b3e0d28b-dc44-4f86-8346-4e0365352a49\">Twitter\u00ae<\/a><br \/>\n<a style=\"color: #ffffff;\" title=\"Pasi\u00f3n por Santako\" href=\"https:\/\/www.facebook.com\/PasionPorSantako\/\" target=\"_blank\" rel=\"noopener\" data-insuit-uuid=\"d7d32cfb-104d-49e1-ae1d-661bf056d52f\">Facebook\u00ae<\/a><br \/>\n<a style=\"color: #ffffff;\" href=\"http:\/\/www.slideshare.net\/scgramenet\" target=\"_blank\" rel=\"noopener\" data-insuit-uuid=\"bddc3bcb-dbbc-4022-91ad-8426d5697366\">SlideShare\u00ae<\/a><br \/>\n<a style=\"color: #ffffff;\" href=\"https:\/\/www.youtube.com\/channel\/UC07JH7VJ6nw9OBnxScovrCA\" target=\"_blank\" rel=\"noopener\" data-insuit-uuid=\"77d03fce-5840-489b-9fcd-25a0abf9b0f8\">YouTube\u00ae<\/a><br \/>\n<a style=\"color: #ffffff;\" href=\"https:\/\/www.instagram.com\/pla_salut_gramenet\/\" target=\"_blank\" rel=\"noopener\" data-insuit-uuid=\"f82bba6b-dc9a-4033-9fe9-9c44fe0c6a34\">Instagram\u00ae<\/a><\/p>\n<p>[\/et_pb_text][\/et_pb_column][et_pb_column type=\u00bb1_3&#8243; _builder_version=\u00bb4.24.2&#8243; _module_preset=\u00bbdefault\u00bb global_colors_info=\u00bb{}\u00bb theme_builder_area=\u00bbpost_content\u00bb][et_pb_text admin_label=\u00bbTexto adre\u00e7a Ajuntament\u00bb _builder_version=\u00bb4.24.2&#8243; _module_preset=\u00bbdefault\u00bb global_colors_info=\u00bb{}\u00bb theme_builder_area=\u00bbpost_content\u00bb]<\/p>\n<p style=\"color: #ffffff; text-align: right;\">Ajuntament de Santa Coloma de Gramenet<br \/>Pla\u00e7a de la Vila, 1 &#8211; 08921 Santa Coloma de Gramenet &#8211; Barcelona<br \/>Tel.: 93 462 40 00<br \/>NIF: P0824500C<\/p>\n<p>[\/et_pb_text][\/et_pb_column][\/et_pb_row][\/et_pb_section]<\/p>\n","protected":false},"excerpt":{"rendered":"<p>[et_pb_section fb_built=\u00bb1&#8243; fullwidth=\u00bbon\u00bb custom_padding_last_edited=\u00bbon|desktop\u00bb admin_label=\u00bbSecci\u00f3 men\u00fa CASTELL\u00c0\u00bb _builder_version=\u00bb4.24.2&#8243; background_color=\u00bb#d7282e\u00bb custom_padding_tablet=\u00bb50px|0|50px|0&#8243; custom_padding_phone=\u00bb\u00bb transparent_background=\u00bboff\u00bb padding_mobile=\u00bboff\u00bb global_colors_info=\u00bb{}\u00bb theme_builder_area=\u00bbpost_content\u00bb][et_pb_fullwidth_menu menu_id=\u00bb11&#8243; submenu_direction=\u00bbdownwards\u00bb fullwidth_menu=\u00bboff\u00bb logo=\u00bbhttps:\/\/salutmental.info\/wp-content\/uploads\/2024\/02\/logo_aj_negatiu-200.png\u00bb admin_label=\u00bbMen\u00fa CASTELL\u00c0\u00bb _builder_version=\u00bb4.24.2&#8243; background_color=\u00bb#d7282e\u00bb text_orientation=\u00bbright\u00bb background_layout=\u00bbdark\u00bb global_colors_info=\u00bb{}\u00bb theme_builder_area=\u00bbpost_content\u00bb]&nbsp; [\/et_pb_fullwidth_menu][\/et_pb_section][et_pb_section fb_built=\u00bb1&#8243; admin_label=\u00bbsection\u00bb _builder_version=\u00bb4.16&#8243; global_colors_info=\u00bb{}\u00bb][et_pb_row admin_label=\u00bbrow\u00bb _builder_version=\u00bb4.16&#8243; background_size=\u00bbinitial\u00bb background_position=\u00bbtop_left\u00bb background_repeat=\u00bbrepeat\u00bb global_colors_info=\u00bb{}\u00bb][et_pb_column type=\u00bb4_4&#8243; _builder_version=\u00bb4.16&#8243; custom_padding=\u00bb|||\u00bb global_colors_info=\u00bb{}\u00bb custom_padding__hover=\u00bb|||\u00bb][et_pb_text admin_label=\u00bbText\u00bb _builder_version=\u00bb4.16&#8243; background_size=\u00bbinitial\u00bb background_position=\u00bbtop_left\u00bb background_repeat=\u00bbrepeat\u00bb global_colors_info=\u00bb{}\u00bb][\/et_pb_text][\/et_pb_column][\/et_pb_row][\/et_pb_section][et_pb_section fb_built=\u00bb1&#8243; admin_label=\u00bbSecci\u00f3 PIE P\u00c1GINA castellano\u00bb _builder_version=\u00bb4.24.2&#8243; [&hellip;]<\/p>\n","protected":false},"author":7,"featured_media":0,"parent":0,"menu_order":0,"comment_status":"closed","ping_status":"closed","template":"page-template-blank.php","meta":{"_et_pb_use_builder":"on","_et_pb_old_content":"","_et_gb_content_width":"","footnotes":""},"class_list":["post-6062","page","type-page","status-publish","hentry"],"_links":{"self":[{"href":"https:\/\/salutmental.info\/es\/wp-json\/wp\/v2\/pages\/6062","targetHints":{"allow":["GET"]}}],"collection":[{"href":"https:\/\/salutmental.info\/es\/wp-json\/wp\/v2\/pages"}],"about":[{"href":"https:\/\/salutmental.info\/es\/wp-json\/wp\/v2\/types\/page"}],"author":[{"embeddable":true,"href":"https:\/\/salutmental.info\/es\/wp-json\/wp\/v2\/users\/7"}],"replies":[{"embeddable":true,"href":"https:\/\/salutmental.info\/es\/wp-json\/wp\/v2\/comments?post=6062"}],"version-history":[{"count":3,"href":"https:\/\/salutmental.info\/es\/wp-json\/wp\/v2\/pages\/6062\/revisions"}],"predecessor-version":[{"id":6710,"href":"https:\/\/salutmental.info\/es\/wp-json\/wp\/v2\/pages\/6062\/revisions\/6710"}],"wp:attachment":[{"href":"https:\/\/salutmental.info\/es\/wp-json\/wp\/v2\/media?parent=6062"}],"curies":[{"name":"wp","href":"https:\/\/api.w.org\/{rel}","templated":true}]}}