{"id":1214,"date":"2017-05-04T11:28:52","date_gmt":"2017-05-04T09:28:52","guid":{"rendered":"http:\/\/salutmental.info\/?page_id=1214\/"},"modified":"2024-03-13T14:57:52","modified_gmt":"2024-03-13T13:57:52","slug":"adiccion-al-movil","status":"publish","type":"page","link":"https:\/\/salutmental.info\/es\/addiccions\/adiccion-al-movil\/","title":{"rendered":"Adicci\u00f3n al m\u00f3vil"},"content":{"rendered":"<p>[et_pb_section fb_built=\u00bb1&#8243; fullwidth=\u00bbon\u00bb custom_padding_last_edited=\u00bbon|desktop\u00bb admin_label=\u00bbSecci\u00f3 men\u00fa CASTELL\u00c0\u00bb _builder_version=\u00bb4.24.2&#8243; background_color=\u00bb#d7282e\u00bb custom_padding_tablet=\u00bb50px|0|50px|0&#8243; custom_padding_phone=\u00bb\u00bb transparent_background=\u00bboff\u00bb padding_mobile=\u00bboff\u00bb global_colors_info=\u00bb{}\u00bb theme_builder_area=\u00bbpost_content\u00bb][et_pb_fullwidth_menu menu_id=\u00bb11&#8243; submenu_direction=\u00bbdownwards\u00bb fullwidth_menu=\u00bboff\u00bb logo=\u00bbhttps:\/\/salutmental.info\/wp-content\/uploads\/2024\/02\/logo_aj_negatiu-200.png\u00bb admin_label=\u00bbMen\u00fa CASTELL\u00c0\u00bb _builder_version=\u00bb4.24.2&#8243; background_color=\u00bb#d7282e\u00bb text_orientation=\u00bbright\u00bb background_layout=\u00bbdark\u00bb global_colors_info=\u00bb{}\u00bb theme_builder_area=\u00bbpost_content\u00bb]&nbsp;<br \/>\n[\/et_pb_fullwidth_menu][\/et_pb_section][et_pb_section fb_built=\u00bb1&#8243; custom_padding_last_edited=\u00bbon|desktop\u00bb admin_label=\u00bbsection\u00bb _builder_version=\u00bb4.16&#8243; background_color=\u00bb#0c71c3&#8243; custom_padding_tablet=\u00bb50px|0|50px|0&#8243; transparent_background=\u00bboff\u00bb padding_mobile=\u00bboff\u00bb make_fullwidth=\u00bboff\u00bb use_custom_width=\u00bboff\u00bb width_unit=\u00bbon\u00bb global_colors_info=\u00bb{}\u00bb custom_padding_phone=\u00bb50px|0|50px|0&#8243;][et_pb_row admin_label=\u00bbFila\u00bb _builder_version=\u00bb4.16&#8243; background_size=\u00bbinitial\u00bb background_position=\u00bbtop_left\u00bb background_repeat=\u00bbrepeat\u00bb global_colors_info=\u00bb{}\u00bb][et_pb_column type=\u00bb4_4&#8243; _builder_version=\u00bb4.16&#8243; custom_padding=\u00bb|||\u00bb global_colors_info=\u00bb{}\u00bb custom_padding__hover=\u00bb|||\u00bb][et_pb_post_title meta=\u00bboff\u00bb featured_image=\u00bboff\u00bb text_color=\u00bblight\u00bb admin_label=\u00bbT\u00edtulo de publicaci\u00f3n\u00bb _builder_version=\u00bb4.16&#8243; title_all_caps=\u00bboff\u00bb background_color=\u00bbrgba(255,255,255,0)\u00bb parallax=\u00bbon\u00bb parallax_method=\u00bboff\u00bb parallax_effect=\u00bbon\u00bb module_bg_color=\u00bbrgba(255,255,255,0)\u00bb use_border_color=\u00bboff\u00bb border_color=\u00bb#ffffff\u00bb border_style=\u00bbsolid\u00bb global_colors_info=\u00bb{}\u00bb][\/et_pb_post_title][\/et_pb_column][\/et_pb_row][et_pb_row admin_label=\u00bbrow\u00bb _builder_version=\u00bb4.16&#8243; background_size=\u00bbinitial\u00bb background_position=\u00bbtop_left\u00bb background_repeat=\u00bbrepeat\u00bb global_colors_info=\u00bb{}\u00bb column_structure=\u00bb1_2,1_2&#8243;][et_pb_column type=\u00bb1_2&#8243; _builder_version=\u00bb4.16&#8243; custom_padding=\u00bb|||\u00bb global_colors_info=\u00bb{}\u00bb custom_padding__hover=\u00bb|||\u00bb][et_pb_accordion admin_label=\u00bbAcorde\u00f3n Qu\u00e9 \u00e9s, Com puc sentir, Qu\u00e8 puc fer\u00bb _builder_version=\u00bb4.16&#8243; use_border_color=\u00bboff\u00bb border_color=\u00bb#ffffff\u00bb border_style=\u00bbsolid\u00bb global_colors_info=\u00bb{}\u00bb][et_pb_accordion_item title=\u00bbQU\u00c9 ES\u00bb _builder_version=\u00bb4.16&#8243; global_colors_info=\u00bb{}\u00bb open=\u00bbon\u00bb]Hablamos de una adicci\u00f3n al m\u00f3vil cuando su uso es constante y repetitivo, se utiliza con cierta obsesi\u00f3n y se vive con mucha tensi\u00f3n \u2013incluso con s\u00edntomas f\u00edsicos o psicol\u00f3gicos\u2013 el tiempo en el que no se puede utilizar (por estar en un centro educativo o en lugares o momentos donde no se permite, porque no funciona o me han castigado sin \u00e9l, etc.).<\/p>\n<p>La mayor\u00eda de personas tenemos una dependencia al m\u00f3vil ya sea por necesidad personal o profesional (lo requiere el trabajo), as\u00ed que todo el mundo estamos expuestos a una adicci\u00f3n.<\/p>\n<p>Sin embargo, las personas adolescentes y j\u00f3venes tienen m\u00e1s posibilidades de hacerse adictas por diferentes motivos, como ser m\u00e1s gregarias (grupales) y relacionarse m\u00e1s r\u00e1pido y con m\u00e1s frecuencia.<\/p>\n<p>&nbsp;<\/p>\n<p>&nbsp;<br \/>\n[\/et_pb_accordion_item][et_pb_accordion_item title=\u00bbC\u00d3MO ME PUEDO SENTIR\u00bb _builder_version=\u00bb4.16&#8243; global_colors_info=\u00bb{}\u00bb open=\u00bboff\u00bb]Es f\u00e1cil que no me sienta bien ni orgulloso\/a de m\u00ed por tener que estar constantemente mirando el m\u00f3vil y us\u00e1ndolo, por pensar demasiado a menudo en \u00e9l o en sus aplicaciones (mensajer\u00eda instant\u00e1nea, e-redes sociales &#8230;), o por el ansia cuando no lo tengo a la mano.<\/p>\n<p>Seguramente tengo la sensaci\u00f3n de que no controlo su uso (como si fuera \u00abv\u00edctima\u00bb de un deseo dif\u00edcil de reprimir).<br \/>\n[\/et_pb_accordion_item][et_pb_accordion_item title=\u00bbQU\u00c9 PUEDO HACER\u00bb _builder_version=\u00bb4.16&#8243; global_colors_info=\u00bb{}\u00bb open=\u00bboff\u00bb]La primera cosa que me ir\u00e1 bien es detenerme a pensar y darme cuenta de algunas cosas:<\/p>\n<ul>\n<li>C\u00f3mo utilizo el m\u00f3vil (tiempo que est\u00e1 encendido, horas que lo uso, si nunca lo tengo a m\u00e1s de 1 m de distancia &#8230;).<\/li>\n<li>C\u00f3mo me siento cuando no lo tengo (tensi\u00f3n, mal humor, ansiedad &#8230;).<\/li>\n<li>C\u00f3mo me est\u00e1 impactando negativamente en otras actividades (estudio, deporte, relaciones &#8230;).<\/li>\n<li>C\u00f3mo valoran otras personas el uso que le doy.<\/li>\n<\/ul>\n<p>[\/et_pb_accordion_item][\/et_pb_accordion][\/et_pb_column][et_pb_column type=\u00bb1_2&#8243; _builder_version=\u00bb4.16&#8243; custom_padding=\u00bb|||\u00bb global_colors_info=\u00bb{}\u00bb custom_padding__hover=\u00bb|||\u00bb][et_pb_accordion admin_label=\u00bbAcorde\u00f3n Com es presenta, Tractament, Com demanar ajuda\u00bb _builder_version=\u00bb4.16&#8243; use_border_color=\u00bboff\u00bb border_color=\u00bb#ffffff\u00bb border_style=\u00bbsolid\u00bb global_colors_info=\u00bb{}\u00bb][et_pb_accordion_item title=\u00bbC\u00d3MO SE PRESENTA\u00bb _builder_version=\u00bb4.16&#8243; global_colors_info=\u00bb{}\u00bb open=\u00bbon\u00bb]Con la adicci\u00f3n aumenta su uso (cada vez se utiliza m\u00e1s horas y con m\u00e1s intensidad), el m\u00f3vil cada vez es m\u00e1s protagonista en mi vida \u2013deja de ser un medio para ser un fin en s\u00ed mismo\u2013, aumentan las consecuencias negativas derivadas del uso que hago (reducci\u00f3n de las horas de sue\u00f1o, problemas en el centro educativo o en la familia, castigos&#8230;) y tengo personas preocupadas por m\u00ed.<\/p>\n<p>Tambi\u00e9n me puede pasar que lo use aunque est\u00e9 prohibido, o que reaccione con agresividad cuando alguna persona me limita su uso.<br \/>\n[\/et_pb_accordion_item][et_pb_accordion_item title=\u00bbSU TRATAMIENTO\u00bb _builder_version=\u00bb4.16&#8243; global_colors_info=\u00bb{}\u00bb open=\u00bboff\u00bb]Muchas personas cambiamos la manera de relacionarnos con el m\u00f3vil (de una adicci\u00f3n a un uso racional) sin ayuda profesional. Sin embargo tambi\u00e9n puede ser que necesitemos un apoyo psicol\u00f3gico para deshabituarnos.<\/p>\n<p>Las l\u00edneas de trabajo que seguir\u00e1 un tratamiento son:<\/p>\n<ul>\n<li>Darme cuenta de las consecuencias que ten\u00eda el uso problem\u00e1tico que hac\u00eda.<\/li>\n<li>Aprender a utilizar el m\u00f3vil sin una pauta de adicci\u00f3n.<\/li>\n<li>Reforzar las actividades alternativas a su uso.<\/li>\n<\/ul>\n<p>[\/et_pb_accordion_item][et_pb_accordion_item title=\u00bbC\u00d3MO PEDIR AYUDA\u00bb _builder_version=\u00bb4.16&#8243; global_colors_info=\u00bb{}\u00bb open=\u00bboff\u00bb]Posiblemente la familia u otras personas cercanas nos pueden echar una mano. Si necesitamos ayuda profesional se la podemos pedir a:<\/p>\n<ul>\n<li>M\u00e9dico o m\u00e9dica de familia. Desde all\u00ed se puede valorar derivar a una unidad o programa especializado o a la red de salud mental.<\/li>\n<li>Centro de atenci\u00f3n a las adicciones.<\/li>\n<\/ul>\n<p>[\/et_pb_accordion_item][\/et_pb_accordion][\/et_pb_column][\/et_pb_row][\/et_pb_section][et_pb_section fb_built=\u00bb1&#8243; admin_label=\u00bbSecci\u00f3 PIE P\u00c1GINA castellano\u00bb _builder_version=\u00bb4.24.2&#8243; _module_preset=\u00bbdefault\u00bb background_color=\u00bb#000000&#8243; global_colors_info=\u00bb{}\u00bb theme_builder_area=\u00bbpost_content\u00bb][et_pb_row column_structure=\u00bb1_3,1_3,1_3&#8243; _builder_version=\u00bb4.24.2&#8243; _module_preset=\u00bbdefault\u00bb global_colors_info=\u00bb{}\u00bb theme_builder_area=\u00bbpost_content\u00bb][et_pb_column type=\u00bb1_3&#8243; _builder_version=\u00bb4.24.2&#8243; _module_preset=\u00bbdefault\u00bb global_colors_info=\u00bb{}\u00bb theme_builder_area=\u00bbpost_content\u00bb][et_pb_text _builder_version=\u00bb4.24.2&#8243; _module_preset=\u00bbdefault\u00bb global_colors_info=\u00bb{}\u00bb theme_builder_area=\u00bbpost_content\u00bb]<\/p>\n<div class=\"et_pb_module et_pb_text et_pb_text_8  et_pb_text_align_justified et_pb_bg_layout_light\">\n<div class=\"et_pb_text_inner\">\n<h3 style=\"color: #ffffff;\">Acceso r\u00e1pido<\/h3>\n<p><a style=\"color: #ffffff;\" href=\"https:\/\/salutmental.info\/el-web-i-nosaltres\/contactar\/\">Contacto<\/a><br \/>\n<a style=\"color: #ffffff;\" href=\"https:\/\/www.gramenet.cat\/seu-electronica\/informacio-sobre-la-seu\/avis-legal\/\" target=\"_blank\" rel=\"noopener\" data-insuit-uuid=\"353acac9-b95d-41db-890e-0fe22e36e2f4\">Aviso legal<\/a><br \/>\n<a style=\"color: #ffffff;\" title=\"Protecci\u00f3 de dades\" href=\"https:\/\/www.gramenet.cat\/seu-electronica\/proteccio-de-dades\/\" target=\"_blank\" rel=\"noopener\" data-insuit-uuid=\"f42a28cb-669d-4f92-abed-89a78fb31d26\">Pol\u00edtica de protecci\u00f3n de datos<\/a><br \/>\n<a style=\"color: #ffffff;\" href=\"https:\/\/www.gramenet.cat\/seu-electronica\/accessibilitat\/\" data-insuit-uuid=\"d825170a-0959-415e-bc12-d7ce6a9bb8a2\">Accesibilidad<\/a><\/p>\n<\/div>\n<\/div>\n<div class=\"et_pb_module et_pb_text et_pb_text_9  et_pb_text_align_justified et_pb_bg_layout_light\">\n<div class=\"et_pb_text_inner\"><a style=\"color: #ffffff;\" href=\"https:\/\/salutmental.info\/\">Catal\u00e0<\/a>\u00a0<a tyle=\"color: red\"  href=\"https:\/\/salutmental.info\/es\/\">Castellano<\/a><\/div>\n<\/div>\n<p>[\/et_pb_text][\/et_pb_column][et_pb_column type=\u00bb1_3&#8243; _builder_version=\u00bb4.24.2&#8243; _module_preset=\u00bbdefault\u00bb global_colors_info=\u00bb{}\u00bb theme_builder_area=\u00bbpost_content\u00bb][et_pb_text admin_label=\u00bbTexto e-Redes sociales\u00bb _builder_version=\u00bb4.24.2&#8243; _module_preset=\u00bbdefault\u00bb global_colors_info=\u00bb{}\u00bb theme_builder_area=\u00bbpost_content\u00bb]<\/p>\n<h3 style=\"color: #ffffff;\">e-Redes sociales<\/h3>\n<p><a style=\"color: #ffffff;\" title=\"@scgramenet\" href=\"http:\/\/twitter.com\/scgramenet\" target=\"_blank\" rel=\"noopener\" data-insuit-uuid=\"b3e0d28b-dc44-4f86-8346-4e0365352a49\">Twitter\u00ae<\/a><br \/>\n<a style=\"color: #ffffff;\" title=\"Pasi\u00f3n por Santako\" href=\"https:\/\/www.facebook.com\/PasionPorSantako\/\" target=\"_blank\" rel=\"noopener\" data-insuit-uuid=\"d7d32cfb-104d-49e1-ae1d-661bf056d52f\">Facebook\u00ae<\/a><br \/>\n<a style=\"color: #ffffff;\" href=\"http:\/\/www.slideshare.net\/scgramenet\" target=\"_blank\" rel=\"noopener\" data-insuit-uuid=\"bddc3bcb-dbbc-4022-91ad-8426d5697366\">SlideShare\u00ae<\/a><br \/>\n<a style=\"color: #ffffff;\" href=\"https:\/\/www.youtube.com\/channel\/UC07JH7VJ6nw9OBnxScovrCA\" target=\"_blank\" rel=\"noopener\" data-insuit-uuid=\"77d03fce-5840-489b-9fcd-25a0abf9b0f8\">YouTube\u00ae<\/a><br \/>\n<a style=\"color: #ffffff;\" href=\"https:\/\/www.instagram.com\/pla_salut_gramenet\/\" target=\"_blank\" rel=\"noopener\" data-insuit-uuid=\"f82bba6b-dc9a-4033-9fe9-9c44fe0c6a34\">Instagram\u00ae<\/a><\/p>\n<p>[\/et_pb_text][\/et_pb_column][et_pb_column type=\u00bb1_3&#8243; _builder_version=\u00bb4.24.2&#8243; _module_preset=\u00bbdefault\u00bb global_colors_info=\u00bb{}\u00bb theme_builder_area=\u00bbpost_content\u00bb][et_pb_text admin_label=\u00bbTexto adre\u00e7a Ajuntament\u00bb _builder_version=\u00bb4.24.2&#8243; _module_preset=\u00bbdefault\u00bb global_colors_info=\u00bb{}\u00bb theme_builder_area=\u00bbpost_content\u00bb]<\/p>\n<p style=\"color: #ffffff; text-align: right;\">Ajuntament de Santa Coloma de Gramenet<br \/>Pla\u00e7a de la Vila, 1 &#8211; 08921 Santa Coloma de Gramenet &#8211; Barcelona<br \/>Tel.: 93 462 40 00<br \/>NIF: P0824500C<\/p>\n<p>[\/et_pb_text][\/et_pb_column][\/et_pb_row][\/et_pb_section]<\/p>\n","protected":false},"excerpt":{"rendered":"<p>&nbsp; Hablamos de una adicci\u00f3n al m\u00f3vil cuando su uso es constante y repetitivo, se utiliza con cierta obsesi\u00f3n y se vive con mucha tensi\u00f3n \u2013incluso con s\u00edntomas f\u00edsicos o psicol\u00f3gicos\u2013 el tiempo en el que no se puede utilizar (por estar en un centro educativo o en lugares o momentos donde no se permite, [&hellip;]<\/p>\n","protected":false},"author":1,"featured_media":0,"parent":826,"menu_order":18,"comment_status":"closed","ping_status":"closed","template":"page-template-blank.php","meta":{"_et_pb_use_builder":"on","_et_pb_old_content":"","_et_gb_content_width":"","footnotes":""},"class_list":["post-1214","page","type-page","status-publish","hentry"],"_links":{"self":[{"href":"https:\/\/salutmental.info\/es\/wp-json\/wp\/v2\/pages\/1214","targetHints":{"allow":["GET"]}}],"collection":[{"href":"https:\/\/salutmental.info\/es\/wp-json\/wp\/v2\/pages"}],"about":[{"href":"https:\/\/salutmental.info\/es\/wp-json\/wp\/v2\/types\/page"}],"author":[{"embeddable":true,"href":"https:\/\/salutmental.info\/es\/wp-json\/wp\/v2\/users\/1"}],"replies":[{"embeddable":true,"href":"https:\/\/salutmental.info\/es\/wp-json\/wp\/v2\/comments?post=1214"}],"version-history":[{"count":2,"href":"https:\/\/salutmental.info\/es\/wp-json\/wp\/v2\/pages\/1214\/revisions"}],"predecessor-version":[{"id":6657,"href":"https:\/\/salutmental.info\/es\/wp-json\/wp\/v2\/pages\/1214\/revisions\/6657"}],"up":[{"embeddable":true,"href":"https:\/\/salutmental.info\/es\/wp-json\/wp\/v2\/pages\/826"}],"wp:attachment":[{"href":"https:\/\/salutmental.info\/es\/wp-json\/wp\/v2\/media?parent=1214"}],"curies":[{"name":"wp","href":"https:\/\/api.w.org\/{rel}","templated":true}]}}